{"version":"1.0","provider_name":"L\u00d3VA","provider_url":"https:\/\/www.teatroreal.es\/proyectolova","title":"Feria de compa\u00f1\u00edas - L\u00d3VA","type":"rich","width":600,"height":338,"html":"<blockquote class=\"wp-embedded-content\" data-secret=\"hTvc2XTH2w\"><a href=\"https:\/\/www.teatroreal.es\/proyectolova\/feria-de-companias\/\">Feria de compa\u00f1\u00edas<\/a><\/blockquote><iframe sandbox=\"allow-scripts\" security=\"restricted\" src=\"https:\/\/www.teatroreal.es\/proyectolova\/feria-de-companias\/embed\/#?secret=hTvc2XTH2w\" width=\"600\" height=\"338\" title=\"\u00abFeria de compa\u00f1\u00edas\u00bb \u2014 L\u00d3VA\" data-secret=\"hTvc2XTH2w\" frameborder=\"0\" marginwidth=\"0\" marginheight=\"0\" scrolling=\"no\" class=\"wp-embedded-content\"><\/iframe><script>\n\/*! This file is auto-generated *\/\n!function(d,l){\"use strict\";l.querySelector&&d.addEventListener&&\"undefined\"!=typeof URL&&(d.wp=d.wp||{},d.wp.receiveEmbedMessage||(d.wp.receiveEmbedMessage=function(e){var t=e.data;if((t||t.secret||t.message||t.value)&&!\/[^a-zA-Z0-9]\/.test(t.secret)){for(var s,r,n,a=l.querySelectorAll('iframe[data-secret=\"'+t.secret+'\"]'),o=l.querySelectorAll('blockquote[data-secret=\"'+t.secret+'\"]'),c=new RegExp(\"^https?:$\",\"i\"),i=0;i<o.length;i++)o[i].style.display=\"none\";for(i=0;i<a.length;i++)s=a[i],e.source===s.contentWindow&&(s.removeAttribute(\"style\"),\"height\"===t.message?(1e3<(r=parseInt(t.value,10))?r=1e3:~~r<200&&(r=200),s.height=r):\"link\"===t.message&&(r=new URL(s.getAttribute(\"src\")),n=new URL(t.value),c.test(n.protocol))&&n.host===r.host&&l.activeElement===s&&(d.top.location.href=t.value))}},d.addEventListener(\"message\",d.wp.receiveEmbedMessage,!1),l.addEventListener(\"DOMContentLoaded\",function(){for(var e,t,s=l.querySelectorAll(\"iframe.wp-embedded-content\"),r=0;r<s.length;r++)(t=(e=s[r]).getAttribute(\"data-secret\"))||(t=Math.random().toString(36).substring(2,12),e.src+=\"#?secret=\"+t,e.setAttribute(\"data-secret\",t)),e.contentWindow.postMessage({message:\"ready\",secret:t},\"*\")},!1)))}(window,document);\n\/\/# sourceURL=https:\/\/www.teatroreal.es\/proyectolova\/wp-includes\/js\/wp-embed.min.js\n<\/script>\n","description":"https:\/\/youtu.be\/yaYCGzPOaO0?si=xe1JBD42V8BhtW1Q La Feria de Compa\u00f1\u00edas L\u00d3VA es un evento anual que se celebra desde 2023 como parte del proyecto educativo L\u00d3VA (La \u00d3pera, un Veh\u00edculo de Aprendizaje). Este encuentro re\u00fane a compa\u00f1\u00edas formadas por alumnos y alumnas y centros educativos de diferentes procedencias, que presentan sus proyectos, productos y materiales en stands dise\u00f1ados por ellos ... Read more"}