{"id":10500,"date":"2024-06-03T11:04:13","date_gmt":"2024-06-03T09:04:13","guid":{"rendered":"https:\/\/www.teatroreal.es\/proyectolova\/?page_id=10500"},"modified":"2024-09-16T13:11:07","modified_gmt":"2024-09-16T11:11:07","slug":"mision-opera-sesion-4","status":"publish","type":"page","link":"https:\/\/www.teatroreal.es\/proyectolova\/mision-opera-sesion-4\/","title":{"rendered":"Misi\u00f3n \u00d3pera Sesi\u00f3n 4"},"content":{"rendered":"\t\t<div data-elementor-type=\"wp-page\" data-elementor-id=\"10500\" class=\"elementor elementor-10500\" data-elementor-post-type=\"page\">\n\t\t\t\t\t\t<section class=\"elementor-section elementor-top-section elementor-element elementor-element-643e48c elementor-section-boxed elementor-section-height-default elementor-section-height-default qodef-elementor-content-no\" data-id=\"643e48c\" data-element_type=\"section\">\n\t\t\t\t\t\t<div class=\"elementor-container elementor-column-gap-default\">\n\t\t\t\t\t<div class=\"elementor-column elementor-col-100 elementor-top-column elementor-element elementor-element-784a99f\" data-id=\"784a99f\" data-element_type=\"column\">\n\t\t\t<div class=\"elementor-widget-wrap elementor-element-populated\">\n\t\t\t\t\t\t<div class=\"elementor-element elementor-element-a437eb7 elementor-widget elementor-widget-image\" data-id=\"a437eb7\" data-element_type=\"widget\" data-widget_type=\"image.default\">\n\t\t\t\t<div class=\"elementor-widget-container\">\n\t\t\t\t\t\t\t\t\t\t\t\t\t\t\t<img fetchpriority=\"high\" decoding=\"async\" width=\"768\" height=\"266\" src=\"https:\/\/www.teatroreal.es\/proyectolova\/wp-content\/uploads\/2024\/09\/Diseno-sin-titulo-1-e1725537698180-768x266.png\" class=\"attachment-medium_large size-medium_large wp-image-10653\" alt=\"\" srcset=\"https:\/\/www.teatroreal.es\/proyectolova\/wp-content\/uploads\/2024\/09\/Diseno-sin-titulo-1-e1725537698180-768x266.png 768w, https:\/\/www.teatroreal.es\/proyectolova\/wp-content\/uploads\/2024\/09\/Diseno-sin-titulo-1-e1725537698180-300x104.png 300w, https:\/\/www.teatroreal.es\/proyectolova\/wp-content\/uploads\/2024\/09\/Diseno-sin-titulo-1-e1725537698180-1024x354.png 1024w, https:\/\/www.teatroreal.es\/proyectolova\/wp-content\/uploads\/2024\/09\/Diseno-sin-titulo-1-e1725537698180.png 1280w\" sizes=\"(max-width: 768px) 100vw, 768px\" \/>\t\t\t\t\t\t\t\t\t\t\t\t\t\t\t<\/div>\n\t\t\t\t<\/div>\n\t\t\t\t\t<\/div>\n\t\t<\/div>\n\t\t\t\t\t<\/div>\n\t\t<\/section>\n\t\t\t\t<section class=\"elementor-section elementor-top-section elementor-element elementor-element-1dcae0c elementor-section-boxed elementor-section-height-default elementor-section-height-default qodef-elementor-content-no\" data-id=\"1dcae0c\" data-element_type=\"section\">\n\t\t\t\t\t\t<div class=\"elementor-container elementor-column-gap-default\">\n\t\t\t\t\t<div class=\"elementor-column elementor-col-100 elementor-top-column elementor-element elementor-element-178f076\" data-id=\"178f076\" data-element_type=\"column\">\n\t\t\t<div class=\"elementor-widget-wrap elementor-element-populated\">\n\t\t\t\t\t\t<div class=\"elementor-element elementor-element-57b4d44 elementor-widget elementor-widget-global elementor-global-10755 elementor-widget-heading\" data-id=\"57b4d44\" data-element_type=\"widget\" data-widget_type=\"heading.default\">\n\t\t\t\t<div class=\"elementor-widget-container\">\n\t\t\t\t\t<h2 class=\"elementor-heading-title elementor-size-default\"><a href=\"https:\/\/www.teatroreal.es\/proyectolova\/mision-opera\/\">&lt;&lt; Volver a la p\u00e1gina de informaci\u00f3n del recurso<\/a><\/h2>\t\t\t\t<\/div>\n\t\t\t\t<\/div>\n\t\t\t\t<div class=\"elementor-element elementor-element-bc616af elementor-widget elementor-widget-heading\" data-id=\"bc616af\" data-element_type=\"widget\" data-widget_type=\"heading.default\">\n\t\t\t\t<div class=\"elementor-widget-container\">\n\t\t\t\t\t<h2 class=\"elementor-heading-title elementor-size-default\">CAP\u00cdTULO 4: LA COMPA\u00d1\u00cdA<\/h2>\t\t\t\t<\/div>\n\t\t\t\t<\/div>\n\t\t\t\t\t<\/div>\n\t\t<\/div>\n\t\t\t\t\t<\/div>\n\t\t<\/section>\n\t\t\t\t<section class=\"elementor-section elementor-top-section elementor-element elementor-element-8dd3a98 elementor-section-boxed elementor-section-height-default elementor-section-height-default qodef-elementor-content-no\" data-id=\"8dd3a98\" data-element_type=\"section\">\n\t\t\t\t\t\t<div class=\"elementor-container elementor-column-gap-default\">\n\t\t\t\t\t<div class=\"elementor-column elementor-col-100 elementor-top-column elementor-element elementor-element-46fb63b\" data-id=\"46fb63b\" data-element_type=\"column\">\n\t\t\t<div class=\"elementor-widget-wrap elementor-element-populated\">\n\t\t\t\t\t\t<div class=\"elementor-element elementor-element-0ff4cf8 elementor-widget elementor-widget-text-editor\" data-id=\"0ff4cf8\" data-element_type=\"widget\" data-widget_type=\"text-editor.default\">\n\t\t\t\t<div class=\"elementor-widget-container\">\n\t\t\t\t\t\t\t\t\t<p><span style=\"font-weight: 400;\">En la pen\u00faltima sesi\u00f3n investigar\u00e9is sobre las diferentes profesiones de la \u00f3pera, y experimentar\u00e9is la importancia de colaborar para crear en grupo.<\/span><\/p>\t\t\t\t\t\t\t\t<\/div>\n\t\t\t\t<\/div>\n\t\t\t\t<div class=\"elementor-element elementor-element-56bdc5e elementor-widget elementor-widget-global elementor-global-10674 elementor-widget-heading\" data-id=\"56bdc5e\" data-element_type=\"widget\" data-widget_type=\"heading.default\">\n\t\t\t\t<div class=\"elementor-widget-container\">\n\t\t\t\t\t<h2 class=\"elementor-heading-title elementor-size-default\">Escucha el audio<\/h2>\t\t\t\t<\/div>\n\t\t\t\t<\/div>\n\t\t\t\t<div class=\"elementor-element elementor-element-27574fd elementor-widget elementor-widget-wp-widget-media_audio\" data-id=\"27574fd\" data-element_type=\"widget\" data-widget_type=\"wp-widget-media_audio.default\">\n\t\t\t\t<div class=\"elementor-widget-container\">\n\t\t\t\t\t<audio class=\"wp-audio-shortcode\" id=\"audio-10500-1\" preload=\"none\" style=\"width: 100%;\" controls=\"controls\"><source type=\"audio\/wav\" src=\"https:\/\/www.teatroreal.es\/proyectolova\/wp-content\/uploads\/2024\/09\/Capitulo4OK.wav?_=1\" \/><source type=\"audio\/wav\" src=\"https:\/\/www.teatroreal.es\/proyectolova\/wp-content\/uploads\/2024\/09\/Capitulo4OK.wav?_=1\" \/><a href=\"https:\/\/www.teatroreal.es\/proyectolova\/wp-content\/uploads\/2024\/09\/Capitulo4OK.wav\">https:\/\/www.teatroreal.es\/proyectolova\/wp-content\/uploads\/2024\/09\/Capitulo4OK.wav<\/a><\/audio>\t\t\t\t<\/div>\n\t\t\t\t<\/div>\n\t\t\t\t\t<\/div>\n\t\t<\/div>\n\t\t\t\t\t<\/div>\n\t\t<\/section>\n\t\t\t\t<section class=\"elementor-section elementor-top-section elementor-element elementor-element-3b36125 elementor-section-boxed elementor-section-height-default elementor-section-height-default qodef-elementor-content-no\" data-id=\"3b36125\" data-element_type=\"section\">\n\t\t\t\t\t\t<div class=\"elementor-container elementor-column-gap-default\">\n\t\t\t\t\t<div class=\"elementor-column elementor-col-100 elementor-top-column elementor-element elementor-element-f63529e\" data-id=\"f63529e\" data-element_type=\"column\">\n\t\t\t<div class=\"elementor-widget-wrap elementor-element-populated\">\n\t\t\t\t\t\t<div class=\"elementor-element elementor-element-d6e4683 elementor-widget elementor-widget-heading\" data-id=\"d6e4683\" data-element_type=\"widget\" data-widget_type=\"heading.default\">\n\t\t\t\t<div class=\"elementor-widget-container\">\n\t\t\t\t\t<h2 class=\"elementor-heading-title elementor-size-default\">Lo que vas a necesitar<\/h2>\t\t\t\t<\/div>\n\t\t\t\t<\/div>\n\t\t\t\t\t<\/div>\n\t\t<\/div>\n\t\t\t\t\t<\/div>\n\t\t<\/section>\n\t\t\t\t<section class=\"elementor-section elementor-top-section elementor-element elementor-element-1f52770 elementor-section-boxed elementor-section-height-default elementor-section-height-default qodef-elementor-content-no\" data-id=\"1f52770\" data-element_type=\"section\">\n\t\t\t\t\t\t<div class=\"elementor-container elementor-column-gap-default\">\n\t\t\t\t\t<div class=\"elementor-column elementor-col-100 elementor-top-column elementor-element elementor-element-4530172\" data-id=\"4530172\" data-element_type=\"column\" data-settings=\"{&quot;background_background&quot;:&quot;classic&quot;}\">\n\t\t\t<div class=\"elementor-widget-wrap elementor-element-populated\">\n\t\t\t\t\t\t<div class=\"elementor-element elementor-element-f2903a9 elementor-widget__width-initial elementor-widget elementor-widget-text-editor\" data-id=\"f2903a9\" data-element_type=\"widget\" data-widget_type=\"text-editor.default\">\n\t\t\t\t<div class=\"elementor-widget-container\">\n\t\t\t\t\t\t\t\t\t<ul><li style=\"font-weight: 400;\" aria-level=\"1\"><span style=\"font-weight: 400;\">Reproductor de audio con buena calidad<\/span><\/li><li style=\"font-weight: 400;\" aria-level=\"1\"><span style=\"font-weight: 400;\">Folios en sucio (vale un peri\u00f3dico)<\/span><\/li><li style=\"font-weight: 400;\" aria-level=\"1\"><span style=\"font-weight: 400;\">Rotuladores \/ L\u00e1pices de colores \/ Bolis<\/span><\/li><li style=\"font-weight: 400;\" aria-level=\"1\"><span style=\"font-weight: 400;\">9 Cartulinas A2 \/ Papel de papel\u00f3grafo (una por grupo)<\/span><\/li><li style=\"font-weight: 400;\" aria-level=\"1\"><span style=\"font-weight: 400;\">Mesas<\/span><\/li><li style=\"font-weight: 400;\" aria-level=\"1\"><span style=\"font-weight: 400;\">Espacio di\u00e1fano para jugar<\/span><\/li><li style=\"font-weight: 400;\" aria-level=\"1\"><span style=\"font-weight: 400;\">Guion de Profe<\/span><\/li><li style=\"font-weight: 400;\" aria-level=\"1\"><span style=\"font-weight: 400;\">Materiales de apoyo de la Sesi\u00f3n 4: <a href=\"https:\/\/www.teatroreal.es\/proyectolova\/wp-content\/uploads\/2024\/09\/Sesion-04_rev.pdf\" target=\"_blank\" rel=\"noopener\">Guion de profe<\/a>, <a href=\"https:\/\/www.teatroreal.es\/proyectolova\/wp-content\/uploads\/2024\/09\/Profesiones-y-objetivos-de-la-compania-05-1.pdf\" target=\"_blank\" rel=\"noopener\">La compa\u00f1\u00eda y Objetivos de las profesiones<\/a>, <a href=\"https:\/\/www.teatroreal.es\/proyectolova\/wp-content\/uploads\/2024\/09\/Profesiones-y-objetivos-de-la-compania-05-1.pdf\" target=\"_blank\" rel=\"noopener\">Retos y din\u00e1micas en L\u00d3VA<\/a><\/span><\/li><\/ul>\t\t\t\t\t\t\t\t<\/div>\n\t\t\t\t<\/div>\n\t\t\t\t\t<\/div>\n\t\t<\/div>\n\t\t\t\t\t<\/div>\n\t\t<\/section>\n\t\t\t\t<section class=\"elementor-section elementor-top-section elementor-element elementor-element-34dd50b elementor-section-boxed elementor-section-height-default elementor-section-height-default qodef-elementor-content-no\" data-id=\"34dd50b\" data-element_type=\"section\">\n\t\t\t\t\t\t<div class=\"elementor-container elementor-column-gap-default\">\n\t\t\t\t\t<div class=\"elementor-column elementor-col-100 elementor-top-column elementor-element elementor-element-e00b60f\" data-id=\"e00b60f\" data-element_type=\"column\">\n\t\t\t<div class=\"elementor-widget-wrap elementor-element-populated\">\n\t\t\t\t\t\t<div class=\"elementor-element elementor-element-2d5a83f elementor-widget elementor-widget-heading\" data-id=\"2d5a83f\" data-element_type=\"widget\" data-widget_type=\"heading.default\">\n\t\t\t\t<div class=\"elementor-widget-container\">\n\t\t\t\t\t<h2 class=\"elementor-heading-title elementor-size-default\">Actividades<\/h2>\t\t\t\t<\/div>\n\t\t\t\t<\/div>\n\t\t\t\t<div class=\"elementor-element elementor-element-df314df elementor-widget elementor-widget-accordion\" data-id=\"df314df\" data-element_type=\"widget\" data-widget_type=\"accordion.default\">\n\t\t\t\t<div class=\"elementor-widget-container\">\n\t\t\t\t\t\t\t<div class=\"elementor-accordion\">\n\t\t\t\t\t\t\t<div class=\"elementor-accordion-item\">\n\t\t\t\t\t<div id=\"elementor-tab-title-2341\" class=\"elementor-tab-title\" data-tab=\"1\" role=\"button\" aria-controls=\"elementor-tab-content-2341\" aria-expanded=\"false\">\n\t\t\t\t\t\t\t\t\t\t\t\t\t<span class=\"elementor-accordion-icon elementor-accordion-icon-left\" aria-hidden=\"true\">\n\t\t\t\t\t\t\t\t\t\t\t\t\t\t\t<span class=\"elementor-accordion-icon-closed\"><i class=\"fas fa-plus\"><\/i><\/span>\n\t\t\t\t\t\t\t\t<span class=\"elementor-accordion-icon-opened\"><i class=\"fas fa-minus\"><\/i><\/span>\n\t\t\t\t\t\t\t\t\t\t\t\t\t\t<\/span>\n\t\t\t\t\t\t\t\t\t\t\t\t<a class=\"elementor-accordion-title\" tabindex=\"0\">1 Planteamiento (5 minutos)<\/a>\n\t\t\t\t\t<\/div>\n\t\t\t\t\t<div id=\"elementor-tab-content-2341\" class=\"elementor-tab-content elementor-clearfix\" data-tab=\"1\" role=\"region\" aria-labelledby=\"elementor-tab-title-2341\"><p>PROFE reproduce el audio <b>\u201cCap\u00edtulo 4: La compa\u00f1\u00eda\u201d<\/b><b>, <\/b>ALUMNADO escucha.<\/p><p><span style=\"font-weight: 400;\"><strong>PROFE<\/strong> comenta el audio para aclarar el contenido y asegurarse de que el grupo ha entendido.\u00a0<\/span><\/p><p><span style=\"font-weight: 400;\">Despu\u00e9s se proponen las siguientes actividades.<\/span><\/p><\/div>\n\t\t\t\t<\/div>\n\t\t\t\t\t\t\t<div class=\"elementor-accordion-item\">\n\t\t\t\t\t<div id=\"elementor-tab-title-2342\" class=\"elementor-tab-title\" data-tab=\"2\" role=\"button\" aria-controls=\"elementor-tab-content-2342\" aria-expanded=\"false\">\n\t\t\t\t\t\t\t\t\t\t\t\t\t<span class=\"elementor-accordion-icon elementor-accordion-icon-left\" aria-hidden=\"true\">\n\t\t\t\t\t\t\t\t\t\t\t\t\t\t\t<span class=\"elementor-accordion-icon-closed\"><i class=\"fas fa-plus\"><\/i><\/span>\n\t\t\t\t\t\t\t\t<span class=\"elementor-accordion-icon-opened\"><i class=\"fas fa-minus\"><\/i><\/span>\n\t\t\t\t\t\t\t\t\t\t\t\t\t\t<\/span>\n\t\t\t\t\t\t\t\t\t\t\t\t<a class=\"elementor-accordion-title\" tabindex=\"0\">2 Reto colectivo: Filas ordenadas (5 minutos)<\/a>\n\t\t\t\t\t<\/div>\n\t\t\t\t\t<div id=\"elementor-tab-content-2342\" class=\"elementor-tab-content elementor-clearfix\" data-tab=\"2\" role=\"region\" aria-labelledby=\"elementor-tab-title-2342\"><p><span style=\"font-weight: 400;\">Los retos son din\u00e1micas de grupo en las que proponemos un desaf\u00edo que el grupo debe superar colaborando. Los desaf\u00edos propuestos son dif\u00edciles, as\u00ed que el grupo debe esforzarse para conseguirlos.\u00a0<\/span><\/p><p><span style=\"font-weight: 400;\">Los retos promueven la cohesi\u00f3n grupal, la autonom\u00eda del grupo y la colaboraci\u00f3n.\u00a0<\/span><\/p><p>En este caso proponemos un reto llamado &#8220;Filas ordenadas&#8221;.<\/p><p><span style=\"font-weight: 400;\">El grupo completo debe ordenarse en fila seg\u00fan un criterio propuesto:\u00a0<\/span><\/p><ul><li style=\"font-weight: 400;\" aria-level=\"1\"><span style=\"font-weight: 400;\">Por fecha de nacimiento<\/span><\/li><li style=\"font-weight: 400;\" aria-level=\"1\"><span style=\"font-weight: 400;\">Por claridad de color de ojos<\/span><\/li><li style=\"font-weight: 400;\" aria-level=\"1\"><span style=\"font-weight: 400;\">Por claridad de color de pelo<\/span><\/li><li style=\"font-weight: 400;\" aria-level=\"1\"><span style=\"font-weight: 400;\">Por altura<\/span><\/li><li style=\"font-weight: 400;\" aria-level=\"1\"><span style=\"font-weight: 400;\">Por orden de lista<\/span><\/li><\/ul><p><span style=\"font-weight: 400;\">El grupo tendr\u00e1 un tiempo limitado (1 minuto) para poder llevar a cabo el reto.\u00a0<\/span><\/p><p><span style=\"font-weight: 400;\"><strong>PROFE<\/strong> propone primero un criterio. Cuando lo hayan hecho, comprueba que est\u00e1 correctamente hecho, y propone otro criterio.\u00a0<\/span><\/p><p><span style=\"font-weight: 400;\">Si <strong>PROFE<\/strong> identifica que es demasiado f\u00e1cil, propondr\u00e1 otro criterio pero en esta ocasi\u00f3n el grupo no puede hablar para ordenarse.<\/span><\/p><\/div>\n\t\t\t\t<\/div>\n\t\t\t\t\t\t\t<div class=\"elementor-accordion-item\">\n\t\t\t\t\t<div id=\"elementor-tab-title-2343\" class=\"elementor-tab-title\" data-tab=\"3\" role=\"button\" aria-controls=\"elementor-tab-content-2343\" aria-expanded=\"false\">\n\t\t\t\t\t\t\t\t\t\t\t\t\t<span class=\"elementor-accordion-icon elementor-accordion-icon-left\" aria-hidden=\"true\">\n\t\t\t\t\t\t\t\t\t\t\t\t\t\t\t<span class=\"elementor-accordion-icon-closed\"><i class=\"fas fa-plus\"><\/i><\/span>\n\t\t\t\t\t\t\t\t<span class=\"elementor-accordion-icon-opened\"><i class=\"fas fa-minus\"><\/i><\/span>\n\t\t\t\t\t\t\t\t\t\t\t\t\t\t<\/span>\n\t\t\t\t\t\t\t\t\t\t\t\t<a class=\"elementor-accordion-title\" tabindex=\"0\">3 Reflexi\u00f3n sobre reto (5 minutos)<\/a>\n\t\t\t\t\t<\/div>\n\t\t\t\t\t<div id=\"elementor-tab-content-2343\" class=\"elementor-tab-content elementor-clearfix\" data-tab=\"3\" role=\"region\" aria-labelledby=\"elementor-tab-title-2343\"><p style=\"text-align: center;\"><span style=\"font-weight: 400;\"><strong><span style=\"color: #000000;\">SI NO LO HAN CONSEGUIDO<\/span><\/strong>\u00a0<\/span><\/p><p><span style=\"font-weight: 400;\">Los retos son dif\u00edciles de verdad. Es muy posible que no lo consigan y esto genera frustraci\u00f3n.\u00a0<\/span><\/p><p><span style=\"font-weight: 400;\"><strong>PROFE<\/strong> pregunta c\u00f3mo se sienten y qu\u00e9 ha fallado, evitando personalizar las responsabilidades. Es todo el grupo quien debe conseguirlo, y es todo el grupo quien no lo ha conseguido.\u00a0<\/span><\/p><p><span style=\"font-weight: 400;\"><strong>PROFE<\/strong> recoge propuestas de mejora del grupo.\u00a0<\/span><\/p><p><span style=\"font-weight: 400;\">\u00bfQu\u00e9 podemos hacer la pr\u00f3xima vez si no lo hemos conseguido?\u00a0<\/span><\/p><p><span style=\"font-weight: 400;\">\u00bfC\u00f3mo os hab\u00e9is sentido?<\/span><\/p><p><span style=\"font-weight: 400;\">Te recomendamos repetir el reto en otra ocasi\u00f3n hasta que el grupo lo consiga.\u00a0<\/span><\/p><p style=\"text-align: center;\"><strong><span style=\"color: #000000;\">SI LO HAN CONSEGUIDO<\/span><\/strong><\/p><p><span style=\"font-weight: 400;\">\u00bfC\u00f3mo lo hab\u00e9is hecho? \u00bfCu\u00e1l ha sido vuestra estrategia?\u00a0<\/span><\/p><p><span style=\"font-weight: 400;\">\u00bfC\u00f3mo os sent\u00eds?<\/span><\/p><p style=\"text-align: center;\"><strong><span style=\"color: #000000;\">Y TANTO SI LO HAN CONSEGUIDO COMO SI NO LO HAN CONSEGUIDO<\/span><\/strong><\/p><p><span style=\"font-weight: 400;\">\u00bfQu\u00e9 podemos aprender de este reto para la vida en general?\u00a0<\/span><\/p><p><span style=\"font-weight: 400;\">\u00bfY para la vida en el aula?<\/span><\/p><p><span style=\"font-weight: 400;\">\u00bfY para el proceso de creaci\u00f3n de nuestra \u00f3pera en clase?<\/span><\/p><\/div>\n\t\t\t\t<\/div>\n\t\t\t\t\t\t\t<div class=\"elementor-accordion-item\">\n\t\t\t\t\t<div id=\"elementor-tab-title-2344\" class=\"elementor-tab-title\" data-tab=\"4\" role=\"button\" aria-controls=\"elementor-tab-content-2344\" aria-expanded=\"false\">\n\t\t\t\t\t\t\t\t\t\t\t\t\t<span class=\"elementor-accordion-icon elementor-accordion-icon-left\" aria-hidden=\"true\">\n\t\t\t\t\t\t\t\t\t\t\t\t\t\t\t<span class=\"elementor-accordion-icon-closed\"><i class=\"fas fa-plus\"><\/i><\/span>\n\t\t\t\t\t\t\t\t<span class=\"elementor-accordion-icon-opened\"><i class=\"fas fa-minus\"><\/i><\/span>\n\t\t\t\t\t\t\t\t\t\t\t\t\t\t<\/span>\n\t\t\t\t\t\t\t\t\t\t\t\t<a class=\"elementor-accordion-title\" tabindex=\"0\">4 Investigaci\u00f3n en profesiones (10 minutos)<\/a>\n\t\t\t\t\t<\/div>\n\t\t\t\t\t<div id=\"elementor-tab-content-2344\" class=\"elementor-tab-content elementor-clearfix\" data-tab=\"4\" role=\"region\" aria-labelledby=\"elementor-tab-title-2344\"><p><span style=\"font-weight: 400;\">El grupo investiga en las profesiones de una compa\u00f1\u00eda de \u00f3pera, utilizando los materiales de apoyo de este cap\u00edtulo.\u00a0<\/span><\/p><p><span style=\"font-weight: 400;\">Para ello se dividen en 9 subgrupos, uno por profesi\u00f3n.\u00a0<\/span><\/p><p><span style=\"font-weight: 400;\">Cada profesi\u00f3n elabora un esquema utilizando una cartulina, en el que responder\u00e1n:\u00a0<\/span><\/p><ul><li style=\"font-weight: 400;\" aria-level=\"1\"><span style=\"font-weight: 400;\">\u00bfC\u00f3mo se llama la profesi\u00f3n?<\/span><\/li><li style=\"font-weight: 400;\" aria-level=\"1\"><span style=\"font-weight: 400;\">\u00bfQu\u00e9 hace?\u00a0<\/span><\/li><li style=\"font-weight: 400;\" aria-level=\"1\"><span style=\"font-weight: 400;\">\u00bfCon qui\u00e9n trabaja?<\/span><\/li><li style=\"font-weight: 400;\" aria-level=\"1\"><span style=\"font-weight: 400;\">\u00bfCu\u00e1les son sus herramientas?<\/span><\/li><\/ul><p><span style=\"font-weight: 400;\">Es importante que <strong>PROFE<\/strong> avise del tiempo disponible para la tarea. Es un tiempo ajustado para obligar a ir al grano.<\/span><\/p><\/div>\n\t\t\t\t<\/div>\n\t\t\t\t\t\t\t<div class=\"elementor-accordion-item\">\n\t\t\t\t\t<div id=\"elementor-tab-title-2345\" class=\"elementor-tab-title\" data-tab=\"5\" role=\"button\" aria-controls=\"elementor-tab-content-2345\" aria-expanded=\"false\">\n\t\t\t\t\t\t\t\t\t\t\t\t\t<span class=\"elementor-accordion-icon elementor-accordion-icon-left\" aria-hidden=\"true\">\n\t\t\t\t\t\t\t\t\t\t\t\t\t\t\t<span class=\"elementor-accordion-icon-closed\"><i class=\"fas fa-plus\"><\/i><\/span>\n\t\t\t\t\t\t\t\t<span class=\"elementor-accordion-icon-opened\"><i class=\"fas fa-minus\"><\/i><\/span>\n\t\t\t\t\t\t\t\t\t\t\t\t\t\t<\/span>\n\t\t\t\t\t\t\t\t\t\t\t\t<a class=\"elementor-accordion-title\" tabindex=\"0\">5 Compartir resultados investigaci\u00f3n (15 minutos)<\/a>\n\t\t\t\t\t<\/div>\n\t\t\t\t\t<div id=\"elementor-tab-content-2345\" class=\"elementor-tab-content elementor-clearfix\" data-tab=\"5\" role=\"region\" aria-labelledby=\"elementor-tab-title-2345\"><p><span style=\"font-weight: 400;\">El grupo comparte los resultados de la investigaci\u00f3n.<\/span><\/p><\/div>\n\t\t\t\t<\/div>\n\t\t\t\t\t\t\t\t<\/div>\n\t\t\t\t\t\t<\/div>\n\t\t\t\t<\/div>\n\t\t\t\t<div class=\"elementor-element elementor-element-4789042 elementor-widget elementor-widget-heading\" data-id=\"4789042\" data-element_type=\"widget\" data-widget_type=\"heading.default\">\n\t\t\t\t<div class=\"elementor-widget-container\">\n\t\t\t\t\t<h2 class=\"elementor-heading-title elementor-size-default\">Actividades Extra<\/h2>\t\t\t\t<\/div>\n\t\t\t\t<\/div>\n\t\t\t\t<div class=\"elementor-element elementor-element-3e5b874 elementor-widget elementor-widget-accordion\" data-id=\"3e5b874\" data-element_type=\"widget\" data-widget_type=\"accordion.default\">\n\t\t\t\t<div class=\"elementor-widget-container\">\n\t\t\t\t\t\t\t<div class=\"elementor-accordion\">\n\t\t\t\t\t\t\t<div class=\"elementor-accordion-item\">\n\t\t\t\t\t<div id=\"elementor-tab-title-6531\" class=\"elementor-tab-title\" data-tab=\"1\" role=\"button\" aria-controls=\"elementor-tab-content-6531\" aria-expanded=\"false\">\n\t\t\t\t\t\t\t\t\t\t\t\t\t<span class=\"elementor-accordion-icon elementor-accordion-icon-left\" aria-hidden=\"true\">\n\t\t\t\t\t\t\t\t\t\t\t\t\t\t\t<span class=\"elementor-accordion-icon-closed\"><i class=\"fas fa-plus\"><\/i><\/span>\n\t\t\t\t\t\t\t\t<span class=\"elementor-accordion-icon-opened\"><i class=\"fas fa-minus\"><\/i><\/span>\n\t\t\t\t\t\t\t\t\t\t\t\t\t\t<\/span>\n\t\t\t\t\t\t\t\t\t\t\t\t<a class=\"elementor-accordion-title\" tabindex=\"0\">Reto colectivo: El pasillo prohibido (10 minutos)<\/a>\n\t\t\t\t\t<\/div>\n\t\t\t\t\t<div id=\"elementor-tab-content-6531\" class=\"elementor-tab-content elementor-clearfix\" data-tab=\"1\" role=\"region\" aria-labelledby=\"elementor-tab-title-6531\"><p><span style=\"font-weight: 400;\">Como actividad extra, os proponemos el reto \u201cEl pasillo prohibido\u201d. Tienes muchas otras ideas de retos fant\u00e1sticos en el documento \u201cRetos y din\u00e1micas L\u00d3VA\u201d de los materiales de apoyo.\u00a0<\/span><\/p><p><span style=\"font-weight: 400;\">PROFE explica el reto al grupo:\u00a0<\/span><\/p><p><span style=\"font-weight: 400;\">El grupo se coloca en un extremo del espacio di\u00e1fano.<\/span><\/p><p><span style=\"font-weight: 400;\"><strong>PROFE<\/strong> explica que tienen que conseguir cruzar al otro lado, que debe estar a unos 10 metros. Puedes utilizar el patio o el gimnasio para esto, y marcar de alguna manera el lugar de salida y el lugar de llegada.\u00a0<\/span><\/p><p><span style=\"font-weight: 400;\">\u00a1Pero no pueden cruzar de cualquier manera!<\/span><\/p><p><span style=\"font-weight: 400;\">Van a cruzar un pasillo en el que est\u00e1 absolutamente prohibido el paso a personas ajenas al Teatro Real. El suelo tiene unos sensores especiales que captan cualquier pisada y hacen saltar las alarmas. Tambi\u00e9n hay micr\u00f3fonos en todo el pasillo, de modo que cualquier grito\u2026 hace saltar la alarma.\u00a0<\/span><\/p><p><span style=\"font-weight: 400;\">Pero tenemos un truco: la \u00fanica forma de pisar sobre el suelo sin que salte la alarma es colocando un folio y pisando sobre \u00e9l. Si pisas sobre un folio los sensores no captan la pisada\u2026\u00a0<\/span><\/p><p><span style=\"font-weight: 400;\">Cada persona del grupo tendr\u00e1 un folio en la mano.\u00a0<br \/><\/span><span style=\"font-weight: 400;\">Todo el grupo completo debe conseguir pasar al otro lado sin pisar en ning\u00fan momento fuera de los folios.\u00a0\u00a0<br \/><\/span><span style=\"font-weight: 400;\">Si cualquier miembro del grupo pisa fuera del folio, salta la alarma y todo el grupo es apresado.\u00a0<br \/><\/span><span style=\"font-weight: 400;\">Si un folio se rompe, ya no sirve.<br \/><\/span><span style=\"font-weight: 400;\">Si alguien grita, salta la alarma, y todo el grupo es apresado.\u00a0<\/span><\/p><p><span style=\"font-weight: 400;\">Y por supuesto, hay un l\u00edmite de 2 minutos para conseguirlo.\u00a0<\/span><\/p><p><span style=\"font-weight: 400;\">\u00bfC\u00f3mo van a organizarse? \u00bfLo conseguir\u00e1n?<\/span><\/p><p><span style=\"font-weight: 400;\"><strong>PROFE<\/strong> no debe ayudar al grupo ofreciendo soluciones, poniendo orden u organiz\u00e1ndolos. Son ellos quienes deben conseguirlo. La \u00fanica forma en la que puede ayudar es recordando las normas y el tiempo que queda.\u00a0<\/span><\/p><p><span style=\"font-weight: 400;\"><strong>PROFE<\/strong> estar\u00e1 atento a si alguien pisa fuera del folio, o si alguien grita.\u00a0<br \/><\/span><span style=\"font-weight: 400;\">Si es as\u00ed\u2026 \u00a1salta la alarma y son apresados!<\/span><\/p><\/div>\n\t\t\t\t<\/div>\n\t\t\t\t\t\t\t<div class=\"elementor-accordion-item\">\n\t\t\t\t\t<div id=\"elementor-tab-title-6532\" class=\"elementor-tab-title\" data-tab=\"2\" role=\"button\" aria-controls=\"elementor-tab-content-6532\" aria-expanded=\"false\">\n\t\t\t\t\t\t\t\t\t\t\t\t\t<span class=\"elementor-accordion-icon elementor-accordion-icon-left\" aria-hidden=\"true\">\n\t\t\t\t\t\t\t\t\t\t\t\t\t\t\t<span class=\"elementor-accordion-icon-closed\"><i class=\"fas fa-plus\"><\/i><\/span>\n\t\t\t\t\t\t\t\t<span class=\"elementor-accordion-icon-opened\"><i class=\"fas fa-minus\"><\/i><\/span>\n\t\t\t\t\t\t\t\t\t\t\t\t\t\t<\/span>\n\t\t\t\t\t\t\t\t\t\t\t\t<a class=\"elementor-accordion-title\" tabindex=\"0\">Reflexi\u00f3n sobre reto (10 minutos)<\/a>\n\t\t\t\t\t<\/div>\n\t\t\t\t\t<div id=\"elementor-tab-content-6532\" class=\"elementor-tab-content elementor-clearfix\" data-tab=\"2\" role=\"region\" aria-labelledby=\"elementor-tab-title-6532\"><p style=\"text-align: center;\"><strong><span style=\"color: #000000;\">SI NO LO HAN CONSEGUIDO<\/span><\/strong><\/p><p><span style=\"font-weight: 400;\">Los retos son dif\u00edciles de verdad. Es muy posible que no lo consigan, y esto genera frustraci\u00f3n.\u00a0<\/span><\/p><p><span style=\"font-weight: 400;\">PROFE pregunta c\u00f3mo se sienten y qu\u00e9 ha fallado, evitando personalizar las responsabilidades. Es todo el grupo quien debe conseguirlo, y es todo el grupo quien no lo ha conseguido.\u00a0<\/span><\/p><p><span style=\"font-weight: 400;\">PROFE recoge propuestas de mejora del grupo.\u00a0<\/span><\/p><p><span style=\"font-weight: 400;\">\u00bfQu\u00e9 podemos hacer la pr\u00f3xima vez si no lo hemos conseguido?\u00a0<\/span><\/p><p><span style=\"font-weight: 400;\">\u00bfC\u00f3mo os hab\u00e9is sentido?<\/span><\/p><p><span style=\"font-weight: 400;\">Te recomendamos repetir el reto en otra ocasi\u00f3n hasta que el grupo lo consiga.<\/span><\/p><p><span style=\"font-weight: 400;\">\u00a0<\/span><\/p><p style=\"text-align: center;\"><strong><span style=\"color: #000000;\">SI LO HAN CONSEGUIDO\u00a0<\/span><\/strong><\/p><p><span style=\"font-weight: 400;\">\u00bfC\u00f3mo lo hab\u00e9is hecho? \u00bfCu\u00e1l ha sido vuestra estrategia?\u00a0<\/span><\/p><p><span style=\"font-weight: 400;\">\u00bfC\u00f3mo os sent\u00eds?<\/span><\/p><p>\u00a0<\/p><p style=\"text-align: center;\"><strong><span style=\"color: #000000;\">Y TANTO SI LO HAN CONSEGUIDO COMO SI NO LO HAN CONSEGUIDO<\/span><\/strong><\/p><p><span style=\"font-weight: 400;\">\u00bfQu\u00e9 podemos aprender de este reto para la vida en general?\u00a0<\/span><\/p><p><span style=\"font-weight: 400;\">\u00bfY para la vida en el aula?<\/span><\/p><p><span style=\"font-weight: 400;\">\u00bfY para el proceso de creaci\u00f3n de nuestra \u00f3pera en clase?<\/span><\/p><p><span style=\"font-weight: 400;\">Pod\u00e9is compartir vuestras estrategias y reflexiones en el Foro.<\/span><\/p><\/div>\n\t\t\t\t<\/div>\n\t\t\t\t\t\t\t\t<\/div>\n\t\t\t\t\t\t<\/div>\n\t\t\t\t<\/div>\n\t\t\t\t<div class=\"elementor-element elementor-element-07a9dc7 elementor-widget elementor-widget-heading\" data-id=\"07a9dc7\" data-element_type=\"widget\" data-widget_type=\"heading.default\">\n\t\t\t\t<div class=\"elementor-widget-container\">\n\t\t\t\t\t<h2 class=\"elementor-heading-title elementor-size-default\">Materiales de descarga<\/h2>\t\t\t\t<\/div>\n\t\t\t\t<\/div>\n\t\t\t\t<section class=\"elementor-section elementor-inner-section elementor-element elementor-element-fad2c29 elementor-section-boxed elementor-section-height-default elementor-section-height-default qodef-elementor-content-no\" data-id=\"fad2c29\" data-element_type=\"section\">\n\t\t\t\t\t\t<div class=\"elementor-container elementor-column-gap-default\">\n\t\t\t\t\t<div class=\"elementor-column elementor-col-33 elementor-inner-column elementor-element elementor-element-d228e71\" data-id=\"d228e71\" data-element_type=\"column\">\n\t\t\t<div class=\"elementor-widget-wrap elementor-element-populated\">\n\t\t\t\t\t\t<div class=\"elementor-element elementor-element-caf6cdb elementor-widget elementor-widget-heading\" data-id=\"caf6cdb\" data-element_type=\"widget\" data-widget_type=\"heading.default\">\n\t\t\t\t<div class=\"elementor-widget-container\">\n\t\t\t\t\t<h2 class=\"elementor-heading-title elementor-size-default\">Guion de profe<\/h2>\t\t\t\t<\/div>\n\t\t\t\t<\/div>\n\t\t\t\t<div class=\"elementor-element elementor-element-97e14b9 elementor-view-default elementor-widget elementor-widget-icon\" data-id=\"97e14b9\" data-element_type=\"widget\" data-widget_type=\"icon.default\">\n\t\t\t\t<div class=\"elementor-widget-container\">\n\t\t\t\t\t\t\t<div class=\"elementor-icon-wrapper\">\n\t\t\t<a class=\"elementor-icon\" href=\"https:\/\/www.teatroreal.es\/proyectolova\/wp-content\/uploads\/2024\/09\/Sesion-04_rev.pdf\">\n\t\t\t<i aria-hidden=\"true\" class=\"fas fa-download\"><\/i>\t\t\t<\/a>\n\t\t<\/div>\n\t\t\t\t\t\t<\/div>\n\t\t\t\t<\/div>\n\t\t\t\t\t<\/div>\n\t\t<\/div>\n\t\t\t\t<div class=\"elementor-column elementor-col-33 elementor-inner-column elementor-element elementor-element-83595d1\" data-id=\"83595d1\" data-element_type=\"column\">\n\t\t\t<div class=\"elementor-widget-wrap elementor-element-populated\">\n\t\t\t\t\t\t<div class=\"elementor-element elementor-element-4370549 elementor-widget elementor-widget-heading\" data-id=\"4370549\" data-element_type=\"widget\" data-widget_type=\"heading.default\">\n\t\t\t\t<div class=\"elementor-widget-container\">\n\t\t\t\t\t<h2 class=\"elementor-heading-title elementor-size-default\">La compa\u00f1\u00eda y objetivos de las profesiones<\/h2>\t\t\t\t<\/div>\n\t\t\t\t<\/div>\n\t\t\t\t<div class=\"elementor-element elementor-element-7f035eb elementor-view-default elementor-widget elementor-widget-icon\" data-id=\"7f035eb\" data-element_type=\"widget\" data-widget_type=\"icon.default\">\n\t\t\t\t<div class=\"elementor-widget-container\">\n\t\t\t\t\t\t\t<div class=\"elementor-icon-wrapper\">\n\t\t\t<a class=\"elementor-icon\" href=\"https:\/\/www.teatroreal.es\/proyectolova\/wp-content\/uploads\/2024\/09\/Profesiones-y-objetivos-de-la-compania-05-1.pdf\">\n\t\t\t<i aria-hidden=\"true\" class=\"fas fa-download\"><\/i>\t\t\t<\/a>\n\t\t<\/div>\n\t\t\t\t\t\t<\/div>\n\t\t\t\t<\/div>\n\t\t\t\t\t<\/div>\n\t\t<\/div>\n\t\t\t\t<div class=\"elementor-column elementor-col-33 elementor-inner-column elementor-element elementor-element-6f94f54\" data-id=\"6f94f54\" data-element_type=\"column\">\n\t\t\t<div class=\"elementor-widget-wrap elementor-element-populated\">\n\t\t\t\t\t\t<div class=\"elementor-element elementor-element-c01c50c elementor-widget elementor-widget-heading\" data-id=\"c01c50c\" data-element_type=\"widget\" data-widget_type=\"heading.default\">\n\t\t\t\t<div class=\"elementor-widget-container\">\n\t\t\t\t\t<h2 class=\"elementor-heading-title elementor-size-default\">\n\nRetos y din\u00e1micas L\u00d3VA<\/h2>\t\t\t\t<\/div>\n\t\t\t\t<\/div>\n\t\t\t\t<div class=\"elementor-element elementor-element-a6e4ed7 elementor-view-default elementor-widget elementor-widget-icon\" data-id=\"a6e4ed7\" data-element_type=\"widget\" data-widget_type=\"icon.default\">\n\t\t\t\t<div class=\"elementor-widget-container\">\n\t\t\t\t\t\t\t<div class=\"elementor-icon-wrapper\">\n\t\t\t<a class=\"elementor-icon\" href=\"https:\/\/www.teatroreal.es\/proyectolova\/wp-content\/uploads\/2024\/09\/Retos-y-dinamicas-LOVA.pdf\">\n\t\t\t<i aria-hidden=\"true\" class=\"fas fa-download\"><\/i>\t\t\t<\/a>\n\t\t<\/div>\n\t\t\t\t\t\t<\/div>\n\t\t\t\t<\/div>\n\t\t\t\t\t<\/div>\n\t\t<\/div>\n\t\t\t\t\t<\/div>\n\t\t<\/section>\n\t\t\t\t\t<\/div>\n\t\t<\/div>\n\t\t\t\t\t<\/div>\n\t\t<\/section>\n\t\t\t\t<section class=\"elementor-section elementor-top-section elementor-element elementor-element-4a05c01 elementor-section-boxed elementor-section-height-default elementor-section-height-default qodef-elementor-content-no\" data-id=\"4a05c01\" data-element_type=\"section\">\n\t\t\t\t\t\t<div class=\"elementor-container elementor-column-gap-default\">\n\t\t\t\t\t<div class=\"elementor-column elementor-col-50 elementor-top-column elementor-element elementor-element-4911623\" data-id=\"4911623\" data-element_type=\"column\">\n\t\t\t<div class=\"elementor-widget-wrap elementor-element-populated\">\n\t\t\t\t\t\t<div class=\"elementor-element elementor-element-0854619 elementor-widget elementor-widget-global elementor-global-10755 elementor-widget-heading\" data-id=\"0854619\" data-element_type=\"widget\" data-widget_type=\"heading.default\">\n\t\t\t\t<div class=\"elementor-widget-container\">\n\t\t\t\t\t<h2 class=\"elementor-heading-title elementor-size-default\"><a href=\"https:\/\/www.teatroreal.es\/proyectolova\/mision-opera\/\">&lt;&lt; Volver a la p\u00e1gina de informaci\u00f3n del recurso<\/a><\/h2>\t\t\t\t<\/div>\n\t\t\t\t<\/div>\n\t\t\t\t\t<\/div>\n\t\t<\/div>\n\t\t\t\t<div class=\"elementor-column elementor-col-50 elementor-top-column elementor-element elementor-element-c7de0f1\" data-id=\"c7de0f1\" data-element_type=\"column\">\n\t\t\t<div class=\"elementor-widget-wrap elementor-element-populated\">\n\t\t\t\t\t\t<div class=\"elementor-element elementor-element-a94b675 elementor-widget elementor-widget-heading\" data-id=\"a94b675\" data-element_type=\"widget\" data-widget_type=\"heading.default\">\n\t\t\t\t<div class=\"elementor-widget-container\">\n\t\t\t\t\t<h2 class=\"elementor-heading-title elementor-size-default\"><a href=\"https:\/\/www.teatroreal.es\/proyectolova\/mision-opera-sesion-5\">Ir al ep\u00edlogo&gt;&gt;<\/a><\/h2>\t\t\t\t<\/div>\n\t\t\t\t<\/div>\n\t\t\t\t\t<\/div>\n\t\t<\/div>\n\t\t\t\t\t<\/div>\n\t\t<\/section>\n\t\t\t\t<\/div>\n\t\t","protected":false},"excerpt":{"rendered":"<p>&lt;&lt; Volver a la p\u00e1gina de informaci\u00f3n del recurso CAP\u00cdTULO 4: LA COMPA\u00d1\u00cdA En la pen\u00faltima sesi\u00f3n investigar\u00e9is sobre las diferentes profesiones de la \u00f3pera, y experimentar\u00e9is la importancia de colaborar para crear en grupo. Escucha el audio Lo que vas a necesitar Reproductor de audio con buena calidad Folios en sucio (vale un peri\u00f3dico) &#8230; <a title=\"Misi\u00f3n \u00d3pera Sesi\u00f3n 4\" class=\"read-more\" href=\"https:\/\/www.teatroreal.es\/proyectolova\/mision-opera-sesion-4\/\">Read more<\/a><\/p>\n","protected":false},"author":168,"featured_media":0,"parent":0,"menu_order":0,"comment_status":"closed","ping_status":"closed","template":"","meta":{"footnotes":""},"hashtags":[],"class_list":["post-10500","page","type-page","status-publish"],"yoast_head":"<!-- This site is optimized with the Yoast SEO plugin v26.8 - https:\/\/yoast.com\/product\/yoast-seo-wordpress\/ -->\n<title>Misi\u00f3n \u00d3pera Sesi\u00f3n 4 - L\u00d3VA<\/title>\n<meta name=\"robots\" content=\"index, follow, max-snippet:-1, max-image-preview:large, max-video-preview:-1\" \/>\n<link rel=\"canonical\" href=\"https:\/\/www.teatroreal.es\/proyectolova\/mision-opera-sesion-4\/\" \/>\n<meta property=\"og:locale\" content=\"es_ES\" \/>\n<meta property=\"og:type\" content=\"article\" \/>\n<meta property=\"og:title\" content=\"Misi\u00f3n \u00d3pera Sesi\u00f3n 4 - L\u00d3VA\" \/>\n<meta property=\"og:description\" content=\"&lt;&lt; Volver a la p\u00e1gina de informaci\u00f3n del recurso CAP\u00cdTULO 4: LA COMPA\u00d1\u00cdA En la pen\u00faltima sesi\u00f3n investigar\u00e9is sobre las diferentes profesiones de la \u00f3pera, y experimentar\u00e9is la importancia de colaborar para crear en grupo. Escucha el audio Lo que vas a necesitar Reproductor de audio con buena calidad Folios en sucio (vale un peri\u00f3dico) ... Read more\" \/>\n<meta property=\"og:url\" content=\"https:\/\/www.teatroreal.es\/proyectolova\/mision-opera-sesion-4\/\" \/>\n<meta property=\"og:site_name\" content=\"L\u00d3VA\" \/>\n<meta property=\"article:publisher\" content=\"https:\/\/www.facebook.com\/proyectolova\/\" \/>\n<meta property=\"article:modified_time\" content=\"2024-09-16T11:11:07+00:00\" \/>\n<meta property=\"og:image\" content=\"https:\/\/www.teatroreal.es\/proyectolova\/wp-content\/uploads\/2024\/09\/Diseno-sin-titulo-1-e1725537698180-768x266.png\" \/>\n<meta name=\"twitter:card\" content=\"summary_large_image\" \/>\n<meta name=\"twitter:site\" content=\"@proyectolova\" \/>\n<meta name=\"twitter:label1\" content=\"Tiempo de lectura\" \/>\n\t<meta name=\"twitter:data1\" content=\"6 minutos\" \/>\n<script type=\"application\/ld+json\" class=\"yoast-schema-graph\">{\"@context\":\"https:\/\/schema.org\",\"@graph\":[{\"@type\":\"WebPage\",\"@id\":\"https:\/\/www.teatroreal.es\/proyectolova\/mision-opera-sesion-4\/\",\"url\":\"https:\/\/www.teatroreal.es\/proyectolova\/mision-opera-sesion-4\/\",\"name\":\"Misi\u00f3n \u00d3pera Sesi\u00f3n 4 - L\u00d3VA\",\"isPartOf\":{\"@id\":\"https:\/\/www.teatroreal.es\/proyectolova\/#website\"},\"primaryImageOfPage\":{\"@id\":\"https:\/\/www.teatroreal.es\/proyectolova\/mision-opera-sesion-4\/#primaryimage\"},\"image\":{\"@id\":\"https:\/\/www.teatroreal.es\/proyectolova\/mision-opera-sesion-4\/#primaryimage\"},\"thumbnailUrl\":\"https:\/\/www.teatroreal.es\/proyectolova\/wp-content\/uploads\/2024\/09\/Diseno-sin-titulo-1-e1725537698180-768x266.png\",\"datePublished\":\"2024-06-03T09:04:13+00:00\",\"dateModified\":\"2024-09-16T11:11:07+00:00\",\"breadcrumb\":{\"@id\":\"https:\/\/www.teatroreal.es\/proyectolova\/mision-opera-sesion-4\/#breadcrumb\"},\"inLanguage\":\"es\",\"potentialAction\":[{\"@type\":\"ReadAction\",\"target\":[\"https:\/\/www.teatroreal.es\/proyectolova\/mision-opera-sesion-4\/\"]}]},{\"@type\":\"ImageObject\",\"inLanguage\":\"es\",\"@id\":\"https:\/\/www.teatroreal.es\/proyectolova\/mision-opera-sesion-4\/#primaryimage\",\"url\":\"https:\/\/www.teatroreal.es\/proyectolova\/wp-content\/uploads\/2024\/09\/Diseno-sin-titulo-1-e1725537698180.png\",\"contentUrl\":\"https:\/\/www.teatroreal.es\/proyectolova\/wp-content\/uploads\/2024\/09\/Diseno-sin-titulo-1-e1725537698180.png\",\"width\":1280,\"height\":443},{\"@type\":\"BreadcrumbList\",\"@id\":\"https:\/\/www.teatroreal.es\/proyectolova\/mision-opera-sesion-4\/#breadcrumb\",\"itemListElement\":[{\"@type\":\"ListItem\",\"position\":1,\"name\":\"Portada\",\"item\":\"https:\/\/www.teatroreal.es\/proyectolova\/\"},{\"@type\":\"ListItem\",\"position\":2,\"name\":\"Misi\u00f3n \u00d3pera Sesi\u00f3n 4\"}]},{\"@type\":\"WebSite\",\"@id\":\"https:\/\/www.teatroreal.es\/proyectolova\/#website\",\"url\":\"https:\/\/www.teatroreal.es\/proyectolova\/\",\"name\":\"L\u00d3VA\",\"description\":\"La \u00d3pera, un Veh\u00edculo de Aprendizaje\",\"publisher\":{\"@id\":\"https:\/\/www.teatroreal.es\/proyectolova\/#organization\"},\"potentialAction\":[{\"@type\":\"SearchAction\",\"target\":{\"@type\":\"EntryPoint\",\"urlTemplate\":\"https:\/\/www.teatroreal.es\/proyectolova\/?s={search_term_string}\"},\"query-input\":{\"@type\":\"PropertyValueSpecification\",\"valueRequired\":true,\"valueName\":\"search_term_string\"}}],\"inLanguage\":\"es\"},{\"@type\":\"Organization\",\"@id\":\"https:\/\/www.teatroreal.es\/proyectolova\/#organization\",\"name\":\"L\u00d3VA\",\"url\":\"https:\/\/www.teatroreal.es\/proyectolova\/\",\"logo\":{\"@type\":\"ImageObject\",\"inLanguage\":\"es\",\"@id\":\"https:\/\/www.teatroreal.es\/proyectolova\/#\/schema\/logo\/image\/\",\"url\":\"https:\/\/www.teatroreal.es\/proyectolova\/wp-content\/uploads\/2018\/01\/logo-L\u00d3VA-Marin\u00e9.jpg\",\"contentUrl\":\"https:\/\/www.teatroreal.es\/proyectolova\/wp-content\/uploads\/2018\/01\/logo-L\u00d3VA-Marin\u00e9.jpg\",\"width\":1890,\"height\":2848,\"caption\":\"L\u00d3VA\"},\"image\":{\"@id\":\"https:\/\/www.teatroreal.es\/proyectolova\/#\/schema\/logo\/image\/\"},\"sameAs\":[\"https:\/\/www.facebook.com\/proyectolova\/\",\"https:\/\/x.com\/proyectolova\",\"https:\/\/www.instagram.com\/proyectolova\/\",\"https:\/\/www.linkedin.com\/company\/proyectolova\/\",\"https:\/\/www.youtube.com\/user\/mecenartis\"]}]}<\/script>\n<!-- \/ Yoast SEO plugin. -->","yoast_head_json":{"title":"Misi\u00f3n \u00d3pera Sesi\u00f3n 4 - L\u00d3VA","robots":{"index":"index","follow":"follow","max-snippet":"max-snippet:-1","max-image-preview":"max-image-preview:large","max-video-preview":"max-video-preview:-1"},"canonical":"https:\/\/www.teatroreal.es\/proyectolova\/mision-opera-sesion-4\/","og_locale":"es_ES","og_type":"article","og_title":"Misi\u00f3n \u00d3pera Sesi\u00f3n 4 - L\u00d3VA","og_description":"&lt;&lt; Volver a la p\u00e1gina de informaci\u00f3n del recurso CAP\u00cdTULO 4: LA COMPA\u00d1\u00cdA En la pen\u00faltima sesi\u00f3n investigar\u00e9is sobre las diferentes profesiones de la \u00f3pera, y experimentar\u00e9is la importancia de colaborar para crear en grupo. Escucha el audio Lo que vas a necesitar Reproductor de audio con buena calidad Folios en sucio (vale un peri\u00f3dico) ... Read more","og_url":"https:\/\/www.teatroreal.es\/proyectolova\/mision-opera-sesion-4\/","og_site_name":"L\u00d3VA","article_publisher":"https:\/\/www.facebook.com\/proyectolova\/","article_modified_time":"2024-09-16T11:11:07+00:00","og_image":[{"url":"https:\/\/www.teatroreal.es\/proyectolova\/wp-content\/uploads\/2024\/09\/Diseno-sin-titulo-1-e1725537698180-768x266.png","type":"","width":"","height":""}],"twitter_card":"summary_large_image","twitter_site":"@proyectolova","twitter_misc":{"Tiempo de lectura":"6 minutos"},"schema":{"@context":"https:\/\/schema.org","@graph":[{"@type":"WebPage","@id":"https:\/\/www.teatroreal.es\/proyectolova\/mision-opera-sesion-4\/","url":"https:\/\/www.teatroreal.es\/proyectolova\/mision-opera-sesion-4\/","name":"Misi\u00f3n \u00d3pera Sesi\u00f3n 4 - L\u00d3VA","isPartOf":{"@id":"https:\/\/www.teatroreal.es\/proyectolova\/#website"},"primaryImageOfPage":{"@id":"https:\/\/www.teatroreal.es\/proyectolova\/mision-opera-sesion-4\/#primaryimage"},"image":{"@id":"https:\/\/www.teatroreal.es\/proyectolova\/mision-opera-sesion-4\/#primaryimage"},"thumbnailUrl":"https:\/\/www.teatroreal.es\/proyectolova\/wp-content\/uploads\/2024\/09\/Diseno-sin-titulo-1-e1725537698180-768x266.png","datePublished":"2024-06-03T09:04:13+00:00","dateModified":"2024-09-16T11:11:07+00:00","breadcrumb":{"@id":"https:\/\/www.teatroreal.es\/proyectolova\/mision-opera-sesion-4\/#breadcrumb"},"inLanguage":"es","potentialAction":[{"@type":"ReadAction","target":["https:\/\/www.teatroreal.es\/proyectolova\/mision-opera-sesion-4\/"]}]},{"@type":"ImageObject","inLanguage":"es","@id":"https:\/\/www.teatroreal.es\/proyectolova\/mision-opera-sesion-4\/#primaryimage","url":"https:\/\/www.teatroreal.es\/proyectolova\/wp-content\/uploads\/2024\/09\/Diseno-sin-titulo-1-e1725537698180.png","contentUrl":"https:\/\/www.teatroreal.es\/proyectolova\/wp-content\/uploads\/2024\/09\/Diseno-sin-titulo-1-e1725537698180.png","width":1280,"height":443},{"@type":"BreadcrumbList","@id":"https:\/\/www.teatroreal.es\/proyectolova\/mision-opera-sesion-4\/#breadcrumb","itemListElement":[{"@type":"ListItem","position":1,"name":"Portada","item":"https:\/\/www.teatroreal.es\/proyectolova\/"},{"@type":"ListItem","position":2,"name":"Misi\u00f3n \u00d3pera Sesi\u00f3n 4"}]},{"@type":"WebSite","@id":"https:\/\/www.teatroreal.es\/proyectolova\/#website","url":"https:\/\/www.teatroreal.es\/proyectolova\/","name":"L\u00d3VA","description":"La \u00d3pera, un Veh\u00edculo de Aprendizaje","publisher":{"@id":"https:\/\/www.teatroreal.es\/proyectolova\/#organization"},"potentialAction":[{"@type":"SearchAction","target":{"@type":"EntryPoint","urlTemplate":"https:\/\/www.teatroreal.es\/proyectolova\/?s={search_term_string}"},"query-input":{"@type":"PropertyValueSpecification","valueRequired":true,"valueName":"search_term_string"}}],"inLanguage":"es"},{"@type":"Organization","@id":"https:\/\/www.teatroreal.es\/proyectolova\/#organization","name":"L\u00d3VA","url":"https:\/\/www.teatroreal.es\/proyectolova\/","logo":{"@type":"ImageObject","inLanguage":"es","@id":"https:\/\/www.teatroreal.es\/proyectolova\/#\/schema\/logo\/image\/","url":"https:\/\/www.teatroreal.es\/proyectolova\/wp-content\/uploads\/2018\/01\/logo-L\u00d3VA-Marin\u00e9.jpg","contentUrl":"https:\/\/www.teatroreal.es\/proyectolova\/wp-content\/uploads\/2018\/01\/logo-L\u00d3VA-Marin\u00e9.jpg","width":1890,"height":2848,"caption":"L\u00d3VA"},"image":{"@id":"https:\/\/www.teatroreal.es\/proyectolova\/#\/schema\/logo\/image\/"},"sameAs":["https:\/\/www.facebook.com\/proyectolova\/","https:\/\/x.com\/proyectolova","https:\/\/www.instagram.com\/proyectolova\/","https:\/\/www.linkedin.com\/company\/proyectolova\/","https:\/\/www.youtube.com\/user\/mecenartis"]}]}},"_links":{"self":[{"href":"https:\/\/www.teatroreal.es\/proyectolova\/wp-json\/wp\/v2\/pages\/10500","targetHints":{"allow":["GET"]}}],"collection":[{"href":"https:\/\/www.teatroreal.es\/proyectolova\/wp-json\/wp\/v2\/pages"}],"about":[{"href":"https:\/\/www.teatroreal.es\/proyectolova\/wp-json\/wp\/v2\/types\/page"}],"author":[{"embeddable":true,"href":"https:\/\/www.teatroreal.es\/proyectolova\/wp-json\/wp\/v2\/users\/168"}],"replies":[{"embeddable":true,"href":"https:\/\/www.teatroreal.es\/proyectolova\/wp-json\/wp\/v2\/comments?post=10500"}],"version-history":[{"count":47,"href":"https:\/\/www.teatroreal.es\/proyectolova\/wp-json\/wp\/v2\/pages\/10500\/revisions"}],"predecessor-version":[{"id":10936,"href":"https:\/\/www.teatroreal.es\/proyectolova\/wp-json\/wp\/v2\/pages\/10500\/revisions\/10936"}],"wp:attachment":[{"href":"https:\/\/www.teatroreal.es\/proyectolova\/wp-json\/wp\/v2\/media?parent=10500"}],"wp:term":[{"taxonomy":"hashtags","embeddable":true,"href":"https:\/\/www.teatroreal.es\/proyectolova\/wp-json\/wp\/v2\/hashtags?post=10500"}],"curies":[{"name":"wp","href":"https:\/\/api.w.org\/{rel}","templated":true}]}}