{"id":11405,"date":"2026-02-24T12:17:18","date_gmt":"2026-02-24T10:17:18","guid":{"rendered":"https:\/\/www.teatroreal.es\/proyectolova\/?page_id=11405"},"modified":"2026-02-24T12:53:31","modified_gmt":"2026-02-24T10:53:31","slug":"feria-de-companias","status":"publish","type":"page","link":"https:\/\/www.teatroreal.es\/proyectolova\/feria-de-companias\/","title":{"rendered":"Feria de compa\u00f1\u00edas"},"content":{"rendered":"\t\t<div data-elementor-type=\"wp-page\" data-elementor-id=\"11405\" class=\"elementor elementor-11405\" data-elementor-post-type=\"page\">\n\t\t\t\t\t\t<section class=\"elementor-section elementor-top-section elementor-element elementor-element-cf1bd7d elementor-section-boxed elementor-section-height-default elementor-section-height-default qodef-elementor-content-no\" data-id=\"cf1bd7d\" data-element_type=\"section\">\n\t\t\t\t\t\t<div class=\"elementor-container elementor-column-gap-default\">\n\t\t\t\t\t<div class=\"elementor-column elementor-col-100 elementor-top-column elementor-element elementor-element-bca4c68\" data-id=\"bca4c68\" data-element_type=\"column\">\n\t\t\t<div class=\"elementor-widget-wrap elementor-element-populated\">\n\t\t\t\t\t\t<div class=\"elementor-element elementor-element-ec95cc5 elementor-widget elementor-widget-video\" data-id=\"ec95cc5\" data-element_type=\"widget\" data-settings=\"{&quot;youtube_url&quot;:&quot;https:\\\/\\\/youtu.be\\\/yaYCGzPOaO0?si=xe1JBD42V8BhtW1Q&quot;,&quot;video_type&quot;:&quot;youtube&quot;,&quot;controls&quot;:&quot;yes&quot;}\" data-widget_type=\"video.default\">\n\t\t\t\t<div class=\"elementor-widget-container\">\n\t\t\t\t\t\t\t<div class=\"elementor-wrapper elementor-open-inline\">\n\t\t\t<div class=\"elementor-video\"><\/div>\t\t<\/div>\n\t\t\t\t\t\t<\/div>\n\t\t\t\t<\/div>\n\t\t\t\t\t<\/div>\n\t\t<\/div>\n\t\t\t\t\t<\/div>\n\t\t<\/section>\n\t\t\t\t<section class=\"elementor-section elementor-top-section elementor-element elementor-element-3ca17ee elementor-section-boxed elementor-section-height-default elementor-section-height-default qodef-elementor-content-no\" data-id=\"3ca17ee\" data-element_type=\"section\">\n\t\t\t\t\t\t<div class=\"elementor-container elementor-column-gap-default\">\n\t\t\t\t\t<div class=\"elementor-column elementor-col-100 elementor-top-column elementor-element elementor-element-3817269\" data-id=\"3817269\" data-element_type=\"column\">\n\t\t\t<div class=\"elementor-widget-wrap elementor-element-populated\">\n\t\t\t\t\t\t<div class=\"elementor-element elementor-element-3e0efd2 elementor-widget elementor-widget-text-editor\" data-id=\"3e0efd2\" data-element_type=\"widget\" data-widget_type=\"text-editor.default\">\n\t\t\t\t<div class=\"elementor-widget-container\">\n\t\t\t\t\t\t\t\t\t<p>La Feria de Compa\u00f1\u00edas L\u00d3VA es un evento anual que se celebra desde 2023 como parte del proyecto educativo L\u00d3VA (La \u00d3pera, un Veh\u00edculo de Aprendizaje).<\/p><p>Este encuentro re\u00fane a compa\u00f1\u00edas formadas por alumnos y alumnas y centros educativos de diferentes procedencias, que presentan sus proyectos, productos y materiales en stands dise\u00f1ados por ellos mismos. La feria funciona como un espacio de intercambio, aprendizaje y exhibici\u00f3n, donde los participantes comparten su trabajo, creatividad y experiencia con otros asistentes y compa\u00f1\u00edas.\u00a0<\/p><p>Desde su primera edici\u00f3n en abril de 2023, el evento ha contado con la participaci\u00f3n de decenas de compa\u00f1\u00edas y cientos de estudiantes, consolid\u00e1ndose como una cita anual que fomenta el trabajo en equipo, el emprendimiento, la creatividad y el desarrollo de habilidades organizativas.\u00a0<\/p><p>Un elemento especialmente destacado es la participaci\u00f3n del equipo t\u00e9cnico del teatro y otros artistas y arte-educadores, que organizan talleres y actividades pr\u00e1cticas desde \u00e1reas como sastrer\u00eda, caracterizaci\u00f3n, iluminaci\u00f3n, regidur\u00eda, audiovisuales o utiler\u00eda. Gracias a su implicaci\u00f3n, el alumnado puede conocer de primera mano el funcionamiento t\u00e9cnico de una producci\u00f3n esc\u00e9nica y vivir una experiencia educativa m\u00e1s completa y cercana a la realidad profesional.\u00a0<\/p><p>La Feria de Compa\u00f1\u00edas LOVA es un evento que combina educaci\u00f3n, creatividad y esp\u00edritu emprendedor, convirti\u00e9ndose en un punto de encuentro anual donde el alumnado muestra su proceso.<\/p>\t\t\t\t\t\t\t\t<\/div>\n\t\t\t\t<\/div>\n\t\t\t\t\t<\/div>\n\t\t<\/div>\n\t\t\t\t\t<\/div>\n\t\t<\/section>\n\t\t\t\t<\/div>\n\t\t","protected":false},"excerpt":{"rendered":"<p>https:\/\/youtu.be\/yaYCGzPOaO0?si=xe1JBD42V8BhtW1Q La Feria de Compa\u00f1\u00edas L\u00d3VA es un evento anual que se celebra desde 2023 como parte del proyecto educativo L\u00d3VA (La \u00d3pera, un Veh\u00edculo de Aprendizaje). Este encuentro re\u00fane a compa\u00f1\u00edas formadas por alumnos y alumnas y centros educativos de diferentes procedencias, que presentan sus proyectos, productos y materiales en stands dise\u00f1ados por ellos &#8230; <a title=\"Feria de compa\u00f1\u00edas\" class=\"read-more\" href=\"https:\/\/www.teatroreal.es\/proyectolova\/feria-de-companias\/\">Read more<\/a><\/p>\n","protected":false},"author":168,"featured_media":0,"parent":0,"menu_order":0,"comment_status":"closed","ping_status":"closed","template":"","meta":{"footnotes":""},"hashtags":[],"class_list":["post-11405","page","type-page","status-publish"],"yoast_head":"<!-- This site is optimized with the Yoast SEO plugin v26.8 - https:\/\/yoast.com\/product\/yoast-seo-wordpress\/ -->\n<title>Feria de compa\u00f1\u00edas - L\u00d3VA<\/title>\n<meta name=\"robots\" content=\"index, follow, max-snippet:-1, max-image-preview:large, max-video-preview:-1\" \/>\n<link rel=\"canonical\" href=\"https:\/\/www.teatroreal.es\/proyectolova\/feria-de-companias\/\" \/>\n<meta property=\"og:locale\" content=\"es_ES\" \/>\n<meta property=\"og:type\" content=\"article\" \/>\n<meta property=\"og:title\" content=\"Feria de compa\u00f1\u00edas - L\u00d3VA\" \/>\n<meta property=\"og:description\" content=\"https:\/\/youtu.be\/yaYCGzPOaO0?si=xe1JBD42V8BhtW1Q La Feria de Compa\u00f1\u00edas L\u00d3VA es un evento anual que se celebra desde 2023 como parte del proyecto educativo L\u00d3VA (La \u00d3pera, un Veh\u00edculo de Aprendizaje). Este encuentro re\u00fane a compa\u00f1\u00edas formadas por alumnos y alumnas y centros educativos de diferentes procedencias, que presentan sus proyectos, productos y materiales en stands dise\u00f1ados por ellos ... Read more\" \/>\n<meta property=\"og:url\" content=\"https:\/\/www.teatroreal.es\/proyectolova\/feria-de-companias\/\" \/>\n<meta property=\"og:site_name\" content=\"L\u00d3VA\" \/>\n<meta property=\"article:publisher\" content=\"https:\/\/www.facebook.com\/proyectolova\/\" \/>\n<meta property=\"article:modified_time\" content=\"2026-02-24T10:53:31+00:00\" \/>\n<meta name=\"twitter:card\" content=\"summary_large_image\" \/>\n<meta name=\"twitter:site\" content=\"@proyectolova\" \/>\n<meta name=\"twitter:label1\" content=\"Tiempo de lectura\" \/>\n\t<meta name=\"twitter:data1\" content=\"1 minuto\" \/>\n<script type=\"application\/ld+json\" class=\"yoast-schema-graph\">{\"@context\":\"https:\/\/schema.org\",\"@graph\":[{\"@type\":\"WebPage\",\"@id\":\"https:\/\/www.teatroreal.es\/proyectolova\/feria-de-companias\/\",\"url\":\"https:\/\/www.teatroreal.es\/proyectolova\/feria-de-companias\/\",\"name\":\"Feria de compa\u00f1\u00edas - L\u00d3VA\",\"isPartOf\":{\"@id\":\"https:\/\/www.teatroreal.es\/proyectolova\/#website\"},\"datePublished\":\"2026-02-24T10:17:18+00:00\",\"dateModified\":\"2026-02-24T10:53:31+00:00\",\"breadcrumb\":{\"@id\":\"https:\/\/www.teatroreal.es\/proyectolova\/feria-de-companias\/#breadcrumb\"},\"inLanguage\":\"es\",\"potentialAction\":[{\"@type\":\"ReadAction\",\"target\":[\"https:\/\/www.teatroreal.es\/proyectolova\/feria-de-companias\/\"]}]},{\"@type\":\"BreadcrumbList\",\"@id\":\"https:\/\/www.teatroreal.es\/proyectolova\/feria-de-companias\/#breadcrumb\",\"itemListElement\":[{\"@type\":\"ListItem\",\"position\":1,\"name\":\"Portada\",\"item\":\"https:\/\/www.teatroreal.es\/proyectolova\/\"},{\"@type\":\"ListItem\",\"position\":2,\"name\":\"Feria de compa\u00f1\u00edas\"}]},{\"@type\":\"WebSite\",\"@id\":\"https:\/\/www.teatroreal.es\/proyectolova\/#website\",\"url\":\"https:\/\/www.teatroreal.es\/proyectolova\/\",\"name\":\"L\u00d3VA\",\"description\":\"La \u00d3pera, un Veh\u00edculo de Aprendizaje\",\"publisher\":{\"@id\":\"https:\/\/www.teatroreal.es\/proyectolova\/#organization\"},\"potentialAction\":[{\"@type\":\"SearchAction\",\"target\":{\"@type\":\"EntryPoint\",\"urlTemplate\":\"https:\/\/www.teatroreal.es\/proyectolova\/?s={search_term_string}\"},\"query-input\":{\"@type\":\"PropertyValueSpecification\",\"valueRequired\":true,\"valueName\":\"search_term_string\"}}],\"inLanguage\":\"es\"},{\"@type\":\"Organization\",\"@id\":\"https:\/\/www.teatroreal.es\/proyectolova\/#organization\",\"name\":\"L\u00d3VA\",\"url\":\"https:\/\/www.teatroreal.es\/proyectolova\/\",\"logo\":{\"@type\":\"ImageObject\",\"inLanguage\":\"es\",\"@id\":\"https:\/\/www.teatroreal.es\/proyectolova\/#\/schema\/logo\/image\/\",\"url\":\"https:\/\/www.teatroreal.es\/proyectolova\/wp-content\/uploads\/2018\/01\/logo-L\u00d3VA-Marin\u00e9.jpg\",\"contentUrl\":\"https:\/\/www.teatroreal.es\/proyectolova\/wp-content\/uploads\/2018\/01\/logo-L\u00d3VA-Marin\u00e9.jpg\",\"width\":1890,\"height\":2848,\"caption\":\"L\u00d3VA\"},\"image\":{\"@id\":\"https:\/\/www.teatroreal.es\/proyectolova\/#\/schema\/logo\/image\/\"},\"sameAs\":[\"https:\/\/www.facebook.com\/proyectolova\/\",\"https:\/\/x.com\/proyectolova\",\"https:\/\/www.instagram.com\/proyectolova\/\",\"https:\/\/www.linkedin.com\/company\/proyectolova\/\",\"https:\/\/www.youtube.com\/user\/mecenartis\"]}]}<\/script>\n<!-- \/ Yoast SEO plugin. -->","yoast_head_json":{"title":"Feria de compa\u00f1\u00edas - L\u00d3VA","robots":{"index":"index","follow":"follow","max-snippet":"max-snippet:-1","max-image-preview":"max-image-preview:large","max-video-preview":"max-video-preview:-1"},"canonical":"https:\/\/www.teatroreal.es\/proyectolova\/feria-de-companias\/","og_locale":"es_ES","og_type":"article","og_title":"Feria de compa\u00f1\u00edas - L\u00d3VA","og_description":"https:\/\/youtu.be\/yaYCGzPOaO0?si=xe1JBD42V8BhtW1Q La Feria de Compa\u00f1\u00edas L\u00d3VA es un evento anual que se celebra desde 2023 como parte del proyecto educativo L\u00d3VA (La \u00d3pera, un Veh\u00edculo de Aprendizaje). Este encuentro re\u00fane a compa\u00f1\u00edas formadas por alumnos y alumnas y centros educativos de diferentes procedencias, que presentan sus proyectos, productos y materiales en stands dise\u00f1ados por ellos ... Read more","og_url":"https:\/\/www.teatroreal.es\/proyectolova\/feria-de-companias\/","og_site_name":"L\u00d3VA","article_publisher":"https:\/\/www.facebook.com\/proyectolova\/","article_modified_time":"2026-02-24T10:53:31+00:00","twitter_card":"summary_large_image","twitter_site":"@proyectolova","twitter_misc":{"Tiempo de lectura":"1 minuto"},"schema":{"@context":"https:\/\/schema.org","@graph":[{"@type":"WebPage","@id":"https:\/\/www.teatroreal.es\/proyectolova\/feria-de-companias\/","url":"https:\/\/www.teatroreal.es\/proyectolova\/feria-de-companias\/","name":"Feria de compa\u00f1\u00edas - L\u00d3VA","isPartOf":{"@id":"https:\/\/www.teatroreal.es\/proyectolova\/#website"},"datePublished":"2026-02-24T10:17:18+00:00","dateModified":"2026-02-24T10:53:31+00:00","breadcrumb":{"@id":"https:\/\/www.teatroreal.es\/proyectolova\/feria-de-companias\/#breadcrumb"},"inLanguage":"es","potentialAction":[{"@type":"ReadAction","target":["https:\/\/www.teatroreal.es\/proyectolova\/feria-de-companias\/"]}]},{"@type":"BreadcrumbList","@id":"https:\/\/www.teatroreal.es\/proyectolova\/feria-de-companias\/#breadcrumb","itemListElement":[{"@type":"ListItem","position":1,"name":"Portada","item":"https:\/\/www.teatroreal.es\/proyectolova\/"},{"@type":"ListItem","position":2,"name":"Feria de compa\u00f1\u00edas"}]},{"@type":"WebSite","@id":"https:\/\/www.teatroreal.es\/proyectolova\/#website","url":"https:\/\/www.teatroreal.es\/proyectolova\/","name":"L\u00d3VA","description":"La \u00d3pera, un Veh\u00edculo de Aprendizaje","publisher":{"@id":"https:\/\/www.teatroreal.es\/proyectolova\/#organization"},"potentialAction":[{"@type":"SearchAction","target":{"@type":"EntryPoint","urlTemplate":"https:\/\/www.teatroreal.es\/proyectolova\/?s={search_term_string}"},"query-input":{"@type":"PropertyValueSpecification","valueRequired":true,"valueName":"search_term_string"}}],"inLanguage":"es"},{"@type":"Organization","@id":"https:\/\/www.teatroreal.es\/proyectolova\/#organization","name":"L\u00d3VA","url":"https:\/\/www.teatroreal.es\/proyectolova\/","logo":{"@type":"ImageObject","inLanguage":"es","@id":"https:\/\/www.teatroreal.es\/proyectolova\/#\/schema\/logo\/image\/","url":"https:\/\/www.teatroreal.es\/proyectolova\/wp-content\/uploads\/2018\/01\/logo-L\u00d3VA-Marin\u00e9.jpg","contentUrl":"https:\/\/www.teatroreal.es\/proyectolova\/wp-content\/uploads\/2018\/01\/logo-L\u00d3VA-Marin\u00e9.jpg","width":1890,"height":2848,"caption":"L\u00d3VA"},"image":{"@id":"https:\/\/www.teatroreal.es\/proyectolova\/#\/schema\/logo\/image\/"},"sameAs":["https:\/\/www.facebook.com\/proyectolova\/","https:\/\/x.com\/proyectolova","https:\/\/www.instagram.com\/proyectolova\/","https:\/\/www.linkedin.com\/company\/proyectolova\/","https:\/\/www.youtube.com\/user\/mecenartis"]}]}},"_links":{"self":[{"href":"https:\/\/www.teatroreal.es\/proyectolova\/wp-json\/wp\/v2\/pages\/11405","targetHints":{"allow":["GET"]}}],"collection":[{"href":"https:\/\/www.teatroreal.es\/proyectolova\/wp-json\/wp\/v2\/pages"}],"about":[{"href":"https:\/\/www.teatroreal.es\/proyectolova\/wp-json\/wp\/v2\/types\/page"}],"author":[{"embeddable":true,"href":"https:\/\/www.teatroreal.es\/proyectolova\/wp-json\/wp\/v2\/users\/168"}],"replies":[{"embeddable":true,"href":"https:\/\/www.teatroreal.es\/proyectolova\/wp-json\/wp\/v2\/comments?post=11405"}],"version-history":[{"count":6,"href":"https:\/\/www.teatroreal.es\/proyectolova\/wp-json\/wp\/v2\/pages\/11405\/revisions"}],"predecessor-version":[{"id":11416,"href":"https:\/\/www.teatroreal.es\/proyectolova\/wp-json\/wp\/v2\/pages\/11405\/revisions\/11416"}],"wp:attachment":[{"href":"https:\/\/www.teatroreal.es\/proyectolova\/wp-json\/wp\/v2\/media?parent=11405"}],"wp:term":[{"taxonomy":"hashtags","embeddable":true,"href":"https:\/\/www.teatroreal.es\/proyectolova\/wp-json\/wp\/v2\/hashtags?post=11405"}],"curies":[{"name":"wp","href":"https:\/\/api.w.org\/{rel}","templated":true}]}}