{"id":3020,"date":"2015-11-02T07:32:35","date_gmt":"2015-11-02T06:32:35","guid":{"rendered":"https:\/\/www.teatroreal.es\/proyectolova\/?page_id=3020"},"modified":"2015-11-18T14:40:04","modified_gmt":"2015-11-18T13:40:04","slug":"talleres-aprendanza15","status":"publish","type":"page","link":"https:\/\/www.teatroreal.es\/proyectolova\/talleres-aprendanza15\/","title":{"rendered":"Talleres #aprendanza15"},"content":{"rendered":"<h2 class=\"p1\">Monica Milocco (\u00d3pera de Gotemburgo)<br \/>\nDance Makers<\/h2>\n<p class=\"p1\"><a class=\"preload\" title=\"\" href=\"https:\/\/www.teatroreal.es\/proyectolova\/wp-content\/uploads\/2015\/11\/6895665230_3935069c9c_z.jpg\" rel=\"prettyphoto\"><img decoding=\"async\" class=\"alignleft wp-image-3042\" src=\"https:\/\/www.teatroreal.es\/proyectolova\/wp-content\/uploads\/2015\/11\/6895665230_3935069c9c_z.jpg\" alt=\"6895665230_3935069c9c_z\" width=\"139\" height=\"139\" srcset=\"https:\/\/www.teatroreal.es\/proyectolova\/wp-content\/uploads\/2015\/11\/6895665230_3935069c9c_z.jpg 640w, https:\/\/www.teatroreal.es\/proyectolova\/wp-content\/uploads\/2015\/11\/6895665230_3935069c9c_z-150x150.jpg 150w, https:\/\/www.teatroreal.es\/proyectolova\/wp-content\/uploads\/2015\/11\/6895665230_3935069c9c_z-300x300.jpg 300w, https:\/\/www.teatroreal.es\/proyectolova\/wp-content\/uploads\/2015\/11\/6895665230_3935069c9c_z-310x310.jpg 310w\" sizes=\"(max-width: 139px) 100vw, 139px\" \/><\/a>Dance Makers es el nombre del proyecto que hago hace a\u00f1os con ni\u00f1@s y docentes de colegios de la zona de Gotemburgo. Crearemos movimiento a partir de diversos temas, con herramientas para inspirar e invitar a l@s ni\u00f1@s a crear sus propias coreograf\u00edas. As\u00ed podr\u00e1n conocer su cuerpo, movimiento y expresi\u00f3n utilizando el espacio de muchas formas<\/p>\n<p class=\"p1\"><strong>Monica Milocco<\/strong>\u00a0se uni\u00f3 en 1989 a la Compa\u00f1\u00eda de Danza de Gotemburgo, donde ha trabajado con numerosos core\u00f3grafos y ha interpretado diversos papeles (el papel principal en la <em>Giselle<\/em> de Mats Ek, Lotta en <em>El Cascanueces,<\/em> la Esposa en <em>Anima<\/em>, Miss Blau en <em>Lola, Blau, Artifact II, Duende, Petite Mort, Wind Around My Heart <\/em>y<em>\u00a0Julie<\/em>. Tambi\u00e9n ha trabajado como core\u00f3grafa. Desde 2011 es responsable del programa educativo de danza y del programa\u00a0con ni\u00f1os y j\u00f3venes Skapa\/Dans de la \u00d3pera de Gotemburgo. Adem\u00e1s, da clases en la Universidad de M\u00fasica y Arte Dram\u00e1tico. Durante los \u00faltimos quince a\u00f1os ha impartido clases a colegios y colectivos profesionales de ballet, jazz y danza contempor\u00e1nea.<\/p>\n<p class=\"p1\">Monica viene a #aprendanza15 gracias a nuestra excelente relaci\u00f3n con <a href=\"http:\/\/www.reseo.org\">RESEO<\/a>, red europea de 80 departamentos educativos de danza y \u00f3pera en 21 pa\u00edses (www.reseo.org)<\/p>\n<p class=\"p1\">Dance makers<\/p>\n<p class=\"p1\">Cosas a tener en cuenta<\/p>\n<ul class=\"ul1\">\n<li class=\"li1\">Elige un grupo con el que quieras trabajar y con el que puedas ser creativa\/o<\/li>\n<li class=\"li1\">Ten un equipo de m\u00fasica<\/li>\n<li class=\"li1\">Que los ni\u00f1os vayan vestidos c\u00f3modos. Probablemente mejor descalzos<\/li>\n<li class=\"li1\">Haz un plan claro para ti sobre c\u00f3mo desarrollar la sesi\u00f3n<\/li>\n<\/ul>\n<p class=\"p1\">Antes de empezar<\/p>\n<ul class=\"ul1\">\n<li class=\"li1\">Elige un tema para el proceso. Por ejemplo, una historia, una cuesti\u00f3n, un cuadro, un poema.<\/li>\n<li class=\"li1\">Conecta el plan con el tema y que de ah\u00ed salgan tareas concretas<\/li>\n<li class=\"li1\">A partir del tema principal, saca nuevos temas. Por ejemplo: el bosque, \u00e1rboles, animales, p\u00e1jaros y serpientes, etc.<\/li>\n<li class=\"li1\">Elige m\u00fasica sin palabras que tenga la duraci\u00f3n adecuada y que pueda conectar con las emociones del tema y de los subtemas<\/li>\n<\/ul>\n<p class=\"p1\">Un tema estimulante<\/p>\n<ul class=\"ul1\">\n<li class=\"li1\">Una asignatura: por ejemplo, algo relacionado con la naturaleza, con las matem\u00e1ticas,<span class=\"Apple-converted-space\">\u00a0 <\/span>con las letras o con la historia<\/li>\n<li class=\"li1\">Una historia: por ejemplo, un libro, una pel\u00edcula, un espect\u00e1culo de danza o una historia inventada por los ni\u00f1os<\/li>\n<li class=\"li1\">Im\u00e1genes: de un cuadro, una foto o dibujos de los ni\u00f1os. Y a partir de ah\u00ed, puedes trabajar con colores, formas, relaciones, caracteres, etc.<\/li>\n<li class=\"li1\">Poemas: por ejemplo, distintas palabras de un mismo poema, el ritmo o el tema del poema<\/li>\n<li class=\"li1\">M\u00fasica: por ejemplo, las emociones, los matices o las im\u00e1genes que evoca la m\u00fasica<\/li>\n<\/ul>\n<p class=\"p1\">Cosas para indagar\/divagar a lo largo del proceso<\/p>\n<ul class=\"ul1\">\n<li class=\"li1\">Matices: r\u00e1pido\/lento, fuerte\/suave, pesado\/ligero, tenso\/relajado<\/li>\n<li class=\"li1\">Formas de sacar movimiento: repite un movimiento y\/o encuentra variaciones en el espacio, niveles de altura, foco, superficie (suelo, aire), el cuerpo en el espacio, patrones, agrupamientos, etc.<\/li>\n<li class=\"li1\">Ahora ya puedes partir de la creatividad de los ni\u00f1os y de su movimiento con diferentes juegos y ejercicios conectados con el tema<\/li>\n<li class=\"li1\">Todos pueden descubrir, crear y desarrollar movimientos.<\/li>\n<\/ul>\n<p class=\"p1\">Monica Milocco<br \/>\n\u00d3pera de Gotemburgo<br \/>\nwww.opera.se<br \/>\nmonika.milocco@opera.se<\/p>\n<h2 class=\"p2\"><b>Aitana Cordero<br \/>\n<\/b><b>Instrucciones para olvidar-se \/ Buscando la p\u00e9rdida \/ El dos<\/b><\/h2>\n<p class=\"p3\"><i>Taller de Entrenamiento e Investigaci\u00f3n f\u00edsico-conceptual-epistolar-performatico-macarra-hedonista-idioTincr\u00e1tico y sin \u00e1nimo de lujo sobre las posibilidades del encuentro entre cuerpos.<\/i><\/p>\n<p class=\"p3\"><span class=\"s1\">Idea general<\/span><\/p>\n<p class=\"p3\">Propongo un lugar en el que borrar la memoria.<\/p>\n<p class=\"p3\">Intentando olvidar o intentando no recordar como un cuerpo es percibido, como deber\u00eda comportarse, como ha aprendido a moverse, a organizarse f\u00edsicamente y a relacionarse con otros cuerpos.<\/p>\n<p class=\"p3\">Olvidar como estrategia para ser m\u00e1s accesible y redefinir t\u00e9cnica, movimiento y encuentros.<\/p>\n<p class=\"p3\">Olvidando como estrategia para construir y generar movimiento y nuevos vocabularios.<\/p>\n<p class=\"p3\">Explorando los limites de lo desconocido, negociando con el peso y el poder de lo conocido.<\/p>\n<p class=\"p3\">Propongo un lugar donde buscar, aceptar y utilizar la p\u00e9rdida. La p\u00e9rdida del control, la p\u00e9rdida de la forma, la p\u00e9rdida de expectativas, la p\u00e9rdida de significados.<\/p>\n<p class=\"p3\">Vamos a probar a ser cuerpos que consiguen ser algo distinto a lo que siempre hab\u00edan sido, cuerpos que aceptan no tener el control, cuerpos que no deciden, cuerpos que reaccionan, que se entregan al presente continuo, cuerpos capaces de no ser&#8230;<\/p>\n<p class=\"p3\">Redefiniendo el mapa de nuestro anatom\u00eda, redefiniendo el mapa de nuestras necesidades, redefiniendo el mapa de nuestras decisiones&#8230;y construyendo un Atlas alternativo por el que viajar&#8230;y perderse de Nuevo.<\/p>\n<p class=\"p3\">Entrenamiento f\u00edsico, manipulaciones , terapias ficticias, poemas visuales, colecci\u00f3n de conflictos y accidentes saludables sobre las posibilidades del encuentro entre DOS cuerpos.<\/p>\n<p class=\"p3\"><span class=\"s1\">Forma de trabajo y metodolog\u00eda<\/span><\/p>\n<p class=\"p3\">Este es un taller-experiencia-investigaci\u00f3n donde la t\u00e9cnica y la practica ser\u00e1n los principales protagonistas.<\/p>\n<p class=\"p3\">Estar\u00e1 estructurado en 3 partes donde, siempre con la idea de \u201cinvestigar como acercarnos y estar juntos\u201d se combinaran y exploraran diferentes t\u00e9cnicas de danza contempor\u00e1nea, diferentes acercamientos al cuerpo y a la presencia y diferentes t\u00e9cnicas como el Alexander, Feldenkrais junto con otras disciplinas-<\/p>\n<p class=\"p3\">artes marciales como el Judo, el Aikido y el TuiShou.<\/p>\n<p class=\"p3\">&#8211; Primera fase<\/p>\n<p class=\"p3\">Un entrenamiento energ\u00e9tico, una pr\u00e1ctica donde los participantes tendr\u00e1n que lidiar con el cansancio, la concentraci\u00f3n y donde se desarrollara sensibilidad sinest\u00e9tica, coordinaci\u00f3n, flexibilidad y concentraci\u00f3n.<\/p>\n<p class=\"p3\">&#8211; Segunda fase<\/p>\n<p class=\"p3\">\u201cLaboratorio\u201d, donde realizaremos ejercicios, experiencias y experimentos, derivas, contextos y situaciones y jugaremos con conceptos como \u201cactualizarse\u201d y \u201cser accesible\u201d.<\/p>\n<p class=\"p3\">-Y una parte Final que podr\u00edamos llamar: Tisana Digestiva, donde brevemente concluiremos la jornada y cerraremos el d\u00eda todos JUNTOS.<\/p>\n<p class=\"p3\"><b>Bio<\/b><\/p>\n<p class=\"p3\">Aitana Cordero (1979, Madrid)<\/p>\n<p class=\"p3\">Yudoca durante 10 a\u00f1os en Madrid, en 1998 decide cambiar el rumbo de sus intereses atra\u00edda por el lenguaje de la danza y de los cuerpos pensantes. Despu\u00e9s de varios a\u00f1os estudiando diferentes t\u00e9cnicas de Danza Contempor\u00e1nea y realizando peque\u00f1os trabajos coreogr\u00e1ficos, en Agosto de 2001 se instala en \u00c1msterdam donde se grad\u00faa, despu\u00e9s de 4 intensos a\u00f1os, en la SNDO (Universidad para el desarrollo de la danza y la composici\u00f3n esc\u00e9nica) y despu\u00e9s realiza el Master en Coreograf\u00eda y nuevas tecnolog\u00edas \u201cDance Unlimited\u201d, en la Escuela Superior para las artes Esc\u00e9nicas \u201cHogeschool voor the kunsten\u201d tambi\u00e9n en la capital holandesa.<\/p>\n<p class=\"p3\">Desde 2000 desarrolla sus propios proyectos, en forma de piezas, instalaciones, performances, coreograf\u00edas, eventos, pel\u00edculas, v\u00eddeos , textos, propuestas culinarias, feeding processes y \u201ccosas\u201d que han sido presentados en diversas ciudades de Europa, Am\u00e9rica del Norte y Asia.<\/p>\n<p class=\"p3\">Desde 2001 compagina sus investigaciones y trabajos art\u00edsticos con una intensa labor docente en distintas escuelas privadas y Universidades de Espa\u00f1a, Francia, Alemania, Finlandia, Gran Breta\u00f1a, L\u00edbano y Holanda. En la actualidad tambi\u00e9n realiza trabajos de dramaturgia y \u201ccompa\u00f1\u00eda y observaci\u00f3n\u201d en procesos de otros core\u00f3grafos o creadores.<\/p>\n<p class=\"p3\">Algunos de sus intereses art\u00edsticos recurrentes en sus trabajos e investigaciones son el \u201cencuentro entre cuerpos\u201d, la intimidad, la \u201csenxsualidad\u00bb, la fisicalidad de la violencia y la exploraci\u00f3n de los protocolos y convenciones de las artes esc\u00e9nicas. Otros intereses que suelen integrarse en sus procesos y creaciones son la filosof\u00eda, la literatura, los estudios de genero, la pintura y la gastronom\u00eda.<\/p>\n<p class=\"p3\">Hace dos a\u00f1os fue madre y se inici\u00f3 su nuevo proyecto \u201cforever in progress\u201d llamado Clea. En la actualidad prepara un marat\u00f3n, ha vuelto al entrenamiento de las artes marciales y a tener miedo a las tormentas el\u00e9ctricas.<\/p>\n<p class=\"p5\">V\u00eddeos:<\/p>\n<p class=\"p6\"><span class=\"s2\"><br \/>\n<a href=\"https:\/\/vimeo.com\/101709058%22%20%5Ct%20%22_blank\"><span class=\"s3\">https:\/\/vimeo.com\/101709058<\/span><\/a><\/span><\/p>\n<p><a href=\"https:\/\/www.youtube.com\/watch?v=elQv-jmNVEk%22%20%5Ct%20%22_blank\"><span class=\"s3\">\u00bfQu\u00e9 puede el cuerpo de&#8230; Aitana Cordero? por Roberto Mart\u00ednez<\/span><\/a><\/p>\n<p><a href=\"https:\/\/vimeo.com\/user404436\/videos%22%20%5Ct%20%22_blank\"><span class=\"s3\">https:\/\/vimeo.com\/user404436\/videos<\/span><\/a><\/p>\n<p class=\"p7\"><span class=\"s1\"><a href=\"http:\/\/www.aitanacordero.com\/%22%20%5Ct%20%22_blank\">www.aitanacordero.com<\/a><\/span><\/p>\n<h2 class=\"p2\"><b>Raquel S\u00e1nchez<br \/>\n<\/b><b>Ac\u00fastica del movimiento<\/b><\/h2>\n<p class=\"p3\">\u00bfC\u00f3mo suena una palmada dada con una sola mano? \u00bfSe puede percutir el aire? \u00bfSe escucha igual una trayectoria curva que una recta?&#8230;<\/p>\n<p class=\"p3\">En este taller abordaremos la r\u00edtmica natural del movimiento<span class=\"Apple-converted-space\">\u00a0 <\/span>conectando nociones musicales b\u00e1sicas con nuestros gestos cotidianos.<\/p>\n<p class=\"p3\">Tambi\u00e9n nos adentr\u00e1ndonos en la percepci\u00f3n espacial y sus arquitecturas ef\u00edmeras.<\/p>\n<p class=\"p3\">Ocup\u00e1ndonos de la amplificaci\u00f3n de nuestros sentidos, crearemos un marco vivencial donde las acciones, a pesar de parecer exentas de l\u00f3gica, cobren sentido por si mismas desplegando m\u00faltiples lecturas, evocaciones.<\/p>\n<p class=\"p3\">Se trata de poner el cuerpo en juego apuntando a la construcci\u00f3n de un sentido espacial, musical y org\u00e1nico.<\/p>\n<p class=\"p3\"><b>Objetivos:<\/b><\/p>\n<p class=\"p3\">1. Ampliar la consciencia corporal y su relaci\u00f3n con lo temporal y lo espacial a trav\u00e9s de t\u00e9cnicas corporales b\u00e1sicas y esenciales: ubicaci\u00f3n de centros motores, independizaci\u00f3n y asociaci\u00f3n; la verticalidad y sus rupturas; la gravedad y su relaci\u00f3n con la fuerza muscular; la respiraci\u00f3n como herramienta de cohesi\u00f3n&#8230;.<\/p>\n<p class=\"p3\">2. Proponer situaciones para que el alumnado descubra la relaci\u00f3n entre el movimiento y la m\u00fasica y facilitar herramientas que hagan sencilla la iniciaci\u00f3n al lenguaje musical desde la escucha de la acci\u00f3n corporal y su r\u00edtmica natural.<\/p>\n<p class=\"p3\">3. Potenciar la creatividad a trav\u00e9s del entrenamiento de la respuesta l\u00fadica y la toma de decisiones instant\u00e1neas a trav\u00e9s de la gesti\u00f3n de los propios impulsos.<\/p>\n<p class=\"p3\">4. Creaci\u00f3n de micro-composiciones inmediatas atendiendo a su r\u00edtmica y trabajar de forma coral con ellas.<\/p>\n<p class=\"p3\">5. Entrenarse en las posibles lecturas de los cuerpos y sus acciones a partir del reconocimiento de las asociaciones propias.<\/p>\n<p class=\"p3\">6.Crear encuadres que permitan al alumnado valorar sus propias capacidades creativas.<\/p>\n<p class=\"p3\">7. Provocar contextos que permitan descubrir lo placentero y saludable del<\/p>\n<p class=\"p3\">movimiento.<\/p>\n<p class=\"p3\">8. Desarrollar la capacidad para trabajar en equipo colaborando en una tarea<\/p>\n<p class=\"p3\">com\u00fan.<\/p>\n<p class=\"p3\"><b>Bio<\/b><\/p>\n<p class=\"p3\">Raquel S\u00e1nchez, licenciada en artes esc\u00e9nicas (RESAD), completa su formaci\u00f3n con estudios de m\u00fasica en el Conservatorio de Madrid, de circo en Ciudad de los Muchachos y de danza con la core\u00f3grafa M\u00f3nica Valenciano. Est\u00e1 titulada como profesora de Yoga Iyengar\u00ae, como pedagoga en la Sociedad espa\u00f1ola de Psicolog\u00eda Din\u00e1mica y en did\u00e1ctica de Expresi\u00f3n Corporal en el Estudio Schinca.<\/p>\n<p class=\"p3\">Desde 1992 viene trabajando estrechamente con la core\u00f3grafa M\u00f3nica Valenciano (premio nacional de danza 2012). Juntas fundan la compa\u00f1\u00eda El Bailadero en 1996, con la que produce e interpreta 13 espect\u00e1culos, entre ellos la serie de Los Disparates.<\/p>\n<p class=\"p3\">Paralelamente ha estado ligada a la m\u00fasica a trav\u00e9s de una fuerte vinculaci\u00f3n con la compositora Chefa Alonso con la que ha desarrollado diversos proyectos esc\u00e9nicos, entre ellos, Bailar el agua, un espect\u00e1culo especialmente dise\u00f1ado para personas con discapacidad ps\u00edquica en el que colabora hace mas de 17 a\u00f1os.<\/p>\n<p class=\"p3\">Como int\u00e9rprete ha trabajado con core\u00f3grafos y directores como Elena C\u00f3rdoba, Antonio Fern\u00e1ndez Lera, Juan Fra Rodriguez, Javier Yag\u00fce, Heddi Maalem, Katie Duck , Cia Megalo, Marta Carrasco&#8230;<\/p>\n<p class=\"p3\">Forma parte del equipo pedag\u00f3gico de la escuela de teatro Cuarta Pared y ha impartido clases en la fundaci\u00f3n Yehudi Menuhim, en el Instituto Superior de Danza de Alicia Alonso, Universidad Rey Juan Carlos I de Madrid, en los Premios Buero, en la Sala Estudio 3 y en la escuela TAI de Madrid, entre otros.<\/p>\n<h2 class=\"p2\"><b>Elena L\u00f3pez Nieto y Cecilia Losada<br \/>\n<\/b><b>Recetario coreogr\u00e1fico <\/b><\/h2>\n<p class=\"p3\">\u00bfTe has fijado en la gran coreograf\u00eda que es el patio de un colegio durante el recreo? Un espacio, muchas personas movi\u00e9ndose, papeles de colores, m\u00fasica &#8230; a partir de nuestros cuerpos jugando encontraremos ingredientes y aderezos para hacer creaciones instant\u00e1neas de movimiento y as\u00ed, lograr nuestras propias recetas coreogr\u00e1ficas.<\/p>\n<p class=\"p9\">El objetivo del taller es dar herramientas a los docentes para aprovechar lo que sucede en el aula y las acciones cotidianas y que puedan proponer a sus alumnos juegos con el objetivo de mover el cuerpo de forma creativa.<\/p>\n<p class=\"p3\"><b>Elena L\u00f3pez Nieto<\/b> es la creadora de <a href=\"http:\/\/www.movearteparatodos.com\"><span class=\"s5\">MOVE arte para todos<\/span><\/a>, un proyecto art\u00edstico que acerca el teatro, la m\u00fasica y la danza a diversos colectivos sociales y educativos a trav\u00e9s de talleres y creaciones propias de danza-teatro. Pone en marcha esta iniciativa tras una larga trayectoria como maestra de educaci\u00f3n art\u00edstica en primaria, bailarina y actriz.<\/p>\n<p class=\"p3\">Ha coordinado numerosas actividades, cursos y encuentros de L\u00d3VA desde 2010. Se interesa especialmente por las artes como base pedag\u00f3gica para el desarrollo y aprendizaje de las personas.<\/p>\n<p class=\"p3\"><b>Cecilia Losada<\/b> es core\u00f3grafa, bailarina e iluminadora esc\u00e9nica. En 2012 funda su proyecto de danza <span class=\"s5\">N \u00f3 m a d a s<\/span> en el que crea piezas coreogr\u00e1ficas multidisciplinares en colaboraci\u00f3n con artistas visuales donde el eje central es el cuerpo en movimiento.<\/p>\n<p class=\"p3\">Se desarrolla como iluminadora esc\u00e9nica en compa\u00f1\u00edas de danza como Antares, Contempodanza, KaizenDanza, Los iNato Colectivo (El Salvador), Sebasti\u00e1n Garc\u00eda Ferro (ARG), Anastomose (MEX-ITA), Dancemonks (EUA) y el Centro de Producci\u00f3n de Danza Contempor\u00e1nea (CEPRODAC). Actualmente realiza una residencia art\u00edstica con la C\u00eda. Provisional Danza de Carmen Werner en Madrid.<\/p>\n<h2 class=\"p2\"><b>Miguel Olmo y Tania Arias<br \/>\n<\/b><b>AAA \u2026 Z<br \/>\n<\/b><b>dibujAndo trAzos tramAndo danZas: taller de artes visuales y movimiento<\/b>.<\/h2>\n<p class=\"p3\"><i>\u201cel conocimiento, la acci\u00f3n que transforma no est\u00e1 tanto en la huella que el gesto determina en su trazado, sino en el movimiento interno que \u00e9l modifica en la conducta del sujeto\u201d <\/i><\/p>\n<p class=\"p10\">Felipe Lozano<\/p>\n<p class=\"p3\">Con \u00e1nimo de experimentar encuentros entre el arte del dibujo, la fotograf\u00eda y otras pr\u00e1cticas visuales, y el arte del movimiento del cuerpo desde diferentes puntos de vista, en el taller ofrecemos un recorrido por<span class=\"Apple-converted-space\">\u00a0 <\/span>algunas propuestas donde abordar<\/p>\n<p class=\"p3\">&#8211; La transformaci\u00f3n del cuerpo y su movimiento, desde un uso b\u00e1sico de materiales y elementos, por arte del juego y la colaboraci\u00f3n.<\/p>\n<p class=\"p3\">&#8211; El tr\u00e1nsito del cuerpo inocente \u2013el que parte de un estado cero- hacia el cuerpo afectado tras la exposici\u00f3n a un n\u00famero de est\u00edmulos visuales.<\/p>\n<p class=\"p3\">&#8211; Paisajes, arquitecturas flexibles formadas en progresi\u00f3n y construidos a partir de est\u00edmulos sonoros, palabras y conexiones corporales.<\/p>\n<p class=\"p3\">&#8211; Composiciones y tramos en un trayecto de lo est\u00e1tico a lo din\u00e1mico donde la escucha y la mirada generan im\u00e1genes inesperadas.<\/p>\n<p class=\"p3\">Habr\u00e1 sitio para la acci\u00f3n individual y colectiva, la observaci\u00f3n y la reflexi\u00f3n, el l\u00e1piz y el m\u00f3vil, el cuerpo y el traje, la memoria y el vac\u00edo\u2026<span class=\"Apple-converted-space\">\u00a0 <\/span>la diversi\u00f3n y el<\/p>\n<p class=\"p3\">contacto.<\/p>\n<p class=\"p3\"><b>Bio<\/b><\/p>\n<p class=\"p3\"><b>Tania Arias Winogradow<\/b> desarrolla su proyecto contra la extinci\u00f3n en di\u00e1logo con otros artistas. Es coordinadora de las Dance Constructions de Simone Forti presentadas en el Museo Reina Sof\u00eda. Ha bailado junto directores de escena como La Ribot, Carlos Marquerie, Mathilde Monnier, y M\u00f3nica Valenciano, con la que sigue colaborando estrechamente. Imparte talleres para escuelas, familias e integraci\u00f3n en el Museo Reina Sof\u00eda, trenzando un v\u00ednculo entre obras del museo y la danza contempor\u00e1nea.<\/p>\n<p class=\"p3\"><b>Miguel Olmo Oviedo<\/b>, maestro especialista en lengua inglesa, con experiencia en teatro f\u00edsico y de calle adquirida mayormente durante los a\u00f1os de trabajo con los colectivos IMAG-t y PRODUCCIONES NO.<\/p>\n<p class=\"p3\">Actualmente con su Proyecto Cole.acci\u00f3n.arte en el CEIP Crist\u00f3bal Col\u00f3n aprovecha su<span class=\"Apple-converted-space\">\u00a0 <\/span>formaci\u00f3n e inter\u00e9s por las artes visuales y la expresi\u00f3n corporal y el movimiento para poner en pr\u00e1ctica juegos y actividades donde la creaci\u00f3n pl\u00e1stica y el movimiento cobran importancia en la din\u00e1mica escolar,<span class=\"Apple-converted-space\">\u00a0 <\/span>y donde la experiencia educativa necesariamente es tambi\u00e9n creativa.<\/p>\n<h2>\u00c1ngel Perab\u00e1<br \/>\nRe-creo (domingo, 11:30h., Nave 16B de Matadero)<\/h2>\n<p>Un gran juego de mesa sin mesa, donde el tablero tiene el tama\u00f1o de un Matadero,\u00a0donde el\u00a0recorrido lo fijan las preguntas que responden personas que son fichas, o dados, o picas, o\u00a0damas, o amarracos, o alfiles, o sotas\u2026 que son colores, que son jugadores.<\/p>\n<p>Instrucciones:<\/p>\n<p>1. Comenzaremos todos en la casilla de SALIDA\/LLEGADA (Nave 16) y se os dar\u00e1n unas\u00a0reglas para jugar.<\/p>\n<p>2. Os dejaremos libres por el espacio de Matadero y sus alrededores, para que resolv\u00e1is\u00a0las preguntas, para que desbloque\u00e9is los diferentes retos, para que pong\u00e1is en pr\u00e1ctica\u00a0lo que hab\u00e9is aprendido estos d\u00edas y lo que quer\u00e9is aplicar en vuestros futuros\u00a0proyectos.<\/p>\n<p>3. Volveremos a la casilla de LLEGADA\/SALIDA (Nave 16), compartiremos lo ocurrido y\u00a0celebraremos haber ganado.<\/p>\n<p class=\"p1\"><strong>Bio<\/strong><\/p>\n<p class=\"p1\"><strong>\u00c1ngel Perab\u00e1<\/strong>, es actor, bailar\u00edn, asesor de movimiento esc\u00e9nico y arteducador en la Escuela The Cross Border Project.<\/p>\n<p class=\"p1\">Formado en la RESAD de Madrid, contin\u00faa haci\u00e9ndolo, interes\u00e1ndose especialmente en la t\u00e9cnica de creaci\u00f3n esc\u00e9nica de Viewpoints.<\/p>\n<p class=\"p1\">Como arteducador dentro de la Escuela The Cross Border Project, utiliza el Teatro Aplicado, no s\u00f3lo como fin, sino como medio para resolver conflictos o empoderar comunidades, o recuperar historias olvidadas.<\/p>\n<p class=\"p1\">Como actor se encuentra actualmente dentro del proyecto <em>Nora, 1959<\/em> (Luc\u00eda Miranda), que se exhibir\u00e1 en el CDN, donde tambi\u00e9n estuvo en un laboratorio de <em>Escritos en la escena<\/em>, con <em>Fisuras<\/em> (David Ojeda). Form\u00f3 parte del elenco de <em>Our Town<\/em> (Gabriel Olivares) en el Teatro Fern\u00e1n G\u00f3mez.<\/p>\n<p class=\"p1\">Como bailar\u00edn ha formado parte de la pieza ganadora del Certamen Coreogr\u00e1fico de Danza de 2014, <em>At\u00e1vico<\/em> (Poliana Lima).<\/p>\n<p class=\"p1\">Como asesor de movimiento, participa en proyectos como <em>Inside<\/em> (PopUp Theatrics) o <em>Perdidos en NuncaJam\u00e1s<\/em>\u00a0(The Cross Border Project).<\/p>\n<h2 class=\"p1\"><\/h2>\n","protected":false},"excerpt":{"rendered":"<p>Monica Milocco (\u00d3pera de Gotemburgo) Dance Makers Dance Makers es el nombre del proyecto que hago hace a\u00f1os con ni\u00f1@s y docentes de colegios de la zona de Gotemburgo. Crearemos movimiento a partir de diversos temas, con herramientas para inspirar e invitar a l@s ni\u00f1@s a crear sus propias coreograf\u00edas. As\u00ed podr\u00e1n conocer su cuerpo, &#8230; <a title=\"Talleres #aprendanza15\" class=\"read-more\" href=\"https:\/\/www.teatroreal.es\/proyectolova\/talleres-aprendanza15\/\">Read more<\/a><\/p>\n","protected":false},"author":151,"featured_media":0,"parent":0,"menu_order":0,"comment_status":"closed","ping_status":"closed","template":"","meta":{"footnotes":""},"hashtags":[],"class_list":["post-3020","page","type-page","status-publish"],"yoast_head":"<!-- This site is optimized with the Yoast SEO plugin v26.8 - https:\/\/yoast.com\/product\/yoast-seo-wordpress\/ -->\n<title>Talleres #aprendanza15 - L\u00d3VA<\/title>\n<meta name=\"robots\" content=\"index, follow, max-snippet:-1, max-image-preview:large, max-video-preview:-1\" \/>\n<link rel=\"canonical\" href=\"https:\/\/www.teatroreal.es\/proyectolova\/talleres-aprendanza15\/\" \/>\n<meta property=\"og:locale\" content=\"es_ES\" \/>\n<meta property=\"og:type\" content=\"article\" \/>\n<meta property=\"og:title\" content=\"Talleres #aprendanza15 - L\u00d3VA\" \/>\n<meta property=\"og:description\" content=\"Monica Milocco (\u00d3pera de Gotemburgo) Dance Makers Dance Makers es el nombre del proyecto que hago hace a\u00f1os con ni\u00f1@s y docentes de colegios de la zona de Gotemburgo. Crearemos movimiento a partir de diversos temas, con herramientas para inspirar e invitar a l@s ni\u00f1@s a crear sus propias coreograf\u00edas. As\u00ed podr\u00e1n conocer su cuerpo, ... Read more\" \/>\n<meta property=\"og:url\" content=\"https:\/\/www.teatroreal.es\/proyectolova\/talleres-aprendanza15\/\" \/>\n<meta property=\"og:site_name\" content=\"L\u00d3VA\" \/>\n<meta property=\"article:publisher\" content=\"https:\/\/www.facebook.com\/proyectolova\/\" \/>\n<meta property=\"article:modified_time\" content=\"2015-11-18T13:40:04+00:00\" \/>\n<meta property=\"og:image\" content=\"https:\/\/www.teatroreal.es\/proyectolova\/wp-content\/uploads\/2015\/11\/6895665230_3935069c9c_z.jpg\" \/>\n<meta name=\"twitter:card\" content=\"summary_large_image\" \/>\n<meta name=\"twitter:site\" content=\"@proyectolova\" \/>\n<meta name=\"twitter:label1\" content=\"Tiempo de lectura\" \/>\n\t<meta name=\"twitter:data1\" content=\"14 minutos\" \/>\n<script type=\"application\/ld+json\" class=\"yoast-schema-graph\">{\"@context\":\"https:\/\/schema.org\",\"@graph\":[{\"@type\":\"WebPage\",\"@id\":\"https:\/\/www.teatroreal.es\/proyectolova\/talleres-aprendanza15\/\",\"url\":\"https:\/\/www.teatroreal.es\/proyectolova\/talleres-aprendanza15\/\",\"name\":\"Talleres #aprendanza15 - L\u00d3VA\",\"isPartOf\":{\"@id\":\"https:\/\/www.teatroreal.es\/proyectolova\/#website\"},\"primaryImageOfPage\":{\"@id\":\"https:\/\/www.teatroreal.es\/proyectolova\/talleres-aprendanza15\/#primaryimage\"},\"image\":{\"@id\":\"https:\/\/www.teatroreal.es\/proyectolova\/talleres-aprendanza15\/#primaryimage\"},\"thumbnailUrl\":\"https:\/\/www.teatroreal.es\/proyectolova\/wp-content\/uploads\/2015\/11\/6895665230_3935069c9c_z.jpg\",\"datePublished\":\"2015-11-02T06:32:35+00:00\",\"dateModified\":\"2015-11-18T13:40:04+00:00\",\"breadcrumb\":{\"@id\":\"https:\/\/www.teatroreal.es\/proyectolova\/talleres-aprendanza15\/#breadcrumb\"},\"inLanguage\":\"es\",\"potentialAction\":[{\"@type\":\"ReadAction\",\"target\":[\"https:\/\/www.teatroreal.es\/proyectolova\/talleres-aprendanza15\/\"]}]},{\"@type\":\"ImageObject\",\"inLanguage\":\"es\",\"@id\":\"https:\/\/www.teatroreal.es\/proyectolova\/talleres-aprendanza15\/#primaryimage\",\"url\":\"https:\/\/www.teatroreal.es\/proyectolova\/wp-content\/uploads\/2015\/11\/6895665230_3935069c9c_z.jpg\",\"contentUrl\":\"https:\/\/www.teatroreal.es\/proyectolova\/wp-content\/uploads\/2015\/11\/6895665230_3935069c9c_z.jpg\",\"width\":640,\"height\":640},{\"@type\":\"BreadcrumbList\",\"@id\":\"https:\/\/www.teatroreal.es\/proyectolova\/talleres-aprendanza15\/#breadcrumb\",\"itemListElement\":[{\"@type\":\"ListItem\",\"position\":1,\"name\":\"Portada\",\"item\":\"https:\/\/www.teatroreal.es\/proyectolova\/\"},{\"@type\":\"ListItem\",\"position\":2,\"name\":\"Talleres #aprendanza15\"}]},{\"@type\":\"WebSite\",\"@id\":\"https:\/\/www.teatroreal.es\/proyectolova\/#website\",\"url\":\"https:\/\/www.teatroreal.es\/proyectolova\/\",\"name\":\"L\u00d3VA\",\"description\":\"La \u00d3pera, un Veh\u00edculo de Aprendizaje\",\"publisher\":{\"@id\":\"https:\/\/www.teatroreal.es\/proyectolova\/#organization\"},\"potentialAction\":[{\"@type\":\"SearchAction\",\"target\":{\"@type\":\"EntryPoint\",\"urlTemplate\":\"https:\/\/www.teatroreal.es\/proyectolova\/?s={search_term_string}\"},\"query-input\":{\"@type\":\"PropertyValueSpecification\",\"valueRequired\":true,\"valueName\":\"search_term_string\"}}],\"inLanguage\":\"es\"},{\"@type\":\"Organization\",\"@id\":\"https:\/\/www.teatroreal.es\/proyectolova\/#organization\",\"name\":\"L\u00d3VA\",\"url\":\"https:\/\/www.teatroreal.es\/proyectolova\/\",\"logo\":{\"@type\":\"ImageObject\",\"inLanguage\":\"es\",\"@id\":\"https:\/\/www.teatroreal.es\/proyectolova\/#\/schema\/logo\/image\/\",\"url\":\"https:\/\/www.teatroreal.es\/proyectolova\/wp-content\/uploads\/2018\/01\/logo-L\u00d3VA-Marin\u00e9.jpg\",\"contentUrl\":\"https:\/\/www.teatroreal.es\/proyectolova\/wp-content\/uploads\/2018\/01\/logo-L\u00d3VA-Marin\u00e9.jpg\",\"width\":1890,\"height\":2848,\"caption\":\"L\u00d3VA\"},\"image\":{\"@id\":\"https:\/\/www.teatroreal.es\/proyectolova\/#\/schema\/logo\/image\/\"},\"sameAs\":[\"https:\/\/www.facebook.com\/proyectolova\/\",\"https:\/\/x.com\/proyectolova\",\"https:\/\/www.instagram.com\/proyectolova\/\",\"https:\/\/www.linkedin.com\/company\/proyectolova\/\",\"https:\/\/www.youtube.com\/user\/mecenartis\"]}]}<\/script>\n<!-- \/ Yoast SEO plugin. -->","yoast_head_json":{"title":"Talleres #aprendanza15 - L\u00d3VA","robots":{"index":"index","follow":"follow","max-snippet":"max-snippet:-1","max-image-preview":"max-image-preview:large","max-video-preview":"max-video-preview:-1"},"canonical":"https:\/\/www.teatroreal.es\/proyectolova\/talleres-aprendanza15\/","og_locale":"es_ES","og_type":"article","og_title":"Talleres #aprendanza15 - L\u00d3VA","og_description":"Monica Milocco (\u00d3pera de Gotemburgo) Dance Makers Dance Makers es el nombre del proyecto que hago hace a\u00f1os con ni\u00f1@s y docentes de colegios de la zona de Gotemburgo. Crearemos movimiento a partir de diversos temas, con herramientas para inspirar e invitar a l@s ni\u00f1@s a crear sus propias coreograf\u00edas. As\u00ed podr\u00e1n conocer su cuerpo, ... Read more","og_url":"https:\/\/www.teatroreal.es\/proyectolova\/talleres-aprendanza15\/","og_site_name":"L\u00d3VA","article_publisher":"https:\/\/www.facebook.com\/proyectolova\/","article_modified_time":"2015-11-18T13:40:04+00:00","og_image":[{"url":"https:\/\/www.teatroreal.es\/proyectolova\/wp-content\/uploads\/2015\/11\/6895665230_3935069c9c_z.jpg","type":"","width":"","height":""}],"twitter_card":"summary_large_image","twitter_site":"@proyectolova","twitter_misc":{"Tiempo de lectura":"14 minutos"},"schema":{"@context":"https:\/\/schema.org","@graph":[{"@type":"WebPage","@id":"https:\/\/www.teatroreal.es\/proyectolova\/talleres-aprendanza15\/","url":"https:\/\/www.teatroreal.es\/proyectolova\/talleres-aprendanza15\/","name":"Talleres #aprendanza15 - L\u00d3VA","isPartOf":{"@id":"https:\/\/www.teatroreal.es\/proyectolova\/#website"},"primaryImageOfPage":{"@id":"https:\/\/www.teatroreal.es\/proyectolova\/talleres-aprendanza15\/#primaryimage"},"image":{"@id":"https:\/\/www.teatroreal.es\/proyectolova\/talleres-aprendanza15\/#primaryimage"},"thumbnailUrl":"https:\/\/www.teatroreal.es\/proyectolova\/wp-content\/uploads\/2015\/11\/6895665230_3935069c9c_z.jpg","datePublished":"2015-11-02T06:32:35+00:00","dateModified":"2015-11-18T13:40:04+00:00","breadcrumb":{"@id":"https:\/\/www.teatroreal.es\/proyectolova\/talleres-aprendanza15\/#breadcrumb"},"inLanguage":"es","potentialAction":[{"@type":"ReadAction","target":["https:\/\/www.teatroreal.es\/proyectolova\/talleres-aprendanza15\/"]}]},{"@type":"ImageObject","inLanguage":"es","@id":"https:\/\/www.teatroreal.es\/proyectolova\/talleres-aprendanza15\/#primaryimage","url":"https:\/\/www.teatroreal.es\/proyectolova\/wp-content\/uploads\/2015\/11\/6895665230_3935069c9c_z.jpg","contentUrl":"https:\/\/www.teatroreal.es\/proyectolova\/wp-content\/uploads\/2015\/11\/6895665230_3935069c9c_z.jpg","width":640,"height":640},{"@type":"BreadcrumbList","@id":"https:\/\/www.teatroreal.es\/proyectolova\/talleres-aprendanza15\/#breadcrumb","itemListElement":[{"@type":"ListItem","position":1,"name":"Portada","item":"https:\/\/www.teatroreal.es\/proyectolova\/"},{"@type":"ListItem","position":2,"name":"Talleres #aprendanza15"}]},{"@type":"WebSite","@id":"https:\/\/www.teatroreal.es\/proyectolova\/#website","url":"https:\/\/www.teatroreal.es\/proyectolova\/","name":"L\u00d3VA","description":"La \u00d3pera, un Veh\u00edculo de Aprendizaje","publisher":{"@id":"https:\/\/www.teatroreal.es\/proyectolova\/#organization"},"potentialAction":[{"@type":"SearchAction","target":{"@type":"EntryPoint","urlTemplate":"https:\/\/www.teatroreal.es\/proyectolova\/?s={search_term_string}"},"query-input":{"@type":"PropertyValueSpecification","valueRequired":true,"valueName":"search_term_string"}}],"inLanguage":"es"},{"@type":"Organization","@id":"https:\/\/www.teatroreal.es\/proyectolova\/#organization","name":"L\u00d3VA","url":"https:\/\/www.teatroreal.es\/proyectolova\/","logo":{"@type":"ImageObject","inLanguage":"es","@id":"https:\/\/www.teatroreal.es\/proyectolova\/#\/schema\/logo\/image\/","url":"https:\/\/www.teatroreal.es\/proyectolova\/wp-content\/uploads\/2018\/01\/logo-L\u00d3VA-Marin\u00e9.jpg","contentUrl":"https:\/\/www.teatroreal.es\/proyectolova\/wp-content\/uploads\/2018\/01\/logo-L\u00d3VA-Marin\u00e9.jpg","width":1890,"height":2848,"caption":"L\u00d3VA"},"image":{"@id":"https:\/\/www.teatroreal.es\/proyectolova\/#\/schema\/logo\/image\/"},"sameAs":["https:\/\/www.facebook.com\/proyectolova\/","https:\/\/x.com\/proyectolova","https:\/\/www.instagram.com\/proyectolova\/","https:\/\/www.linkedin.com\/company\/proyectolova\/","https:\/\/www.youtube.com\/user\/mecenartis"]}]}},"_links":{"self":[{"href":"https:\/\/www.teatroreal.es\/proyectolova\/wp-json\/wp\/v2\/pages\/3020","targetHints":{"allow":["GET"]}}],"collection":[{"href":"https:\/\/www.teatroreal.es\/proyectolova\/wp-json\/wp\/v2\/pages"}],"about":[{"href":"https:\/\/www.teatroreal.es\/proyectolova\/wp-json\/wp\/v2\/types\/page"}],"author":[{"embeddable":true,"href":"https:\/\/www.teatroreal.es\/proyectolova\/wp-json\/wp\/v2\/users\/151"}],"replies":[{"embeddable":true,"href":"https:\/\/www.teatroreal.es\/proyectolova\/wp-json\/wp\/v2\/comments?post=3020"}],"version-history":[{"count":17,"href":"https:\/\/www.teatroreal.es\/proyectolova\/wp-json\/wp\/v2\/pages\/3020\/revisions"}],"predecessor-version":[{"id":3071,"href":"https:\/\/www.teatroreal.es\/proyectolova\/wp-json\/wp\/v2\/pages\/3020\/revisions\/3071"}],"wp:attachment":[{"href":"https:\/\/www.teatroreal.es\/proyectolova\/wp-json\/wp\/v2\/media?parent=3020"}],"wp:term":[{"taxonomy":"hashtags","embeddable":true,"href":"https:\/\/www.teatroreal.es\/proyectolova\/wp-json\/wp\/v2\/hashtags?post=3020"}],"curies":[{"name":"wp","href":"https:\/\/api.w.org\/{rel}","templated":true}]}}