{"id":8380,"date":"2021-04-27T13:17:30","date_gmt":"2021-04-27T11:17:30","guid":{"rendered":"https:\/\/www.teatroreal.es\/proyectolova\/?page_id=8380"},"modified":"2021-04-27T13:19:14","modified_gmt":"2021-04-27T11:19:14","slug":"sesion-8","status":"publish","type":"page","link":"https:\/\/www.teatroreal.es\/proyectolova\/lovamas\/sesion-8\/","title":{"rendered":"\u00d3pera de calle &#8211; Sesi\u00f3n 8 L\u00d3VA+"},"content":{"rendered":"<p>&nbsp;<\/p>\n<p>El mi\u00e9rcoles 21 de marzo tuvimos la octava sesi\u00f3n L\u00d3VA+. Una sesi\u00f3n muy especial en la que pudimos darnos el p\u00e9same en un abrazo virtual y a la vez celebrar el inmenso legado de Pedro y hacerlo crecer remando por L\u00d3VA.<\/p>\n<p>Aqu\u00ed te dejamos el v\u00eddeo de la sesi\u00f3n:<\/p>\n<p style=\"text-align: center;\"><iframe src=\"https:\/\/www.youtube.com\/embed\/YaES68iTYdI\" width=\"560\" height=\"315\" frameborder=\"0\" allowfullscreen=\"allowfullscreen\"><\/iframe><\/p>\n<p>&nbsp;<\/p>\n<h2>Titiriminutos<\/h2>\n<p>En la sesi\u00f3n anterior se lanz\u00f3 el reto de que las compa\u00f1\u00edas trabajasen el teatro de objetos o los t\u00edteres y nos grabasen una peque\u00f1a representaci\u00f3n. La acogida ha sido magn\u00edfica y hemos recibido m\u00e1s de una docena de propuestas. \u00a1Gracias, gracias, gracias!<\/p>\n<p>Aprovechamos para visionarlas en comunidad y comentarlas junto a Guillermo Gil as\u00ed como para destacar las virtudes de este tipo de teatro para trabajar las relaciones de nuestros personajes oper\u00edsticos o promover las competencias expresivas de los ni\u00f1os y ni\u00f1as con necesidades educativas especiales.<\/p>\n<h2>\u00d3pera de calle<\/h2>\n<p>Debido a la actual situaci\u00f3n sanitaria no pocas compa\u00f1\u00edas se han planteado representar sus \u00f3peras al aire libre, sin embargo, el teatro de calle nos ofrece siempre muchas oportunidades creativas y de transformaci\u00f3n social y para descubrirlas invitamos a Llu\u00eds Petit.<\/p>\n<p class=\"p1\"><a href=\"https:\/\/infopetit.wixsite.com\/lluis\" target=\"_blank\" rel=\"noopener\">Llu\u00eds Petit<\/a> es actor y productor. Sus motivaciones creativas son romper las convenciones, mezclar lenguajes esc\u00e9nicos, cocinar a fuego lento y hacerlo en lugares ins\u00f3litos. A nivel de producci\u00f3n es muy fan del proceso buscar y encontrar y de que los planes salgan bien. Es miembro de la <a href=\"http:\/\/kamchatka.cat\/es\/portada\/\" target=\"_blank\" rel=\"noopener\">Compa\u00f1\u00eda <span class=\"s1\">Kamch\u00e0tka <\/span><\/a>y de <a href=\"https:\/\/teatreanimal.net\/?page_id=181&amp;lang=es\" target=\"_blank\" rel=\"noopener\"><span class=\"s1\">Teatre Animal<\/span><\/a>. Colabora a nivel art\u00edstico y de producci\u00f3n con Money for free. Ha colaborado en producci\u00f3n en festivales como Escena Poblenou, Primavera Sound y DocsBarcelona entre otros.<\/p>\n<p>Con este texto introduc\u00eda su taller:<\/p>\n<blockquote>\n<p class=\"p1\">Un teatro donde no hay teatro. De donde naci\u00f3 el teatro volvemos a encontrarnos. El teatro de calle reivindica la cultura en nuestros lugares p\u00fablicos. Y representa un reto para aquell@s valient@s capaces de transformar un espacio y provocar una efem\u00e9ride en el lugar. \u00bfVuestra \u00f3pera en el espacio p\u00fablico? \u00bfporqu\u00e9 no? Vamos a imaginarlo y a ponerlo sobre la mesa.<\/p>\n<\/blockquote>\n<p>Si te has quedado con ganas de conocer mejor las propuestas art\u00edsticas que ha seleccionado para la familia lovera, navega los enlaces de su <a href=\"https:\/\/www.teatroreal.es\/proyectolova\/wp-content\/uploads\/2021\/04\/Formacio\u0301n-Lo\u0301va.pdf\" target=\"_blank\" rel=\"noopener\">presentaci\u00f3n<\/a>.<\/p>\n<h2>Un peque\u00f1o homenaje a un gran arteducador y una mejor persona<\/h2>\n<p>Y cerramos la sesi\u00f3n con unas palabras de Pedro que nos emocionaron, reconfortaron y dieron m\u00e1s ganas de seguir.<\/p>\n","protected":false},"excerpt":{"rendered":"<p>&nbsp; El mi\u00e9rcoles 21 de marzo tuvimos la octava sesi\u00f3n L\u00d3VA+. Una sesi\u00f3n muy especial en la que pudimos darnos el p\u00e9same en un abrazo virtual y a la vez celebrar el inmenso legado de Pedro y hacerlo crecer remando por L\u00d3VA. Aqu\u00ed te dejamos el v\u00eddeo de la sesi\u00f3n: &nbsp; Titiriminutos En la sesi\u00f3n &#8230; <a title=\"\u00d3pera de calle &#8211; Sesi\u00f3n 8 L\u00d3VA+\" class=\"read-more\" href=\"https:\/\/www.teatroreal.es\/proyectolova\/lovamas\/sesion-8\/\">Read more<\/a><\/p>\n","protected":false},"author":151,"featured_media":8381,"parent":7369,"menu_order":0,"comment_status":"closed","ping_status":"closed","template":"","meta":{"footnotes":""},"hashtags":[],"class_list":["post-8380","page","type-page","status-publish","has-post-thumbnail"],"yoast_head":"<!-- This site is optimized with the Yoast SEO plugin v26.8 - https:\/\/yoast.com\/product\/yoast-seo-wordpress\/ -->\n<title>\u00d3pera de calle - Sesi\u00f3n 8 L\u00d3VA+ - L\u00d3VA<\/title>\n<meta name=\"robots\" content=\"index, follow, max-snippet:-1, max-image-preview:large, max-video-preview:-1\" \/>\n<link rel=\"canonical\" href=\"https:\/\/www.teatroreal.es\/proyectolova\/lovamas\/sesion-8\/\" \/>\n<meta property=\"og:locale\" content=\"es_ES\" \/>\n<meta property=\"og:type\" content=\"article\" \/>\n<meta property=\"og:title\" content=\"\u00d3pera de calle - Sesi\u00f3n 8 L\u00d3VA+ - L\u00d3VA\" \/>\n<meta property=\"og:description\" content=\"&nbsp; El mi\u00e9rcoles 21 de marzo tuvimos la octava sesi\u00f3n L\u00d3VA+. Una sesi\u00f3n muy especial en la que pudimos darnos el p\u00e9same en un abrazo virtual y a la vez celebrar el inmenso legado de Pedro y hacerlo crecer remando por L\u00d3VA. Aqu\u00ed te dejamos el v\u00eddeo de la sesi\u00f3n: &nbsp; Titiriminutos En la sesi\u00f3n ... Read more\" \/>\n<meta property=\"og:url\" content=\"https:\/\/www.teatroreal.es\/proyectolova\/lovamas\/sesion-8\/\" \/>\n<meta property=\"og:site_name\" content=\"L\u00d3VA\" \/>\n<meta property=\"article:publisher\" content=\"https:\/\/www.facebook.com\/proyectolova\/\" \/>\n<meta property=\"article:modified_time\" content=\"2021-04-27T11:19:14+00:00\" \/>\n<meta property=\"og:image\" content=\"https:\/\/www.teatroreal.es\/proyectolova\/wp-content\/uploads\/2021\/04\/pexels-haste-leart-v-690598-scaled.jpg\" \/>\n\t<meta property=\"og:image:width\" content=\"2560\" \/>\n\t<meta property=\"og:image:height\" content=\"1707\" \/>\n\t<meta property=\"og:image:type\" content=\"image\/jpeg\" \/>\n<meta name=\"twitter:card\" content=\"summary_large_image\" \/>\n<meta name=\"twitter:site\" content=\"@proyectolova\" \/>\n<meta name=\"twitter:label1\" content=\"Tiempo de lectura\" \/>\n\t<meta name=\"twitter:data1\" content=\"2 minutos\" \/>\n<script type=\"application\/ld+json\" class=\"yoast-schema-graph\">{\"@context\":\"https:\/\/schema.org\",\"@graph\":[{\"@type\":\"WebPage\",\"@id\":\"https:\/\/www.teatroreal.es\/proyectolova\/lovamas\/sesion-8\/\",\"url\":\"https:\/\/www.teatroreal.es\/proyectolova\/lovamas\/sesion-8\/\",\"name\":\"\u00d3pera de calle - Sesi\u00f3n 8 L\u00d3VA+ - L\u00d3VA\",\"isPartOf\":{\"@id\":\"https:\/\/www.teatroreal.es\/proyectolova\/#website\"},\"primaryImageOfPage\":{\"@id\":\"https:\/\/www.teatroreal.es\/proyectolova\/lovamas\/sesion-8\/#primaryimage\"},\"image\":{\"@id\":\"https:\/\/www.teatroreal.es\/proyectolova\/lovamas\/sesion-8\/#primaryimage\"},\"thumbnailUrl\":\"https:\/\/www.teatroreal.es\/proyectolova\/wp-content\/uploads\/2021\/04\/pexels-haste-leart-v-690598-scaled.jpg\",\"datePublished\":\"2021-04-27T11:17:30+00:00\",\"dateModified\":\"2021-04-27T11:19:14+00:00\",\"breadcrumb\":{\"@id\":\"https:\/\/www.teatroreal.es\/proyectolova\/lovamas\/sesion-8\/#breadcrumb\"},\"inLanguage\":\"es\",\"potentialAction\":[{\"@type\":\"ReadAction\",\"target\":[\"https:\/\/www.teatroreal.es\/proyectolova\/lovamas\/sesion-8\/\"]}]},{\"@type\":\"ImageObject\",\"inLanguage\":\"es\",\"@id\":\"https:\/\/www.teatroreal.es\/proyectolova\/lovamas\/sesion-8\/#primaryimage\",\"url\":\"https:\/\/www.teatroreal.es\/proyectolova\/wp-content\/uploads\/2021\/04\/pexels-haste-leart-v-690598-scaled.jpg\",\"contentUrl\":\"https:\/\/www.teatroreal.es\/proyectolova\/wp-content\/uploads\/2021\/04\/pexels-haste-leart-v-690598-scaled.jpg\",\"width\":2560,\"height\":1707,\"caption\":\"\u00d3pera de calle\"},{\"@type\":\"BreadcrumbList\",\"@id\":\"https:\/\/www.teatroreal.es\/proyectolova\/lovamas\/sesion-8\/#breadcrumb\",\"itemListElement\":[{\"@type\":\"ListItem\",\"position\":1,\"name\":\"Portada\",\"item\":\"https:\/\/www.teatroreal.es\/proyectolova\/\"},{\"@type\":\"ListItem\",\"position\":2,\"name\":\"ON-LINE\",\"item\":\"https:\/\/www.teatroreal.es\/proyectolova\/lovamas\/\"},{\"@type\":\"ListItem\",\"position\":3,\"name\":\"\u00d3pera de calle &#8211; Sesi\u00f3n 8 L\u00d3VA+\"}]},{\"@type\":\"WebSite\",\"@id\":\"https:\/\/www.teatroreal.es\/proyectolova\/#website\",\"url\":\"https:\/\/www.teatroreal.es\/proyectolova\/\",\"name\":\"L\u00d3VA\",\"description\":\"La \u00d3pera, un Veh\u00edculo de Aprendizaje\",\"publisher\":{\"@id\":\"https:\/\/www.teatroreal.es\/proyectolova\/#organization\"},\"potentialAction\":[{\"@type\":\"SearchAction\",\"target\":{\"@type\":\"EntryPoint\",\"urlTemplate\":\"https:\/\/www.teatroreal.es\/proyectolova\/?s={search_term_string}\"},\"query-input\":{\"@type\":\"PropertyValueSpecification\",\"valueRequired\":true,\"valueName\":\"search_term_string\"}}],\"inLanguage\":\"es\"},{\"@type\":\"Organization\",\"@id\":\"https:\/\/www.teatroreal.es\/proyectolova\/#organization\",\"name\":\"L\u00d3VA\",\"url\":\"https:\/\/www.teatroreal.es\/proyectolova\/\",\"logo\":{\"@type\":\"ImageObject\",\"inLanguage\":\"es\",\"@id\":\"https:\/\/www.teatroreal.es\/proyectolova\/#\/schema\/logo\/image\/\",\"url\":\"https:\/\/www.teatroreal.es\/proyectolova\/wp-content\/uploads\/2018\/01\/logo-L\u00d3VA-Marin\u00e9.jpg\",\"contentUrl\":\"https:\/\/www.teatroreal.es\/proyectolova\/wp-content\/uploads\/2018\/01\/logo-L\u00d3VA-Marin\u00e9.jpg\",\"width\":1890,\"height\":2848,\"caption\":\"L\u00d3VA\"},\"image\":{\"@id\":\"https:\/\/www.teatroreal.es\/proyectolova\/#\/schema\/logo\/image\/\"},\"sameAs\":[\"https:\/\/www.facebook.com\/proyectolova\/\",\"https:\/\/x.com\/proyectolova\",\"https:\/\/www.instagram.com\/proyectolova\/\",\"https:\/\/www.linkedin.com\/company\/proyectolova\/\",\"https:\/\/www.youtube.com\/user\/mecenartis\"]}]}<\/script>\n<!-- \/ Yoast SEO plugin. -->","yoast_head_json":{"title":"\u00d3pera de calle - Sesi\u00f3n 8 L\u00d3VA+ - L\u00d3VA","robots":{"index":"index","follow":"follow","max-snippet":"max-snippet:-1","max-image-preview":"max-image-preview:large","max-video-preview":"max-video-preview:-1"},"canonical":"https:\/\/www.teatroreal.es\/proyectolova\/lovamas\/sesion-8\/","og_locale":"es_ES","og_type":"article","og_title":"\u00d3pera de calle - Sesi\u00f3n 8 L\u00d3VA+ - L\u00d3VA","og_description":"&nbsp; El mi\u00e9rcoles 21 de marzo tuvimos la octava sesi\u00f3n L\u00d3VA+. Una sesi\u00f3n muy especial en la que pudimos darnos el p\u00e9same en un abrazo virtual y a la vez celebrar el inmenso legado de Pedro y hacerlo crecer remando por L\u00d3VA. Aqu\u00ed te dejamos el v\u00eddeo de la sesi\u00f3n: &nbsp; Titiriminutos En la sesi\u00f3n ... Read more","og_url":"https:\/\/www.teatroreal.es\/proyectolova\/lovamas\/sesion-8\/","og_site_name":"L\u00d3VA","article_publisher":"https:\/\/www.facebook.com\/proyectolova\/","article_modified_time":"2021-04-27T11:19:14+00:00","og_image":[{"width":2560,"height":1707,"url":"https:\/\/www.teatroreal.es\/proyectolova\/wp-content\/uploads\/2021\/04\/pexels-haste-leart-v-690598-scaled.jpg","type":"image\/jpeg"}],"twitter_card":"summary_large_image","twitter_site":"@proyectolova","twitter_misc":{"Tiempo de lectura":"2 minutos"},"schema":{"@context":"https:\/\/schema.org","@graph":[{"@type":"WebPage","@id":"https:\/\/www.teatroreal.es\/proyectolova\/lovamas\/sesion-8\/","url":"https:\/\/www.teatroreal.es\/proyectolova\/lovamas\/sesion-8\/","name":"\u00d3pera de calle - Sesi\u00f3n 8 L\u00d3VA+ - L\u00d3VA","isPartOf":{"@id":"https:\/\/www.teatroreal.es\/proyectolova\/#website"},"primaryImageOfPage":{"@id":"https:\/\/www.teatroreal.es\/proyectolova\/lovamas\/sesion-8\/#primaryimage"},"image":{"@id":"https:\/\/www.teatroreal.es\/proyectolova\/lovamas\/sesion-8\/#primaryimage"},"thumbnailUrl":"https:\/\/www.teatroreal.es\/proyectolova\/wp-content\/uploads\/2021\/04\/pexels-haste-leart-v-690598-scaled.jpg","datePublished":"2021-04-27T11:17:30+00:00","dateModified":"2021-04-27T11:19:14+00:00","breadcrumb":{"@id":"https:\/\/www.teatroreal.es\/proyectolova\/lovamas\/sesion-8\/#breadcrumb"},"inLanguage":"es","potentialAction":[{"@type":"ReadAction","target":["https:\/\/www.teatroreal.es\/proyectolova\/lovamas\/sesion-8\/"]}]},{"@type":"ImageObject","inLanguage":"es","@id":"https:\/\/www.teatroreal.es\/proyectolova\/lovamas\/sesion-8\/#primaryimage","url":"https:\/\/www.teatroreal.es\/proyectolova\/wp-content\/uploads\/2021\/04\/pexels-haste-leart-v-690598-scaled.jpg","contentUrl":"https:\/\/www.teatroreal.es\/proyectolova\/wp-content\/uploads\/2021\/04\/pexels-haste-leart-v-690598-scaled.jpg","width":2560,"height":1707,"caption":"\u00d3pera de calle"},{"@type":"BreadcrumbList","@id":"https:\/\/www.teatroreal.es\/proyectolova\/lovamas\/sesion-8\/#breadcrumb","itemListElement":[{"@type":"ListItem","position":1,"name":"Portada","item":"https:\/\/www.teatroreal.es\/proyectolova\/"},{"@type":"ListItem","position":2,"name":"ON-LINE","item":"https:\/\/www.teatroreal.es\/proyectolova\/lovamas\/"},{"@type":"ListItem","position":3,"name":"\u00d3pera de calle &#8211; Sesi\u00f3n 8 L\u00d3VA+"}]},{"@type":"WebSite","@id":"https:\/\/www.teatroreal.es\/proyectolova\/#website","url":"https:\/\/www.teatroreal.es\/proyectolova\/","name":"L\u00d3VA","description":"La \u00d3pera, un Veh\u00edculo de Aprendizaje","publisher":{"@id":"https:\/\/www.teatroreal.es\/proyectolova\/#organization"},"potentialAction":[{"@type":"SearchAction","target":{"@type":"EntryPoint","urlTemplate":"https:\/\/www.teatroreal.es\/proyectolova\/?s={search_term_string}"},"query-input":{"@type":"PropertyValueSpecification","valueRequired":true,"valueName":"search_term_string"}}],"inLanguage":"es"},{"@type":"Organization","@id":"https:\/\/www.teatroreal.es\/proyectolova\/#organization","name":"L\u00d3VA","url":"https:\/\/www.teatroreal.es\/proyectolova\/","logo":{"@type":"ImageObject","inLanguage":"es","@id":"https:\/\/www.teatroreal.es\/proyectolova\/#\/schema\/logo\/image\/","url":"https:\/\/www.teatroreal.es\/proyectolova\/wp-content\/uploads\/2018\/01\/logo-L\u00d3VA-Marin\u00e9.jpg","contentUrl":"https:\/\/www.teatroreal.es\/proyectolova\/wp-content\/uploads\/2018\/01\/logo-L\u00d3VA-Marin\u00e9.jpg","width":1890,"height":2848,"caption":"L\u00d3VA"},"image":{"@id":"https:\/\/www.teatroreal.es\/proyectolova\/#\/schema\/logo\/image\/"},"sameAs":["https:\/\/www.facebook.com\/proyectolova\/","https:\/\/x.com\/proyectolova","https:\/\/www.instagram.com\/proyectolova\/","https:\/\/www.linkedin.com\/company\/proyectolova\/","https:\/\/www.youtube.com\/user\/mecenartis"]}]}},"_links":{"self":[{"href":"https:\/\/www.teatroreal.es\/proyectolova\/wp-json\/wp\/v2\/pages\/8380","targetHints":{"allow":["GET"]}}],"collection":[{"href":"https:\/\/www.teatroreal.es\/proyectolova\/wp-json\/wp\/v2\/pages"}],"about":[{"href":"https:\/\/www.teatroreal.es\/proyectolova\/wp-json\/wp\/v2\/types\/page"}],"author":[{"embeddable":true,"href":"https:\/\/www.teatroreal.es\/proyectolova\/wp-json\/wp\/v2\/users\/151"}],"replies":[{"embeddable":true,"href":"https:\/\/www.teatroreal.es\/proyectolova\/wp-json\/wp\/v2\/comments?post=8380"}],"version-history":[{"count":3,"href":"https:\/\/www.teatroreal.es\/proyectolova\/wp-json\/wp\/v2\/pages\/8380\/revisions"}],"predecessor-version":[{"id":8385,"href":"https:\/\/www.teatroreal.es\/proyectolova\/wp-json\/wp\/v2\/pages\/8380\/revisions\/8385"}],"up":[{"embeddable":true,"href":"https:\/\/www.teatroreal.es\/proyectolova\/wp-json\/wp\/v2\/pages\/7369"}],"wp:featuredmedia":[{"embeddable":true,"href":"https:\/\/www.teatroreal.es\/proyectolova\/wp-json\/wp\/v2\/media\/8381"}],"wp:attachment":[{"href":"https:\/\/www.teatroreal.es\/proyectolova\/wp-json\/wp\/v2\/media?parent=8380"}],"wp:term":[{"taxonomy":"hashtags","embeddable":true,"href":"https:\/\/www.teatroreal.es\/proyectolova\/wp-json\/wp\/v2\/hashtags?post=8380"}],"curies":[{"name":"wp","href":"https:\/\/api.w.org\/{rel}","templated":true}]}}