{"id":8637,"date":"2022-02-22T13:24:28","date_gmt":"2022-02-22T11:24:28","guid":{"rendered":"https:\/\/www.teatroreal.es\/proyectolova\/?page_id=8637"},"modified":"2024-04-29T12:16:27","modified_gmt":"2024-04-29T10:16:27","slug":"que-es-lova","status":"publish","type":"page","link":"https:\/\/www.teatroreal.es\/proyectolova\/que-es-lova\/","title":{"rendered":"QU\u00c9 ES L\u00d3VA"},"content":{"rendered":"\t\t<div data-elementor-type=\"wp-page\" data-elementor-id=\"8637\" class=\"elementor elementor-8637\" data-elementor-post-type=\"page\">\n\t\t\t\t\t\t<section class=\"elementor-section elementor-top-section elementor-element elementor-element-cf38604 elementor-section-stretched elementor-section-boxed elementor-section-height-default elementor-section-height-default qodef-elementor-content-no\" data-id=\"cf38604\" data-element_type=\"section\" data-settings=\"{&quot;stretch_section&quot;:&quot;section-stretched&quot;,&quot;background_background&quot;:&quot;classic&quot;}\">\n\t\t\t\t\t\t\t<div class=\"elementor-background-overlay\"><\/div>\n\t\t\t\t\t\t\t<div class=\"elementor-container elementor-column-gap-default\">\n\t\t\t\t\t<div class=\"elementor-column elementor-col-100 elementor-top-column elementor-element elementor-element-cdb36dd\" data-id=\"cdb36dd\" data-element_type=\"column\" data-settings=\"{&quot;background_background&quot;:&quot;classic&quot;}\">\n\t\t\t<div class=\"elementor-widget-wrap elementor-element-populated\">\n\t\t\t\t\t\t<div class=\"elementor-element elementor-element-97d5980 elementor-widget-mobile__width-initial elementor-absolute elementor-widget elementor-widget-heading\" data-id=\"97d5980\" data-element_type=\"widget\" data-settings=\"{&quot;_position&quot;:&quot;absolute&quot;}\" data-widget_type=\"heading.default\">\n\t\t\t\t<div class=\"elementor-widget-container\">\n\t\t\t\t\t<h2 class=\"elementor-heading-title elementor-size-default\">QU\u00c9 ES L\u00d3VA<\/h2>\t\t\t\t<\/div>\n\t\t\t\t<\/div>\n\t\t\t\t\t<\/div>\n\t\t<\/div>\n\t\t\t\t\t<\/div>\n\t\t<\/section>\n\t\t\t\t<section class=\"elementor-section elementor-top-section elementor-element elementor-element-bb65b5c elementor-section-stretched elementor-section-boxed elementor-section-height-default elementor-section-height-default qodef-elementor-content-no\" data-id=\"bb65b5c\" data-element_type=\"section\" data-settings=\"{&quot;stretch_section&quot;:&quot;section-stretched&quot;}\">\n\t\t\t\t\t\t<div class=\"elementor-container elementor-column-gap-default\">\n\t\t\t\t\t<div class=\"elementor-column elementor-col-100 elementor-top-column elementor-element elementor-element-f5492bd\" data-id=\"f5492bd\" data-element_type=\"column\">\n\t\t\t<div class=\"elementor-widget-wrap elementor-element-populated\">\n\t\t\t\t\t\t<div class=\"elementor-element elementor-element-72ac41a elementor-widget elementor-widget-spacer\" data-id=\"72ac41a\" data-element_type=\"widget\" data-widget_type=\"spacer.default\">\n\t\t\t\t<div class=\"elementor-widget-container\">\n\t\t\t\t\t\t\t<div class=\"elementor-spacer\">\n\t\t\t<div class=\"elementor-spacer-inner\"><\/div>\n\t\t<\/div>\n\t\t\t\t\t\t<\/div>\n\t\t\t\t<\/div>\n\t\t\t\t<div class=\"elementor-element elementor-element-e819d14 elementor-widget elementor-widget-text-editor\" data-id=\"e819d14\" data-element_type=\"widget\" data-widget_type=\"text-editor.default\">\n\t\t\t\t<div class=\"elementor-widget-container\">\n\t\t\t\t\t\t\t\t\t<h2><strong><span style=\"color: #cf112d;\">Un<\/span><span style=\"color: #cf112d;\"> proyecto educativo<\/span><\/strong><\/h2><p>L\u00d3VA (La \u00d3pera, un Veh\u00edculo de Aprendizaje) es un <strong>proyecto educativo<\/strong> que se realiza, principalmente, en centros de primaria donde una tutora o tutor <strong>convierte su aula en una compa\u00f1\u00eda de \u00f3pera<\/strong>. La clase dedica un <strong>curso completo<\/strong> a formar la compa\u00f1\u00eda en la que las alumnas y alumnos se organizan por equipos profesionales: dramaturgia, caracterizaci\u00f3n, vestuario, interpretaci\u00f3n, relaciones p\u00fablicas, producci\u00f3n, iluminaci\u00f3n, regidur\u00eda, escenograf\u00eda, coreograf\u00eda y m\u00fasica. <strong>La compa\u00f1\u00eda crea y estrena su propia \u00f3pera<\/strong> en funciones en las que no cuenta con ayuda de adultos.<\/p><p>El profesorado interesado en hacer L\u00d3VA realiza un\u00a0<a href=\"https:\/\/www.teatroreal.es\/proyectolova\/cursoslova\/\">curso intensivo<\/a>\u00a0que se ofrece desde 2009 en el Teatro Real y actualmente en cinco ciudades en colaboraci\u00f3n con las respectivas Consejer\u00edas de Educaci\u00f3n.\u00a0\u00a0<strong>La Comisi\u00f3n Europea eligi\u00f3 L\u00d3VA como uno de los proyectos educativos espa\u00f1oles de referencia para desarrollar la conciencia y expresi\u00f3n cultural\u00a0<\/strong>(<a href=\"https:\/\/op.europa.eu\/es\/publication-detail\/-\/publication\/6066c082-e68a-11e5-8a50-01aa75ed71a1\"><em>Cultural Awareness and Expression Handbook<\/em><\/a>).<\/p>\t\t\t\t\t\t\t\t<\/div>\n\t\t\t\t<\/div>\n\t\t\t\t\t<\/div>\n\t\t<\/div>\n\t\t\t\t\t<\/div>\n\t\t<\/section>\n\t\t\t\t<section class=\"elementor-section elementor-top-section elementor-element elementor-element-4d176d9 elementor-section-stretched elementor-section-boxed elementor-section-height-default elementor-section-height-default qodef-elementor-content-no\" data-id=\"4d176d9\" data-element_type=\"section\" data-settings=\"{&quot;stretch_section&quot;:&quot;section-stretched&quot;}\">\n\t\t\t\t\t\t<div class=\"elementor-container elementor-column-gap-default\">\n\t\t\t\t\t<div class=\"elementor-column elementor-col-33 elementor-top-column elementor-element elementor-element-884e012\" data-id=\"884e012\" data-element_type=\"column\">\n\t\t\t<div class=\"elementor-widget-wrap elementor-element-populated\">\n\t\t\t\t\t\t<div class=\"elementor-element elementor-element-5ce0465 elementor-widget elementor-widget-image\" data-id=\"5ce0465\" data-element_type=\"widget\" data-widget_type=\"image.default\">\n\t\t\t\t<div class=\"elementor-widget-container\">\n\t\t\t\t\t\t\t\t\t\t\t\t\t\t\t<img fetchpriority=\"high\" decoding=\"async\" width=\"2066\" height=\"1343\" src=\"https:\/\/www.teatroreal.es\/proyectolova\/wp-content\/uploads\/2022\/03\/DSC09450-2.jpg\" class=\"attachment-full size-full wp-image-8743\" alt=\"\" srcset=\"https:\/\/www.teatroreal.es\/proyectolova\/wp-content\/uploads\/2022\/03\/DSC09450-2.jpg 2066w, https:\/\/www.teatroreal.es\/proyectolova\/wp-content\/uploads\/2022\/03\/DSC09450-2-300x195.jpg 300w, https:\/\/www.teatroreal.es\/proyectolova\/wp-content\/uploads\/2022\/03\/DSC09450-2-1024x666.jpg 1024w, https:\/\/www.teatroreal.es\/proyectolova\/wp-content\/uploads\/2022\/03\/DSC09450-2-768x499.jpg 768w, https:\/\/www.teatroreal.es\/proyectolova\/wp-content\/uploads\/2022\/03\/DSC09450-2-1536x998.jpg 1536w, https:\/\/www.teatroreal.es\/proyectolova\/wp-content\/uploads\/2022\/03\/DSC09450-2-2048x1331.jpg 2048w\" sizes=\"(max-width: 2066px) 100vw, 2066px\" \/>\t\t\t\t\t\t\t\t\t\t\t\t\t\t\t<\/div>\n\t\t\t\t<\/div>\n\t\t\t\t\t<\/div>\n\t\t<\/div>\n\t\t\t\t<div class=\"elementor-column elementor-col-33 elementor-top-column elementor-element elementor-element-3a7413f\" data-id=\"3a7413f\" data-element_type=\"column\">\n\t\t\t<div class=\"elementor-widget-wrap elementor-element-populated\">\n\t\t\t\t\t\t<div class=\"elementor-element elementor-element-7d48c03 elementor-widget elementor-widget-image\" data-id=\"7d48c03\" data-element_type=\"widget\" data-widget_type=\"image.default\">\n\t\t\t\t<div class=\"elementor-widget-container\">\n\t\t\t\t\t\t\t\t\t\t\t\t\t\t\t<img decoding=\"async\" width=\"2560\" height=\"1664\" src=\"https:\/\/www.teatroreal.es\/proyectolova\/wp-content\/uploads\/2022\/03\/10-LOVA-0342-1-scaled.jpg\" class=\"attachment-full size-full wp-image-8742\" alt=\"\" srcset=\"https:\/\/www.teatroreal.es\/proyectolova\/wp-content\/uploads\/2022\/03\/10-LOVA-0342-1-scaled.jpg 2560w, https:\/\/www.teatroreal.es\/proyectolova\/wp-content\/uploads\/2022\/03\/10-LOVA-0342-1-300x195.jpg 300w, https:\/\/www.teatroreal.es\/proyectolova\/wp-content\/uploads\/2022\/03\/10-LOVA-0342-1-1024x666.jpg 1024w, https:\/\/www.teatroreal.es\/proyectolova\/wp-content\/uploads\/2022\/03\/10-LOVA-0342-1-768x499.jpg 768w, https:\/\/www.teatroreal.es\/proyectolova\/wp-content\/uploads\/2022\/03\/10-LOVA-0342-1-1536x998.jpg 1536w, https:\/\/www.teatroreal.es\/proyectolova\/wp-content\/uploads\/2022\/03\/10-LOVA-0342-1-2048x1331.jpg 2048w\" sizes=\"(max-width: 2560px) 100vw, 2560px\" \/>\t\t\t\t\t\t\t\t\t\t\t\t\t\t\t<\/div>\n\t\t\t\t<\/div>\n\t\t\t\t\t<\/div>\n\t\t<\/div>\n\t\t\t\t<div class=\"elementor-column elementor-col-33 elementor-top-column elementor-element elementor-element-25eb3b2\" data-id=\"25eb3b2\" data-element_type=\"column\">\n\t\t\t<div class=\"elementor-widget-wrap elementor-element-populated\">\n\t\t\t\t\t\t<div class=\"elementor-element elementor-element-895ae4b elementor-widget elementor-widget-image\" data-id=\"895ae4b\" data-element_type=\"widget\" data-widget_type=\"image.default\">\n\t\t\t\t<div class=\"elementor-widget-container\">\n\t\t\t\t\t\t\t\t\t\t\t\t\t\t\t<img decoding=\"async\" width=\"2477\" height=\"1609\" src=\"https:\/\/www.teatroreal.es\/proyectolova\/wp-content\/uploads\/2022\/03\/DSC09528-1.jpg\" class=\"attachment-full size-full wp-image-8744\" alt=\"\" srcset=\"https:\/\/www.teatroreal.es\/proyectolova\/wp-content\/uploads\/2022\/03\/DSC09528-1.jpg 2477w, https:\/\/www.teatroreal.es\/proyectolova\/wp-content\/uploads\/2022\/03\/DSC09528-1-300x195.jpg 300w, https:\/\/www.teatroreal.es\/proyectolova\/wp-content\/uploads\/2022\/03\/DSC09528-1-1024x665.jpg 1024w, https:\/\/www.teatroreal.es\/proyectolova\/wp-content\/uploads\/2022\/03\/DSC09528-1-768x499.jpg 768w, https:\/\/www.teatroreal.es\/proyectolova\/wp-content\/uploads\/2022\/03\/DSC09528-1-1536x998.jpg 1536w, https:\/\/www.teatroreal.es\/proyectolova\/wp-content\/uploads\/2022\/03\/DSC09528-1-2048x1330.jpg 2048w\" sizes=\"(max-width: 2477px) 100vw, 2477px\" \/>\t\t\t\t\t\t\t\t\t\t\t\t\t\t\t<\/div>\n\t\t\t\t<\/div>\n\t\t\t\t\t<\/div>\n\t\t<\/div>\n\t\t\t\t\t<\/div>\n\t\t<\/section>\n\t\t\t\t<section class=\"elementor-section elementor-top-section elementor-element elementor-element-23bc825 elementor-section-stretched elementor-section-boxed elementor-section-height-default elementor-section-height-default qodef-elementor-content-no\" data-id=\"23bc825\" data-element_type=\"section\" data-settings=\"{&quot;stretch_section&quot;:&quot;section-stretched&quot;}\">\n\t\t\t\t\t\t<div class=\"elementor-container elementor-column-gap-default\">\n\t\t\t\t\t<div class=\"elementor-column elementor-col-100 elementor-top-column elementor-element elementor-element-059d4d9\" data-id=\"059d4d9\" data-element_type=\"column\">\n\t\t\t<div class=\"elementor-widget-wrap elementor-element-populated\">\n\t\t\t\t\t\t<div class=\"elementor-element elementor-element-9d5887f elementor-widget elementor-widget-spacer\" data-id=\"9d5887f\" data-element_type=\"widget\" data-widget_type=\"spacer.default\">\n\t\t\t\t<div class=\"elementor-widget-container\">\n\t\t\t\t\t\t\t<div class=\"elementor-spacer\">\n\t\t\t<div class=\"elementor-spacer-inner\"><\/div>\n\t\t<\/div>\n\t\t\t\t\t\t<\/div>\n\t\t\t\t<\/div>\n\t\t\t\t<div class=\"elementor-element elementor-element-110f806 elementor-widget elementor-widget-text-editor\" data-id=\"110f806\" data-element_type=\"widget\" data-widget_type=\"text-editor.default\">\n\t\t\t\t<div class=\"elementor-widget-container\">\n\t\t\t\t\t\t\t\t\t<p>L\u00d3VA se integra en el curr\u00edculo y tiene como objetivo el desarrollo de competencias clave. Adem\u00e1s ha recibido el\u00a0<strong>premio de Buenas pr\u00e1cticas para el fomento de la convivencia escolar<\/strong> del Ministerio de Educaci\u00f3n en 2018.<\/p><p>L\u00d3VA se hace siempre en <strong>horario lectivo<\/strong>, se inscribe en el horario de\u00a0diferentes \u00e1reas y ocupa un <strong>curso escolar completo<\/strong>, que en ocasiones se\u00a0extiende a dos. Aunque se implementa principalmente en centros p\u00fablicos de\u00a0educaci\u00f3n primaria, su metodolog\u00eda se ha adaptado a diferentes niveles\u00a0educativos, infantil, ESO, educaci\u00f3n especial, bachillerato, y a diversos\u00a0entornos sociales como asociaciones culturales, centros de d\u00eda o en la c\u00e1rcel.\u00a0<\/p><p>Ese el caso de\u00a0<a href=\"https:\/\/www.teatroreal.es\/proyectolova\/el-proyecto\/lova-en-la-carcel\" target=\"_blank\" rel=\"noopener\"><em>L\u00d3VA en la c\u00e1rcel<\/em>,<\/a>\u00a0que naci\u00f3 en 2012, cuando Miguel Gil y un grupo de voluntarias llevaron L\u00d3VA al m\u00f3dulo terap\u00e9utico del centro penitenciario Madrid III en Valdemoro. En 2021 se estren\u00f3 la novena \u00f3pera de este proyecto.<\/p>\t\t\t\t\t\t\t\t<\/div>\n\t\t\t\t<\/div>\n\t\t\t\t\t<\/div>\n\t\t<\/div>\n\t\t\t\t\t<\/div>\n\t\t<\/section>\n\t\t\t\t<section class=\"elementor-section elementor-top-section elementor-element elementor-element-a226b4f elementor-section-stretched elementor-section-boxed elementor-section-height-default elementor-section-height-default qodef-elementor-content-no\" data-id=\"a226b4f\" data-element_type=\"section\" data-settings=\"{&quot;stretch_section&quot;:&quot;section-stretched&quot;}\">\n\t\t\t\t\t\t<div class=\"elementor-container elementor-column-gap-default\">\n\t\t\t\t\t<div class=\"elementor-column elementor-col-100 elementor-top-column elementor-element elementor-element-3efca20\" data-id=\"3efca20\" data-element_type=\"column\">\n\t\t\t<div class=\"elementor-widget-wrap elementor-element-populated\">\n\t\t\t\t\t\t<div class=\"elementor-element elementor-element-71de74b elementor-widget elementor-widget-text-editor\" data-id=\"71de74b\" data-element_type=\"widget\" data-widget_type=\"text-editor.default\">\n\t\t\t\t<div class=\"elementor-widget-container\">\n\t\t\t\t\t\t\t\t\t<h2><strong><span style=\"color: #cf112d;\">L\u00d3VA- El Documental<\/span><\/strong><\/h2>\t\t\t\t\t\t\t\t<\/div>\n\t\t\t\t<\/div>\n\t\t\t\t<div class=\"elementor-element elementor-element-79d3cbe elementor-widget elementor-widget-video\" data-id=\"79d3cbe\" data-element_type=\"widget\" data-settings=\"{&quot;youtube_url&quot;:&quot;https:\\\/\\\/www.youtube.com\\\/watch?v=TiFGn7nPTEg&quot;,&quot;video_type&quot;:&quot;youtube&quot;,&quot;controls&quot;:&quot;yes&quot;}\" data-widget_type=\"video.default\">\n\t\t\t\t<div class=\"elementor-widget-container\">\n\t\t\t\t\t\t\t<div class=\"elementor-wrapper elementor-open-inline\">\n\t\t\t<div class=\"elementor-video\"><\/div>\t\t<\/div>\n\t\t\t\t\t\t<\/div>\n\t\t\t\t<\/div>\n\t\t\t\t\t<\/div>\n\t\t<\/div>\n\t\t\t\t\t<\/div>\n\t\t<\/section>\n\t\t\t\t<section class=\"elementor-section elementor-top-section elementor-element elementor-element-3381316 elementor-section-stretched elementor-section-boxed elementor-section-height-default elementor-section-height-default qodef-elementor-content-no\" data-id=\"3381316\" data-element_type=\"section\" data-settings=\"{&quot;stretch_section&quot;:&quot;section-stretched&quot;}\">\n\t\t\t\t\t\t<div class=\"elementor-container elementor-column-gap-default\">\n\t\t\t\t\t<div class=\"elementor-column elementor-col-100 elementor-top-column elementor-element elementor-element-ac695da\" data-id=\"ac695da\" data-element_type=\"column\">\n\t\t\t<div class=\"elementor-widget-wrap elementor-element-populated\">\n\t\t\t\t\t\t<div class=\"elementor-element elementor-element-e0de823 elementor-widget elementor-widget-text-editor\" data-id=\"e0de823\" data-element_type=\"widget\" data-widget_type=\"text-editor.default\">\n\t\t\t\t<div class=\"elementor-widget-container\">\n\t\t\t\t\t\t\t\t\t<h2>&nbsp;<\/h2>\n<h2><strong><span style=\"color: #cf112d;\">Historia de L\u00d3VA<\/span><\/strong><\/h2>\n<p>L\u00d3VA&nbsp;tiene su origen en un proyecto educativo que&nbsp;Bruce Taylor&nbsp;y JoAnn Forman crearon para la \u00d3pera de Seattle en los a\u00f1os 70 y que en los 80 ampli\u00f3 el Metropolitan Opera Guild de Nueva York. Puede encontrarse una historia pormenorizada en la tesis de Sharon Joy,&nbsp;<em>Original Student Opera: History, Theory and Practice of a Multi-Disciplinary Arts Education Program&nbsp;<\/em>(Universidad de Houston).<\/p>\n<p>L\u00d3VA se suma a los miles de proyectos de creaci\u00f3n de \u00f3peras creadas en aulas de m\u00e1s de veinte pa\u00edses y durante m\u00e1s de tres d\u00e9cadas a partir de programas como&nbsp;<em>Creating Original Opera<\/em>&nbsp;(Metropolitan Opera Guild),&nbsp;<em>Write an Opera<\/em>&nbsp;(Royal Opera House),&nbsp;<em>Opera by Children<\/em>&nbsp;(Utah Opera),&nbsp;<em>Create and Produce<\/em>&nbsp;(Opera America), etc.<\/p>\n<p>La idea de utilizar la creaci\u00f3n de una \u00f3pera original como un veh\u00edculo de aprendizaje en el aula fue creada por Mary Ruth McGinn y lleg\u00f3 a Espa\u00f1a en 2006 de la mano de <strong>Mary Ruth McGinn<\/strong> y&nbsp;<strong>Pedro Sarmiento<\/strong>, m\u00fasico y pedagogo. Becada por Fulbright y posteriormente por SaludArte, Mary Ruth form\u00f3 y gui\u00f3 desde el <strong>Teatro Real<\/strong> a un grupo de docentes&nbsp; entre ellos los responsables de tres \u00f3peras creadas por alumnos en tres colegios p\u00fablicos de la Comunidad de Madrid (Ntra. Se\u00f1ora de la Victoria, Enrique Tierno Galv\u00e1n y El Quijote): <strong>Mercedes, Beatriz, Mar\u00eda Jos\u00e9, Vicente, Tamara y Miguel<\/strong>. Ante el \u00e9xito de la iniciativa, en 2008 se formaliz\u00f3 la creaci\u00f3n de L\u00d3VA como proyecto educativo conjunto entre SaludArte y el Teatro Real, coordinado por Pedro Sarmiento. Posteriormente, se han sumado nuevas instituciones culturales e instituciones p\u00fablicas y en 2022 se integra en la estructura del Teatro Real. Desde 2023 tiene como base de actividades el nuevo <a href=\"https:\/\/www.realteatroderetiro.es\/\">Real Teatro de Retiro<\/a>.<\/p>\n<p>L\u00d3VA se extiende gracias a docentes que lo convierten en su forma de ense\u00f1ar y que son un ejemplo de profesionalidad y de compromiso pedag\u00f3gico.&nbsp;<\/p>\t\t\t\t\t\t\t\t<\/div>\n\t\t\t\t<\/div>\n\t\t\t\t<div class=\"elementor-element elementor-element-5683498 elementor-widget elementor-widget-image\" data-id=\"5683498\" data-element_type=\"widget\" data-widget_type=\"image.default\">\n\t\t\t\t<div class=\"elementor-widget-container\">\n\t\t\t\t\t\t\t\t\t\t\t\t\t\t\t<img loading=\"lazy\" decoding=\"async\" width=\"768\" height=\"499\" src=\"https:\/\/www.teatroreal.es\/proyectolova\/wp-content\/uploads\/2022\/03\/10-LOVA-0990-1-768x499.jpg\" class=\"attachment-medium_large size-medium_large wp-image-8748\" alt=\"\" srcset=\"https:\/\/www.teatroreal.es\/proyectolova\/wp-content\/uploads\/2022\/03\/10-LOVA-0990-1-768x499.jpg 768w, https:\/\/www.teatroreal.es\/proyectolova\/wp-content\/uploads\/2022\/03\/10-LOVA-0990-1-300x195.jpg 300w, https:\/\/www.teatroreal.es\/proyectolova\/wp-content\/uploads\/2022\/03\/10-LOVA-0990-1-1024x666.jpg 1024w, https:\/\/www.teatroreal.es\/proyectolova\/wp-content\/uploads\/2022\/03\/10-LOVA-0990-1-1536x998.jpg 1536w, https:\/\/www.teatroreal.es\/proyectolova\/wp-content\/uploads\/2022\/03\/10-LOVA-0990-1-2048x1331.jpg 2048w\" sizes=\"(max-width: 768px) 100vw, 768px\" \/>\t\t\t\t\t\t\t\t\t\t\t\t\t\t\t<\/div>\n\t\t\t\t<\/div>\n\t\t\t\t\t<\/div>\n\t\t<\/div>\n\t\t\t\t\t<\/div>\n\t\t<\/section>\n\t\t\t\t<section class=\"elementor-section elementor-top-section elementor-element elementor-element-d0ff13d elementor-section-stretched elementor-section-boxed elementor-section-height-default elementor-section-height-default qodef-elementor-content-no\" data-id=\"d0ff13d\" data-element_type=\"section\" data-settings=\"{&quot;stretch_section&quot;:&quot;section-stretched&quot;}\">\n\t\t\t\t\t\t<div class=\"elementor-container elementor-column-gap-default\">\n\t\t\t\t\t<div class=\"elementor-column elementor-col-100 elementor-top-column elementor-element elementor-element-f4bfc27\" data-id=\"f4bfc27\" data-element_type=\"column\">\n\t\t\t<div class=\"elementor-widget-wrap elementor-element-populated\">\n\t\t\t\t\t\t<div class=\"elementor-element elementor-element-7c9a32b elementor-widget elementor-widget-text-editor\" data-id=\"7c9a32b\" data-element_type=\"widget\" data-widget_type=\"text-editor.default\">\n\t\t\t\t<div class=\"elementor-widget-container\">\n\t\t\t\t\t\t\t\t\t<h2>\u00a0<\/h2><h2><strong><span style=\"color: #cf112d;\">Gente de L\u00d3VA<\/span><\/strong><\/h2><p>El proyecto L\u00d3VA cuenta con un modelo de gesti\u00f3n innovador y participativo. Integrado desde 2022 como proyecto educativo del Teatro Real desde el que se coordina el proyecto a nivel nacional, cuenta con la colaboraci\u00f3n de excelentes profesionales en la formaci\u00f3n y el desarrollo del proyecto.<\/p><p>El\u00a0<a href=\"https:\/\/www.teatroreal.es\/proyectolova\/transparencia\/gente-lova\/comite-lova\/\" target=\"_blank\" rel=\"noopener\">Comit\u00e9 pedag\u00f3gico<\/a>\u00a0est\u00e1 formado por un grupo de docentes expertos en el proyecto que, desde diferentes partes de Espa\u00f1a codise\u00f1an y asesoran las acciones formativas del proyecto.<\/p><div>\u00a0<\/div>\t\t\t\t\t\t\t\t<\/div>\n\t\t\t\t<\/div>\n\t\t\t\t\t<\/div>\n\t\t<\/div>\n\t\t\t\t\t<\/div>\n\t\t<\/section>\n\t\t\t\t<\/div>\n\t\t","protected":false},"excerpt":{"rendered":"<p>QU\u00c9 ES L\u00d3VA Un proyecto educativo L\u00d3VA (La \u00d3pera, un Veh\u00edculo de Aprendizaje) es un proyecto educativo que se realiza, principalmente, en centros de primaria donde una tutora o tutor convierte su aula en una compa\u00f1\u00eda de \u00f3pera. La clase dedica un curso completo a formar la compa\u00f1\u00eda en la que las alumnas y alumnos &#8230; <a title=\"QU\u00c9 ES L\u00d3VA\" class=\"read-more\" href=\"https:\/\/www.teatroreal.es\/proyectolova\/que-es-lova\/\">Read more<\/a><\/p>\n","protected":false},"author":167,"featured_media":0,"parent":0,"menu_order":0,"comment_status":"closed","ping_status":"closed","template":"","meta":{"footnotes":""},"hashtags":[],"class_list":["post-8637","page","type-page","status-publish"],"yoast_head":"<!-- This site is optimized with the Yoast SEO plugin v26.8 - https:\/\/yoast.com\/product\/yoast-seo-wordpress\/ -->\n<title>QU\u00c9 ES L\u00d3VA - L\u00d3VA<\/title>\n<meta name=\"robots\" content=\"index, follow, max-snippet:-1, max-image-preview:large, max-video-preview:-1\" \/>\n<link rel=\"canonical\" href=\"https:\/\/www.teatroreal.es\/proyectolova\/que-es-lova\/\" \/>\n<meta property=\"og:locale\" content=\"es_ES\" \/>\n<meta property=\"og:type\" content=\"article\" \/>\n<meta property=\"og:title\" content=\"QU\u00c9 ES L\u00d3VA - L\u00d3VA\" \/>\n<meta property=\"og:description\" content=\"QU\u00c9 ES L\u00d3VA Un proyecto educativo L\u00d3VA (La \u00d3pera, un Veh\u00edculo de Aprendizaje) es un proyecto educativo que se realiza, principalmente, en centros de primaria donde una tutora o tutor convierte su aula en una compa\u00f1\u00eda de \u00f3pera. La clase dedica un curso completo a formar la compa\u00f1\u00eda en la que las alumnas y alumnos ... Read more\" \/>\n<meta property=\"og:url\" content=\"https:\/\/www.teatroreal.es\/proyectolova\/que-es-lova\/\" \/>\n<meta property=\"og:site_name\" content=\"L\u00d3VA\" \/>\n<meta property=\"article:publisher\" content=\"https:\/\/www.facebook.com\/proyectolova\/\" \/>\n<meta property=\"article:modified_time\" content=\"2024-04-29T10:16:27+00:00\" \/>\n<meta property=\"og:image\" content=\"https:\/\/www.teatroreal.es\/proyectolova\/wp-content\/uploads\/2022\/03\/DSC09450-2.jpg\" \/>\n<meta name=\"twitter:card\" content=\"summary_large_image\" \/>\n<meta name=\"twitter:site\" content=\"@proyectolova\" \/>\n<meta name=\"twitter:label1\" content=\"Tiempo de lectura\" \/>\n\t<meta name=\"twitter:data1\" content=\"4 minutos\" \/>\n<script type=\"application\/ld+json\" class=\"yoast-schema-graph\">{\"@context\":\"https:\/\/schema.org\",\"@graph\":[{\"@type\":\"WebPage\",\"@id\":\"https:\/\/www.teatroreal.es\/proyectolova\/que-es-lova\/\",\"url\":\"https:\/\/www.teatroreal.es\/proyectolova\/que-es-lova\/\",\"name\":\"QU\u00c9 ES L\u00d3VA - L\u00d3VA\",\"isPartOf\":{\"@id\":\"https:\/\/www.teatroreal.es\/proyectolova\/#website\"},\"primaryImageOfPage\":{\"@id\":\"https:\/\/www.teatroreal.es\/proyectolova\/que-es-lova\/#primaryimage\"},\"image\":{\"@id\":\"https:\/\/www.teatroreal.es\/proyectolova\/que-es-lova\/#primaryimage\"},\"thumbnailUrl\":\"https:\/\/www.teatroreal.es\/proyectolova\/wp-content\/uploads\/2022\/03\/DSC09450-2.jpg\",\"datePublished\":\"2022-02-22T11:24:28+00:00\",\"dateModified\":\"2024-04-29T10:16:27+00:00\",\"breadcrumb\":{\"@id\":\"https:\/\/www.teatroreal.es\/proyectolova\/que-es-lova\/#breadcrumb\"},\"inLanguage\":\"es\",\"potentialAction\":[{\"@type\":\"ReadAction\",\"target\":[\"https:\/\/www.teatroreal.es\/proyectolova\/que-es-lova\/\"]}]},{\"@type\":\"ImageObject\",\"inLanguage\":\"es\",\"@id\":\"https:\/\/www.teatroreal.es\/proyectolova\/que-es-lova\/#primaryimage\",\"url\":\"https:\/\/www.teatroreal.es\/proyectolova\/wp-content\/uploads\/2022\/03\/DSC09450-2.jpg\",\"contentUrl\":\"https:\/\/www.teatroreal.es\/proyectolova\/wp-content\/uploads\/2022\/03\/DSC09450-2.jpg\",\"width\":2066,\"height\":1343},{\"@type\":\"BreadcrumbList\",\"@id\":\"https:\/\/www.teatroreal.es\/proyectolova\/que-es-lova\/#breadcrumb\",\"itemListElement\":[{\"@type\":\"ListItem\",\"position\":1,\"name\":\"Portada\",\"item\":\"https:\/\/www.teatroreal.es\/proyectolova\/\"},{\"@type\":\"ListItem\",\"position\":2,\"name\":\"QU\u00c9 ES L\u00d3VA\"}]},{\"@type\":\"WebSite\",\"@id\":\"https:\/\/www.teatroreal.es\/proyectolova\/#website\",\"url\":\"https:\/\/www.teatroreal.es\/proyectolova\/\",\"name\":\"L\u00d3VA\",\"description\":\"La \u00d3pera, un Veh\u00edculo de Aprendizaje\",\"publisher\":{\"@id\":\"https:\/\/www.teatroreal.es\/proyectolova\/#organization\"},\"potentialAction\":[{\"@type\":\"SearchAction\",\"target\":{\"@type\":\"EntryPoint\",\"urlTemplate\":\"https:\/\/www.teatroreal.es\/proyectolova\/?s={search_term_string}\"},\"query-input\":{\"@type\":\"PropertyValueSpecification\",\"valueRequired\":true,\"valueName\":\"search_term_string\"}}],\"inLanguage\":\"es\"},{\"@type\":\"Organization\",\"@id\":\"https:\/\/www.teatroreal.es\/proyectolova\/#organization\",\"name\":\"L\u00d3VA\",\"url\":\"https:\/\/www.teatroreal.es\/proyectolova\/\",\"logo\":{\"@type\":\"ImageObject\",\"inLanguage\":\"es\",\"@id\":\"https:\/\/www.teatroreal.es\/proyectolova\/#\/schema\/logo\/image\/\",\"url\":\"https:\/\/www.teatroreal.es\/proyectolova\/wp-content\/uploads\/2018\/01\/logo-L\u00d3VA-Marin\u00e9.jpg\",\"contentUrl\":\"https:\/\/www.teatroreal.es\/proyectolova\/wp-content\/uploads\/2018\/01\/logo-L\u00d3VA-Marin\u00e9.jpg\",\"width\":1890,\"height\":2848,\"caption\":\"L\u00d3VA\"},\"image\":{\"@id\":\"https:\/\/www.teatroreal.es\/proyectolova\/#\/schema\/logo\/image\/\"},\"sameAs\":[\"https:\/\/www.facebook.com\/proyectolova\/\",\"https:\/\/x.com\/proyectolova\",\"https:\/\/www.instagram.com\/proyectolova\/\",\"https:\/\/www.linkedin.com\/company\/proyectolova\/\",\"https:\/\/www.youtube.com\/user\/mecenartis\"]}]}<\/script>\n<!-- \/ Yoast SEO plugin. -->","yoast_head_json":{"title":"QU\u00c9 ES L\u00d3VA - L\u00d3VA","robots":{"index":"index","follow":"follow","max-snippet":"max-snippet:-1","max-image-preview":"max-image-preview:large","max-video-preview":"max-video-preview:-1"},"canonical":"https:\/\/www.teatroreal.es\/proyectolova\/que-es-lova\/","og_locale":"es_ES","og_type":"article","og_title":"QU\u00c9 ES L\u00d3VA - L\u00d3VA","og_description":"QU\u00c9 ES L\u00d3VA Un proyecto educativo L\u00d3VA (La \u00d3pera, un Veh\u00edculo de Aprendizaje) es un proyecto educativo que se realiza, principalmente, en centros de primaria donde una tutora o tutor convierte su aula en una compa\u00f1\u00eda de \u00f3pera. La clase dedica un curso completo a formar la compa\u00f1\u00eda en la que las alumnas y alumnos ... Read more","og_url":"https:\/\/www.teatroreal.es\/proyectolova\/que-es-lova\/","og_site_name":"L\u00d3VA","article_publisher":"https:\/\/www.facebook.com\/proyectolova\/","article_modified_time":"2024-04-29T10:16:27+00:00","og_image":[{"url":"https:\/\/www.teatroreal.es\/proyectolova\/wp-content\/uploads\/2022\/03\/DSC09450-2.jpg","type":"","width":"","height":""}],"twitter_card":"summary_large_image","twitter_site":"@proyectolova","twitter_misc":{"Tiempo de lectura":"4 minutos"},"schema":{"@context":"https:\/\/schema.org","@graph":[{"@type":"WebPage","@id":"https:\/\/www.teatroreal.es\/proyectolova\/que-es-lova\/","url":"https:\/\/www.teatroreal.es\/proyectolova\/que-es-lova\/","name":"QU\u00c9 ES L\u00d3VA - L\u00d3VA","isPartOf":{"@id":"https:\/\/www.teatroreal.es\/proyectolova\/#website"},"primaryImageOfPage":{"@id":"https:\/\/www.teatroreal.es\/proyectolova\/que-es-lova\/#primaryimage"},"image":{"@id":"https:\/\/www.teatroreal.es\/proyectolova\/que-es-lova\/#primaryimage"},"thumbnailUrl":"https:\/\/www.teatroreal.es\/proyectolova\/wp-content\/uploads\/2022\/03\/DSC09450-2.jpg","datePublished":"2022-02-22T11:24:28+00:00","dateModified":"2024-04-29T10:16:27+00:00","breadcrumb":{"@id":"https:\/\/www.teatroreal.es\/proyectolova\/que-es-lova\/#breadcrumb"},"inLanguage":"es","potentialAction":[{"@type":"ReadAction","target":["https:\/\/www.teatroreal.es\/proyectolova\/que-es-lova\/"]}]},{"@type":"ImageObject","inLanguage":"es","@id":"https:\/\/www.teatroreal.es\/proyectolova\/que-es-lova\/#primaryimage","url":"https:\/\/www.teatroreal.es\/proyectolova\/wp-content\/uploads\/2022\/03\/DSC09450-2.jpg","contentUrl":"https:\/\/www.teatroreal.es\/proyectolova\/wp-content\/uploads\/2022\/03\/DSC09450-2.jpg","width":2066,"height":1343},{"@type":"BreadcrumbList","@id":"https:\/\/www.teatroreal.es\/proyectolova\/que-es-lova\/#breadcrumb","itemListElement":[{"@type":"ListItem","position":1,"name":"Portada","item":"https:\/\/www.teatroreal.es\/proyectolova\/"},{"@type":"ListItem","position":2,"name":"QU\u00c9 ES L\u00d3VA"}]},{"@type":"WebSite","@id":"https:\/\/www.teatroreal.es\/proyectolova\/#website","url":"https:\/\/www.teatroreal.es\/proyectolova\/","name":"L\u00d3VA","description":"La \u00d3pera, un Veh\u00edculo de Aprendizaje","publisher":{"@id":"https:\/\/www.teatroreal.es\/proyectolova\/#organization"},"potentialAction":[{"@type":"SearchAction","target":{"@type":"EntryPoint","urlTemplate":"https:\/\/www.teatroreal.es\/proyectolova\/?s={search_term_string}"},"query-input":{"@type":"PropertyValueSpecification","valueRequired":true,"valueName":"search_term_string"}}],"inLanguage":"es"},{"@type":"Organization","@id":"https:\/\/www.teatroreal.es\/proyectolova\/#organization","name":"L\u00d3VA","url":"https:\/\/www.teatroreal.es\/proyectolova\/","logo":{"@type":"ImageObject","inLanguage":"es","@id":"https:\/\/www.teatroreal.es\/proyectolova\/#\/schema\/logo\/image\/","url":"https:\/\/www.teatroreal.es\/proyectolova\/wp-content\/uploads\/2018\/01\/logo-L\u00d3VA-Marin\u00e9.jpg","contentUrl":"https:\/\/www.teatroreal.es\/proyectolova\/wp-content\/uploads\/2018\/01\/logo-L\u00d3VA-Marin\u00e9.jpg","width":1890,"height":2848,"caption":"L\u00d3VA"},"image":{"@id":"https:\/\/www.teatroreal.es\/proyectolova\/#\/schema\/logo\/image\/"},"sameAs":["https:\/\/www.facebook.com\/proyectolova\/","https:\/\/x.com\/proyectolova","https:\/\/www.instagram.com\/proyectolova\/","https:\/\/www.linkedin.com\/company\/proyectolova\/","https:\/\/www.youtube.com\/user\/mecenartis"]}]}},"_links":{"self":[{"href":"https:\/\/www.teatroreal.es\/proyectolova\/wp-json\/wp\/v2\/pages\/8637","targetHints":{"allow":["GET"]}}],"collection":[{"href":"https:\/\/www.teatroreal.es\/proyectolova\/wp-json\/wp\/v2\/pages"}],"about":[{"href":"https:\/\/www.teatroreal.es\/proyectolova\/wp-json\/wp\/v2\/types\/page"}],"author":[{"embeddable":true,"href":"https:\/\/www.teatroreal.es\/proyectolova\/wp-json\/wp\/v2\/users\/167"}],"replies":[{"embeddable":true,"href":"https:\/\/www.teatroreal.es\/proyectolova\/wp-json\/wp\/v2\/comments?post=8637"}],"version-history":[{"count":55,"href":"https:\/\/www.teatroreal.es\/proyectolova\/wp-json\/wp\/v2\/pages\/8637\/revisions"}],"predecessor-version":[{"id":10354,"href":"https:\/\/www.teatroreal.es\/proyectolova\/wp-json\/wp\/v2\/pages\/8637\/revisions\/10354"}],"wp:attachment":[{"href":"https:\/\/www.teatroreal.es\/proyectolova\/wp-json\/wp\/v2\/media?parent=8637"}],"wp:term":[{"taxonomy":"hashtags","embeddable":true,"href":"https:\/\/www.teatroreal.es\/proyectolova\/wp-json\/wp\/v2\/hashtags?post=8637"}],"curies":[{"name":"wp","href":"https:\/\/api.w.org\/{rel}","templated":true}]}}