{"id":8642,"date":"2022-02-22T13:28:43","date_gmt":"2022-02-22T11:28:43","guid":{"rendered":"https:\/\/www.teatroreal.es\/proyectolova\/?page_id=8642"},"modified":"2023-09-06T09:34:57","modified_gmt":"2023-09-06T07:34:57","slug":"lova-en-tu-aula","status":"publish","type":"page","link":"https:\/\/www.teatroreal.es\/proyectolova\/lova-en-tu-aula\/","title":{"rendered":"L\u00d3VA en tu aula"},"content":{"rendered":"\t\t<div data-elementor-type=\"wp-page\" data-elementor-id=\"8642\" class=\"elementor elementor-8642\" data-elementor-post-type=\"page\">\n\t\t\t\t\t\t<section class=\"elementor-section elementor-top-section elementor-element elementor-element-bb4e448 elementor-section-boxed elementor-section-height-default elementor-section-height-default qodef-elementor-content-no\" data-id=\"bb4e448\" data-element_type=\"section\">\n\t\t\t\t\t\t<div class=\"elementor-container elementor-column-gap-default\">\n\t\t\t\t\t<div class=\"elementor-column elementor-col-100 elementor-top-column elementor-element elementor-element-d4a9f80\" data-id=\"d4a9f80\" data-element_type=\"column\">\n\t\t\t<div class=\"elementor-widget-wrap elementor-element-populated\">\n\t\t\t\t\t\t<div class=\"elementor-element elementor-element-7056943 elementor-widget elementor-widget-text-editor\" data-id=\"7056943\" data-element_type=\"widget\" data-widget_type=\"text-editor.default\">\n\t\t\t\t<div class=\"elementor-widget-container\">\n\t\t\t\t\t\t\t\t\t<p>Hacer <strong>L\u00d3VA es proponerle a tu clase convertirse en una compa\u00f1\u00eda<\/strong> y dedicar el curso escolar completo a crear, producir y estrenar su propia \u00f3pera. En las funciones la profesora o profesor se sienta entre el p\u00fablico y es la compa\u00f1\u00eda la que resuelve cualquier incidencia.<\/p><p><strong>L\u00d3VA es un proyecto de tutor\u00eda<\/strong>, no de un \u00e1rea o asignatura, porque tiene como objetivo integrar varias \u00e1reas\/asignaturas de y desarrollar un n\u00famero competencias que rebasan el concepto de \u00e1rea y se ajustan con naturalidad al papel de un tutor o tutora. La grandeza de L\u00d3VA <strong>vive en su capacidad integradora<\/strong>.<\/p><p>L\u00d3VA <strong>se realiza en horario lectivo<\/strong>, se desarrolla a lo largo de todo un curso escolar y ocupa un n\u00famero de sesiones semanales que va de seis a once. Aunque los centros optan por diferentes soluciones, siempre se integran sesiones de lengua y literatura, art\u00edstica y seg\u00fan los casos matem\u00e1ticas, educaci\u00f3n f\u00edsica, valores u otras.\u00a0<\/p><p>Aunque se implementa principalmente en centros p\u00fablicos de <strong>educaci\u00f3n primaria<\/strong>, su metodolog\u00eda se ha adaptado a diferentes niveles educativos, infantil, ESO, educaci\u00f3n especial, bachillerato, y a diversos entornos sociales como asociaciones culturales, centros de d\u00eda, c\u00e1rcel, etc.<\/p><p>L\u00d3VA recomienda encarecidamente que <strong>cada compa\u00f1\u00eda est\u00e9 formada por una sola clase.<\/strong> Por otra parte, recomienda llevar a cabo la implementaci\u00f3n del proyecto en el centro con una clase antes de decidirse a hacer L\u00d3VA con dos o m\u00e1s compa\u00f1\u00edas.<\/p>\t\t\t\t\t\t\t\t<\/div>\n\t\t\t\t<\/div>\n\t\t\t\t\t<\/div>\n\t\t<\/div>\n\t\t\t\t\t<\/div>\n\t\t<\/section>\n\t\t\t\t<section class=\"elementor-section elementor-top-section elementor-element elementor-element-914a077 elementor-section-boxed elementor-section-height-default elementor-section-height-default qodef-elementor-content-no\" data-id=\"914a077\" data-element_type=\"section\">\n\t\t\t\t\t\t<div class=\"elementor-container elementor-column-gap-default\">\n\t\t\t\t\t<div class=\"elementor-column elementor-col-50 elementor-top-column elementor-element elementor-element-3253a17\" data-id=\"3253a17\" data-element_type=\"column\">\n\t\t\t<div class=\"elementor-widget-wrap elementor-element-populated\">\n\t\t\t\t\t\t<div class=\"elementor-element elementor-element-32e60f8 elementor-widget elementor-widget-image\" data-id=\"32e60f8\" data-element_type=\"widget\" data-widget_type=\"image.default\">\n\t\t\t\t<div class=\"elementor-widget-container\">\n\t\t\t\t\t\t\t\t\t\t\t\t\t\t\t<img fetchpriority=\"high\" decoding=\"async\" width=\"1024\" height=\"683\" src=\"https:\/\/www.teatroreal.es\/proyectolova\/wp-content\/uploads\/2022\/03\/LOVA_APRENDANZA_143-1-1024x683.jpg\" class=\"attachment-large size-large wp-image-8761\" alt=\"\" srcset=\"https:\/\/www.teatroreal.es\/proyectolova\/wp-content\/uploads\/2022\/03\/LOVA_APRENDANZA_143-1-1024x683.jpg 1024w, https:\/\/www.teatroreal.es\/proyectolova\/wp-content\/uploads\/2022\/03\/LOVA_APRENDANZA_143-1-300x200.jpg 300w, https:\/\/www.teatroreal.es\/proyectolova\/wp-content\/uploads\/2022\/03\/LOVA_APRENDANZA_143-1-768x512.jpg 768w, https:\/\/www.teatroreal.es\/proyectolova\/wp-content\/uploads\/2022\/03\/LOVA_APRENDANZA_143-1-1536x1024.jpg 1536w, https:\/\/www.teatroreal.es\/proyectolova\/wp-content\/uploads\/2022\/03\/LOVA_APRENDANZA_143-1-2048x1365.jpg 2048w\" sizes=\"(max-width: 1024px) 100vw, 1024px\" \/>\t\t\t\t\t\t\t\t\t\t\t\t\t\t\t<\/div>\n\t\t\t\t<\/div>\n\t\t\t\t\t<\/div>\n\t\t<\/div>\n\t\t\t\t<div class=\"elementor-column elementor-col-50 elementor-top-column elementor-element elementor-element-c76776c\" data-id=\"c76776c\" data-element_type=\"column\">\n\t\t\t<div class=\"elementor-widget-wrap elementor-element-populated\">\n\t\t\t\t\t\t<div class=\"elementor-element elementor-element-0b2fdc0 elementor-widget elementor-widget-image\" data-id=\"0b2fdc0\" data-element_type=\"widget\" data-widget_type=\"image.default\">\n\t\t\t\t<div class=\"elementor-widget-container\">\n\t\t\t\t\t\t\t\t\t\t\t\t\t\t\t<img decoding=\"async\" width=\"1024\" height=\"683\" src=\"https:\/\/www.teatroreal.es\/proyectolova\/wp-content\/uploads\/2022\/03\/LOVA_APRENDANZA_140-1024x683.jpg\" class=\"attachment-large size-large wp-image-8760\" alt=\"\" srcset=\"https:\/\/www.teatroreal.es\/proyectolova\/wp-content\/uploads\/2022\/03\/LOVA_APRENDANZA_140-1024x683.jpg 1024w, https:\/\/www.teatroreal.es\/proyectolova\/wp-content\/uploads\/2022\/03\/LOVA_APRENDANZA_140-300x200.jpg 300w, https:\/\/www.teatroreal.es\/proyectolova\/wp-content\/uploads\/2022\/03\/LOVA_APRENDANZA_140-768x512.jpg 768w, https:\/\/www.teatroreal.es\/proyectolova\/wp-content\/uploads\/2022\/03\/LOVA_APRENDANZA_140-1536x1024.jpg 1536w, https:\/\/www.teatroreal.es\/proyectolova\/wp-content\/uploads\/2022\/03\/LOVA_APRENDANZA_140-2048x1365.jpg 2048w\" sizes=\"(max-width: 1024px) 100vw, 1024px\" \/>\t\t\t\t\t\t\t\t\t\t\t\t\t\t\t<\/div>\n\t\t\t\t<\/div>\n\t\t\t\t\t<\/div>\n\t\t<\/div>\n\t\t\t\t\t<\/div>\n\t\t<\/section>\n\t\t\t\t<section class=\"elementor-section elementor-top-section elementor-element elementor-element-64e36ad elementor-section-boxed elementor-section-height-default elementor-section-height-default qodef-elementor-content-no\" data-id=\"64e36ad\" data-element_type=\"section\">\n\t\t\t\t\t\t<div class=\"elementor-container elementor-column-gap-default\">\n\t\t\t\t\t<div class=\"elementor-column elementor-col-100 elementor-top-column elementor-element elementor-element-6eb48ac\" data-id=\"6eb48ac\" data-element_type=\"column\">\n\t\t\t<div class=\"elementor-widget-wrap elementor-element-populated\">\n\t\t\t\t\t\t<div class=\"elementor-element elementor-element-6f1bb53 elementor-widget elementor-widget-text-editor\" data-id=\"6f1bb53\" data-element_type=\"widget\" data-widget_type=\"text-editor.default\">\n\t\t\t\t<div class=\"elementor-widget-container\">\n\t\t\t\t\t\t\t\t\t<h2>L\u00d3VA paso a paso<\/h2><p>Los pasos que se siguen al hacer L\u00d3VA en el aula, con ligeras y l\u00f3gicas variantes seg\u00fan los cosos, son los siguientes:<\/p><p><strong>\u00bfQu\u00e9 es una \u00f3pera?<\/strong><\/p><p>\u00bfQu\u00e9 necesitamos para crear una? La clase comienza una amplia b\u00fasqueda de informaci\u00f3n y averigua todo lo que puede sobre las \u00f3peras y sobre las compa\u00f1\u00edas que las llevan a escena. Se ven v\u00eddeos, se escuchan fragmentos, se cantan melod\u00edas de \u00f3peras, se buscan las profesiones que intervienen en una producci\u00f3n oper\u00edstica.\u00a0<\/p><p><strong>Identidad: formar una compa\u00f1\u00eda<\/strong><\/p><p>La clase reflexiona sobre lo que define al grupo, busca un nombre y un logotipo que representen estas se\u00f1as.\u00a0<\/p><p>La clase practica retos (din\u00e1micas de grupo en las que no gana una persona, sino todo el grupo) para entender que se enfrenta a un gran reto, para conocerse y conocer sus reacciones frente a las dificultades y para encontrar met\u00e1foras que ayudan a entender y guiar el proceso (la clase se siente como un puzle en el que todas las fichas son imprescindibles, como una barca en la que todo el mundo debe remar, etc).<\/p><p><strong>Familias<\/strong><\/p><p>Se informa a las familias y se comienza a implicar a personas adultas que no solo pueden ayudar de muchas maneras a lo largo del curso, sino que van a entender mucho mejor las pautas pedag\u00f3gicas que se est\u00e1n siguiendo para fomentar el aprendizaje, cumplir con los objetivos educativos, etc.<\/p><p><strong>Profesiones<\/strong><\/p><p>Cada miembro de la compa\u00f1\u00eda va a desempe\u00f1ar una profesi\u00f3n y debe conocerla bien antes de solicitar ese puesto de trabajo. El colegio busca profesionales de las artes esc\u00e9nicas que vienen a presentar en breves sesiones las caracter\u00edsticas m\u00e1s apasionantes de su trabajo. A veces las profesiones las pueden presentar ni\u00f1as y ni\u00f1os que hicieron L\u00d3VA el curso pasado.<\/p><p><strong>Asignaci\u00f3n de profesiones<\/strong><\/p><p>Es un gran d\u00eda. Se suele hacer antes de las vacaciones de navidad. Es una ceremonia en la que cada integrante de la compa\u00f1\u00eda va a averiguar si puede optar por las profesiones que ha elegido y por ese motivo viene gente a la que la compa\u00f1\u00eda considera importante: una directora de escena, la directora de un un teatro, la directora del centro, etc. El n\u00famero de profesiones no es fijo, pero suelen ser: escenograf\u00eda, comunicaci\u00f3n, caracterizaci\u00f3n y vestuario, regidur\u00eda, producci\u00f3n, iluminaci\u00f3n, interpretaci\u00f3n, composici\u00f3n musical, coreograf\u00eda, dramaturgia y documentaci\u00f3n.<\/p><p><strong>El tema de la \u00f3pera<\/strong><\/p><p>Muy pronto, desde el principio del curso, la clase ha estado pensando, al reflexionar sobre su identidad, en un tema para la \u00f3pera. Es una reflexi\u00f3n a la que suelen dedicarse dos y hasta tres meses. La elecci\u00f3n del tema es muy importante porque todo el trabajo de la compa\u00f1\u00eda va a estar encaminado a crear una \u00f3pera para lanzar al mundo este mensaje. Necesita ser un tema que realmente la clase en su conjunto considere de una gran importancia.<\/p><p><strong>La trama<\/strong><\/p><p>Aunque m\u00e1s adelante ser\u00e1 el trabajo del equipo de escritoras\/escritores desarrollar todos los di\u00e1logos o crear las letras de canciones, la compa\u00f1\u00eda va a pensar unida la trama b\u00e1sica, es decir, el esquema de la historia que va a convertir el tema en acciones que se desarrollan en escena.\u00a0<\/p><p>En esta fase, es vital la creaci\u00f3n de personajes. Son personajes que la compa\u00f1\u00eda crea siguiendo una pauta que se recomienda en el curso L\u00d3VA: son cinco, no tienen nombre ni g\u00e9nero y solo los definen caracter\u00edsticas internas (una caracter\u00edstica interna es generosa,\u00a0una externa es\u00a0delgado). estas caracter\u00edsticas invitan a imaginar relaciones entres dos personajes, luego entres tres o m\u00e1s. Y de ah\u00ed surgir\u00e1n diversos conflictos, uno de ellos el conflicto principal de la obra,<\/p><p>La compa\u00f1\u00eda decide, tambi\u00e9n antes de empezar a imaginar la historia, el lugar, espacio y tiempo en el que va a transcurrir la acci\u00f3n. De esta forma todos estos condicionantes son invitaciones a imaginar historias y, de paso, nos dan informaci\u00f3n imprescindible para empezar a pensar en escenograf\u00eda, vestuario, iluminaci\u00f3n, etc.\u00a0\u00a0<\/p><p><strong>La producci\u00f3n<\/strong><\/p><p>A partir de enero-febrero, la compa\u00f1\u00eda celebra como m\u00ednimo una doble sesi\u00f3n semanal dedicada a la producci\u00f3n de la obra, aparte de las dem\u00e1s sesiones semanales dedicadas a L\u00d3VA. La compa\u00f1\u00eda, guiada por su directora de producci\u00f3n, se divide en grupos profesionales y cada grupo se dedica, primero, a aprender a hacer su trabajo, y luego a aplicar este aprendizaje a la construcci\u00f3n de la \u00f3pera. Es la etapa de la interdependencia, puesto que cada equipo trabaja en algo que depende de o influye en otro. La coordinaci\u00f3n es tan importante como el trabajo de cada profesional.<\/p><p><strong>Ensayos y estreno<\/strong><\/p><p>Desde principio de curso un cronograma ya marca las fechas de los diferentes tipos de ensayo (parcial, con\/sin vestuario, con\/sin m\u00fasica, etc) hasta el ensayo general, que suele ser una funci\u00f3n para una o m\u00e1s clases del centro, y el estreno, que a veces se realiza en un teatro profesional y otras en el polideportivo del colegio. No hay nada preconcebido en estos detalles y uno de los muchos motivos es que dependen en gran medida de lo que la compa\u00f1\u00eda haya gestionado durante todo el a\u00f1o. En realidad todo forma parte de una cuenta atr\u00e1s que estaba escrita desde el primer d\u00eda. El cronograma es similar al que establece un equipo de producci\u00f3n profesional. Tanto la gesti\u00f3n del tiempo como la asunci\u00f3n paulatina de responsabilidad son aprendizajes y retos del proceso que vive la compa\u00f1\u00eda.<\/p><p>En el estreno y dem\u00e1s funciones las personas adultas no ayudan porque todos los equipos profesionales conocen su trabajo y conocen su interacci\u00f3n con los dem\u00e1s equipos. No ayudan y se sientan entre el p\u00fablico. El estreno es, entre otras cosas, el momento de validaci\u00f3n p\u00fablica de un proceso de emancipaci\u00f3n que necesita iniciarse en los primeros d\u00edas de clase, cuando la profesora iba dejando en manos de la compa\u00f1\u00eda decisiones que afectan al avance de la \u00f3pera.<\/p><p>La exposici\u00f3n forma parte del estreno. En ella el equipo de documentalistas muestra al p\u00fablico que asiste a las funciones fotograf\u00edas, v\u00eddeos, escritos, dibujos y otros artefactos que cuentan c\u00f3mo la \u00f3pera es el resultado de un largo proceso de toma de decisiones, b\u00fasqueda de respuestas, abundancia de propuestas, participaci\u00f3n activa de muchas personas ajenas al aula, etc. La exposici\u00f3n no solo destaca la importancia de todas y cada una de las profesiones, sino de todos y cada uno de los pasos del proceso.\u00a0<\/p><p><strong>Evaluaci\u00f3n<\/strong><\/p><p>La \u00faltima funci\u00f3n debe tener lugar semanas antes de finalizar el curso. Tiempo necesario para evaluar y reflexionar sobre lo vivido, analizar las cosas que han permitido a la clase avanzar m\u00e1s \u00e1gilmente y alcanzar sus objetivos. En esta evaluaci\u00f3n tienen un gran valor los abundantes escritos que cada alumna\/o ha realizado reflexionando sobre todos los momentos.<\/p><p>Tambi\u00e9n todas las listas y relaciones de propuestas procedentes de la compa\u00f1\u00eda (propuestas de temas para tratar, nombres de la compa\u00f1\u00eda, opciones para el primer esquema de la historia, elecci\u00f3n de caracter\u00edsticas de personajes o conflictos entre estos, etc.<\/p>\t\t\t\t\t\t\t\t<\/div>\n\t\t\t\t<\/div>\n\t\t\t\t\t<\/div>\n\t\t<\/div>\n\t\t\t\t\t<\/div>\n\t\t<\/section>\n\t\t\t\t<section class=\"elementor-section elementor-top-section elementor-element elementor-element-a430579 elementor-section-boxed elementor-section-height-default elementor-section-height-default qodef-elementor-content-no\" data-id=\"a430579\" data-element_type=\"section\">\n\t\t\t\t\t\t<div class=\"elementor-container elementor-column-gap-default\">\n\t\t\t\t\t<div class=\"elementor-column elementor-col-100 elementor-top-column elementor-element elementor-element-3d341a3\" data-id=\"3d341a3\" data-element_type=\"column\">\n\t\t\t<div class=\"elementor-widget-wrap elementor-element-populated\">\n\t\t\t\t\t\t<div class=\"elementor-element elementor-element-4737cdb elementor-widget elementor-widget-text-editor\" data-id=\"4737cdb\" data-element_type=\"widget\" data-widget_type=\"text-editor.default\">\n\t\t\t\t<div class=\"elementor-widget-container\">\n\t\t\t\t\t\t\t\t\t<p style=\"text-align: center;\"><b><span style=\"font-size: 14.0pt; line-height: 107%; font-family: 'Calibri Light',sans-serif; mso-ascii-theme-font: major-latin; mso-hansi-theme-font: major-latin; mso-bidi-theme-font: major-latin;\">Descarga la Gu\u00eda INTEF: C\u00f3mo hacer una \u00f3pera<\/span><\/b><\/p>\t\t\t\t\t\t\t\t<\/div>\n\t\t\t\t<\/div>\n\t\t\t\t\t<\/div>\n\t\t<\/div>\n\t\t\t\t\t<\/div>\n\t\t<\/section>\n\t\t\t\t<section class=\"elementor-section elementor-top-section elementor-element elementor-element-a55802f elementor-section-boxed elementor-section-height-default elementor-section-height-default qodef-elementor-content-no\" data-id=\"a55802f\" data-element_type=\"section\">\n\t\t\t\t\t\t<div class=\"elementor-container elementor-column-gap-default\">\n\t\t\t\t\t<div class=\"elementor-column elementor-col-100 elementor-top-column elementor-element elementor-element-ad91a6f\" data-id=\"ad91a6f\" data-element_type=\"column\">\n\t\t\t<div class=\"elementor-widget-wrap elementor-element-populated\">\n\t\t\t\t\t\t<div class=\"elementor-element elementor-element-025dca0 elementor-widget elementor-widget-image\" data-id=\"025dca0\" data-element_type=\"widget\" data-widget_type=\"image.default\">\n\t\t\t\t<div class=\"elementor-widget-container\">\n\t\t\t\t\t\t\t\t\t\t\t\t\t\t\t\t<a href=\"http:\/\/laaventuradeaprender.intef.es\/guias\/proyectos-colaborativos\/como-hacer-una-opera\" target=\"_blank\">\n\t\t\t\t\t\t\t<img decoding=\"async\" width=\"212\" height=\"300\" src=\"https:\/\/www.teatroreal.es\/proyectolova\/wp-content\/uploads\/2022\/10\/08_LADA_Como-hacer-una-opera-1-212x300.png\" class=\"attachment-medium size-medium wp-image-9410\" alt=\"\" srcset=\"https:\/\/www.teatroreal.es\/proyectolova\/wp-content\/uploads\/2022\/10\/08_LADA_Como-hacer-una-opera-1-212x300.png 212w, https:\/\/www.teatroreal.es\/proyectolova\/wp-content\/uploads\/2022\/10\/08_LADA_Como-hacer-una-opera-1-725x1024.png 725w, https:\/\/www.teatroreal.es\/proyectolova\/wp-content\/uploads\/2022\/10\/08_LADA_Como-hacer-una-opera-1-768x1085.png 768w, https:\/\/www.teatroreal.es\/proyectolova\/wp-content\/uploads\/2022\/10\/08_LADA_Como-hacer-una-opera-1-1087x1536.png 1087w, https:\/\/www.teatroreal.es\/proyectolova\/wp-content\/uploads\/2022\/10\/08_LADA_Como-hacer-una-opera-1.png 1241w\" sizes=\"(max-width: 212px) 100vw, 212px\" \/>\t\t\t\t\t\t\t\t<\/a>\n\t\t\t\t\t\t\t\t\t\t\t\t\t\t\t<\/div>\n\t\t\t\t<\/div>\n\t\t\t\t\t<\/div>\n\t\t<\/div>\n\t\t\t\t\t<\/div>\n\t\t<\/section>\n\t\t\t\t<\/div>\n\t\t","protected":false},"excerpt":{"rendered":"<p>Hacer L\u00d3VA es proponerle a tu clase convertirse en una compa\u00f1\u00eda y dedicar el curso escolar completo a crear, producir y estrenar su propia \u00f3pera. En las funciones la profesora o profesor se sienta entre el p\u00fablico y es la compa\u00f1\u00eda la que resuelve cualquier incidencia. L\u00d3VA es un proyecto de tutor\u00eda, no de un &#8230; <a title=\"L\u00d3VA en tu aula\" class=\"read-more\" href=\"https:\/\/www.teatroreal.es\/proyectolova\/lova-en-tu-aula\/\">Read more<\/a><\/p>\n","protected":false},"author":167,"featured_media":0,"parent":0,"menu_order":0,"comment_status":"closed","ping_status":"closed","template":"","meta":{"footnotes":""},"hashtags":[],"class_list":["post-8642","page","type-page","status-publish"],"yoast_head":"<!-- This site is optimized with the Yoast SEO plugin v26.8 - https:\/\/yoast.com\/product\/yoast-seo-wordpress\/ -->\n<title>L\u00d3VA en tu aula - L\u00d3VA<\/title>\n<meta name=\"robots\" content=\"index, follow, max-snippet:-1, max-image-preview:large, max-video-preview:-1\" \/>\n<link rel=\"canonical\" href=\"https:\/\/www.teatroreal.es\/proyectolova\/lova-en-tu-aula\/\" \/>\n<meta property=\"og:locale\" content=\"es_ES\" \/>\n<meta property=\"og:type\" content=\"article\" \/>\n<meta property=\"og:title\" content=\"L\u00d3VA en tu aula - L\u00d3VA\" \/>\n<meta property=\"og:description\" content=\"Hacer L\u00d3VA es proponerle a tu clase convertirse en una compa\u00f1\u00eda y dedicar el curso escolar completo a crear, producir y estrenar su propia \u00f3pera. En las funciones la profesora o profesor se sienta entre el p\u00fablico y es la compa\u00f1\u00eda la que resuelve cualquier incidencia. L\u00d3VA es un proyecto de tutor\u00eda, no de un ... Read more\" \/>\n<meta property=\"og:url\" content=\"https:\/\/www.teatroreal.es\/proyectolova\/lova-en-tu-aula\/\" \/>\n<meta property=\"og:site_name\" content=\"L\u00d3VA\" \/>\n<meta property=\"article:publisher\" content=\"https:\/\/www.facebook.com\/proyectolova\/\" \/>\n<meta property=\"article:modified_time\" content=\"2023-09-06T07:34:57+00:00\" \/>\n<meta property=\"og:image\" content=\"https:\/\/www.teatroreal.es\/proyectolova\/wp-content\/uploads\/2022\/03\/LOVA_APRENDANZA_143-1-1024x683.jpg\" \/>\n<meta name=\"twitter:card\" content=\"summary_large_image\" \/>\n<meta name=\"twitter:site\" content=\"@proyectolova\" \/>\n<meta name=\"twitter:label1\" content=\"Tiempo de lectura\" \/>\n\t<meta name=\"twitter:data1\" content=\"7 minutos\" \/>\n<script type=\"application\/ld+json\" class=\"yoast-schema-graph\">{\"@context\":\"https:\/\/schema.org\",\"@graph\":[{\"@type\":\"WebPage\",\"@id\":\"https:\/\/www.teatroreal.es\/proyectolova\/lova-en-tu-aula\/\",\"url\":\"https:\/\/www.teatroreal.es\/proyectolova\/lova-en-tu-aula\/\",\"name\":\"L\u00d3VA en tu aula - L\u00d3VA\",\"isPartOf\":{\"@id\":\"https:\/\/www.teatroreal.es\/proyectolova\/#website\"},\"primaryImageOfPage\":{\"@id\":\"https:\/\/www.teatroreal.es\/proyectolova\/lova-en-tu-aula\/#primaryimage\"},\"image\":{\"@id\":\"https:\/\/www.teatroreal.es\/proyectolova\/lova-en-tu-aula\/#primaryimage\"},\"thumbnailUrl\":\"https:\/\/www.teatroreal.es\/proyectolova\/wp-content\/uploads\/2022\/03\/LOVA_APRENDANZA_143-1-1024x683.jpg\",\"datePublished\":\"2022-02-22T11:28:43+00:00\",\"dateModified\":\"2023-09-06T07:34:57+00:00\",\"breadcrumb\":{\"@id\":\"https:\/\/www.teatroreal.es\/proyectolova\/lova-en-tu-aula\/#breadcrumb\"},\"inLanguage\":\"es\",\"potentialAction\":[{\"@type\":\"ReadAction\",\"target\":[\"https:\/\/www.teatroreal.es\/proyectolova\/lova-en-tu-aula\/\"]}]},{\"@type\":\"ImageObject\",\"inLanguage\":\"es\",\"@id\":\"https:\/\/www.teatroreal.es\/proyectolova\/lova-en-tu-aula\/#primaryimage\",\"url\":\"https:\/\/www.teatroreal.es\/proyectolova\/wp-content\/uploads\/2022\/03\/LOVA_APRENDANZA_143-1-scaled.jpg\",\"contentUrl\":\"https:\/\/www.teatroreal.es\/proyectolova\/wp-content\/uploads\/2022\/03\/LOVA_APRENDANZA_143-1-scaled.jpg\",\"width\":2560,\"height\":1707},{\"@type\":\"BreadcrumbList\",\"@id\":\"https:\/\/www.teatroreal.es\/proyectolova\/lova-en-tu-aula\/#breadcrumb\",\"itemListElement\":[{\"@type\":\"ListItem\",\"position\":1,\"name\":\"Portada\",\"item\":\"https:\/\/www.teatroreal.es\/proyectolova\/\"},{\"@type\":\"ListItem\",\"position\":2,\"name\":\"L\u00d3VA en tu aula\"}]},{\"@type\":\"WebSite\",\"@id\":\"https:\/\/www.teatroreal.es\/proyectolova\/#website\",\"url\":\"https:\/\/www.teatroreal.es\/proyectolova\/\",\"name\":\"L\u00d3VA\",\"description\":\"La \u00d3pera, un Veh\u00edculo de Aprendizaje\",\"publisher\":{\"@id\":\"https:\/\/www.teatroreal.es\/proyectolova\/#organization\"},\"potentialAction\":[{\"@type\":\"SearchAction\",\"target\":{\"@type\":\"EntryPoint\",\"urlTemplate\":\"https:\/\/www.teatroreal.es\/proyectolova\/?s={search_term_string}\"},\"query-input\":{\"@type\":\"PropertyValueSpecification\",\"valueRequired\":true,\"valueName\":\"search_term_string\"}}],\"inLanguage\":\"es\"},{\"@type\":\"Organization\",\"@id\":\"https:\/\/www.teatroreal.es\/proyectolova\/#organization\",\"name\":\"L\u00d3VA\",\"url\":\"https:\/\/www.teatroreal.es\/proyectolova\/\",\"logo\":{\"@type\":\"ImageObject\",\"inLanguage\":\"es\",\"@id\":\"https:\/\/www.teatroreal.es\/proyectolova\/#\/schema\/logo\/image\/\",\"url\":\"https:\/\/www.teatroreal.es\/proyectolova\/wp-content\/uploads\/2018\/01\/logo-L\u00d3VA-Marin\u00e9.jpg\",\"contentUrl\":\"https:\/\/www.teatroreal.es\/proyectolova\/wp-content\/uploads\/2018\/01\/logo-L\u00d3VA-Marin\u00e9.jpg\",\"width\":1890,\"height\":2848,\"caption\":\"L\u00d3VA\"},\"image\":{\"@id\":\"https:\/\/www.teatroreal.es\/proyectolova\/#\/schema\/logo\/image\/\"},\"sameAs\":[\"https:\/\/www.facebook.com\/proyectolova\/\",\"https:\/\/x.com\/proyectolova\",\"https:\/\/www.instagram.com\/proyectolova\/\",\"https:\/\/www.linkedin.com\/company\/proyectolova\/\",\"https:\/\/www.youtube.com\/user\/mecenartis\"]}]}<\/script>\n<!-- \/ Yoast SEO plugin. -->","yoast_head_json":{"title":"L\u00d3VA en tu aula - L\u00d3VA","robots":{"index":"index","follow":"follow","max-snippet":"max-snippet:-1","max-image-preview":"max-image-preview:large","max-video-preview":"max-video-preview:-1"},"canonical":"https:\/\/www.teatroreal.es\/proyectolova\/lova-en-tu-aula\/","og_locale":"es_ES","og_type":"article","og_title":"L\u00d3VA en tu aula - L\u00d3VA","og_description":"Hacer L\u00d3VA es proponerle a tu clase convertirse en una compa\u00f1\u00eda y dedicar el curso escolar completo a crear, producir y estrenar su propia \u00f3pera. En las funciones la profesora o profesor se sienta entre el p\u00fablico y es la compa\u00f1\u00eda la que resuelve cualquier incidencia. L\u00d3VA es un proyecto de tutor\u00eda, no de un ... Read more","og_url":"https:\/\/www.teatroreal.es\/proyectolova\/lova-en-tu-aula\/","og_site_name":"L\u00d3VA","article_publisher":"https:\/\/www.facebook.com\/proyectolova\/","article_modified_time":"2023-09-06T07:34:57+00:00","og_image":[{"url":"https:\/\/www.teatroreal.es\/proyectolova\/wp-content\/uploads\/2022\/03\/LOVA_APRENDANZA_143-1-1024x683.jpg","type":"","width":"","height":""}],"twitter_card":"summary_large_image","twitter_site":"@proyectolova","twitter_misc":{"Tiempo de lectura":"7 minutos"},"schema":{"@context":"https:\/\/schema.org","@graph":[{"@type":"WebPage","@id":"https:\/\/www.teatroreal.es\/proyectolova\/lova-en-tu-aula\/","url":"https:\/\/www.teatroreal.es\/proyectolova\/lova-en-tu-aula\/","name":"L\u00d3VA en tu aula - L\u00d3VA","isPartOf":{"@id":"https:\/\/www.teatroreal.es\/proyectolova\/#website"},"primaryImageOfPage":{"@id":"https:\/\/www.teatroreal.es\/proyectolova\/lova-en-tu-aula\/#primaryimage"},"image":{"@id":"https:\/\/www.teatroreal.es\/proyectolova\/lova-en-tu-aula\/#primaryimage"},"thumbnailUrl":"https:\/\/www.teatroreal.es\/proyectolova\/wp-content\/uploads\/2022\/03\/LOVA_APRENDANZA_143-1-1024x683.jpg","datePublished":"2022-02-22T11:28:43+00:00","dateModified":"2023-09-06T07:34:57+00:00","breadcrumb":{"@id":"https:\/\/www.teatroreal.es\/proyectolova\/lova-en-tu-aula\/#breadcrumb"},"inLanguage":"es","potentialAction":[{"@type":"ReadAction","target":["https:\/\/www.teatroreal.es\/proyectolova\/lova-en-tu-aula\/"]}]},{"@type":"ImageObject","inLanguage":"es","@id":"https:\/\/www.teatroreal.es\/proyectolova\/lova-en-tu-aula\/#primaryimage","url":"https:\/\/www.teatroreal.es\/proyectolova\/wp-content\/uploads\/2022\/03\/LOVA_APRENDANZA_143-1-scaled.jpg","contentUrl":"https:\/\/www.teatroreal.es\/proyectolova\/wp-content\/uploads\/2022\/03\/LOVA_APRENDANZA_143-1-scaled.jpg","width":2560,"height":1707},{"@type":"BreadcrumbList","@id":"https:\/\/www.teatroreal.es\/proyectolova\/lova-en-tu-aula\/#breadcrumb","itemListElement":[{"@type":"ListItem","position":1,"name":"Portada","item":"https:\/\/www.teatroreal.es\/proyectolova\/"},{"@type":"ListItem","position":2,"name":"L\u00d3VA en tu aula"}]},{"@type":"WebSite","@id":"https:\/\/www.teatroreal.es\/proyectolova\/#website","url":"https:\/\/www.teatroreal.es\/proyectolova\/","name":"L\u00d3VA","description":"La \u00d3pera, un Veh\u00edculo de Aprendizaje","publisher":{"@id":"https:\/\/www.teatroreal.es\/proyectolova\/#organization"},"potentialAction":[{"@type":"SearchAction","target":{"@type":"EntryPoint","urlTemplate":"https:\/\/www.teatroreal.es\/proyectolova\/?s={search_term_string}"},"query-input":{"@type":"PropertyValueSpecification","valueRequired":true,"valueName":"search_term_string"}}],"inLanguage":"es"},{"@type":"Organization","@id":"https:\/\/www.teatroreal.es\/proyectolova\/#organization","name":"L\u00d3VA","url":"https:\/\/www.teatroreal.es\/proyectolova\/","logo":{"@type":"ImageObject","inLanguage":"es","@id":"https:\/\/www.teatroreal.es\/proyectolova\/#\/schema\/logo\/image\/","url":"https:\/\/www.teatroreal.es\/proyectolova\/wp-content\/uploads\/2018\/01\/logo-L\u00d3VA-Marin\u00e9.jpg","contentUrl":"https:\/\/www.teatroreal.es\/proyectolova\/wp-content\/uploads\/2018\/01\/logo-L\u00d3VA-Marin\u00e9.jpg","width":1890,"height":2848,"caption":"L\u00d3VA"},"image":{"@id":"https:\/\/www.teatroreal.es\/proyectolova\/#\/schema\/logo\/image\/"},"sameAs":["https:\/\/www.facebook.com\/proyectolova\/","https:\/\/x.com\/proyectolova","https:\/\/www.instagram.com\/proyectolova\/","https:\/\/www.linkedin.com\/company\/proyectolova\/","https:\/\/www.youtube.com\/user\/mecenartis"]}]}},"_links":{"self":[{"href":"https:\/\/www.teatroreal.es\/proyectolova\/wp-json\/wp\/v2\/pages\/8642","targetHints":{"allow":["GET"]}}],"collection":[{"href":"https:\/\/www.teatroreal.es\/proyectolova\/wp-json\/wp\/v2\/pages"}],"about":[{"href":"https:\/\/www.teatroreal.es\/proyectolova\/wp-json\/wp\/v2\/types\/page"}],"author":[{"embeddable":true,"href":"https:\/\/www.teatroreal.es\/proyectolova\/wp-json\/wp\/v2\/users\/167"}],"replies":[{"embeddable":true,"href":"https:\/\/www.teatroreal.es\/proyectolova\/wp-json\/wp\/v2\/comments?post=8642"}],"version-history":[{"count":39,"href":"https:\/\/www.teatroreal.es\/proyectolova\/wp-json\/wp\/v2\/pages\/8642\/revisions"}],"predecessor-version":[{"id":9751,"href":"https:\/\/www.teatroreal.es\/proyectolova\/wp-json\/wp\/v2\/pages\/8642\/revisions\/9751"}],"wp:attachment":[{"href":"https:\/\/www.teatroreal.es\/proyectolova\/wp-json\/wp\/v2\/media?parent=8642"}],"wp:term":[{"taxonomy":"hashtags","embeddable":true,"href":"https:\/\/www.teatroreal.es\/proyectolova\/wp-json\/wp\/v2\/hashtags?post=8642"}],"curies":[{"name":"wp","href":"https:\/\/api.w.org\/{rel}","templated":true}]}}